{"id":2253,"date":"2024-01-09T14:44:30","date_gmt":"2024-01-09T14:44:30","guid":{"rendered":"https:\/\/dev.vdtarn.fr\/informacion-juridica\/"},"modified":"2024-03-05T15:58:06","modified_gmt":"2024-03-05T15:58:06","slug":"informacion-juridica","status":"publish","type":"page","link":"https:\/\/vdtarn.fr\/es\/informacion-juridica\/","title":{"rendered":"Informaci\u00f3n jur\u00eddica"},"content":{"rendered":"\n<div class=\"wp-block-group is-vertical is-layout-flex wp-container-core-group-is-layout-5ec664e8 wp-block-group-is-layout-flex\" style=\"padding-bottom:var(--wp--preset--spacing--50)\" data-block-type=\"core\">\n<h2 class=\"wp-block-heading\">\u00bfQui\u00e9nes somos?<\/h2>\n<\/div>\n\n\n\n<div class=\"wp-block-columns is-layout-flex wp-container-core-columns-is-layout-28f84493 wp-block-columns-is-layout-flex\" data-block-type=\"core\">\n<div class=\"wp-block-column is-layout-flow wp-block-column-is-layout-flow\" data-block-type=\"core\">\n<p data-block-type=\"core\"><strong>Editorial<\/strong><br>SAS DOMAINE DE LA VALLEE DU TARN<\/p>\n\n\n\n<p data-block-type=\"core\">819 679 952 R.C.S. ALBI<br>Domicilio social: HAMEAU DES VIGNES &#8211; ROXIS, 81340 SAINT-CIRGUE<br>Tel\u00e9fono : 05 63 45 56 82<br>Correo electr\u00f3nico: contact@vdtarn.fr<br><br><strong>Director editorial<\/strong><br>Sra. Sicard<\/p>\n<\/div>\n\n\n\n<div class=\"wp-block-column is-layout-flow wp-block-column-is-layout-flow\" data-block-type=\"core\">\n<p data-block-type=\"core\"><strong>Producci\u00f3n t\u00e9cnica y gr\u00e1fica :<\/strong><br>SEV \/ Ouest-Communication.com<br>123 Bd Louis Blanc, Pabell\u00f3n 2  <br>85000 La Roche sur Yon<br>Tel. : 02 51 20 30 40<br>Correo electr\u00f3nico: <a href=\"mailto:info@ouest-communication.com\" target=\"_blank\" rel=\"noreferrer noopener\">info@ouest-communication.com<\/a><br>P\u00e1gina web: <a href=\"https:\/\/www.ouest-communication.com\/\" target=\"_blank\" rel=\"noreferrer noopener\">https:\/\/www.ouest-communication.com\/<\/a><\/p>\n\n\n\n<p data-block-type=\"core\"><strong>Alojamiento web :<\/strong><br>OVH<br>2 rue Kellermann<br>59100 Roubaix<br><\/p>\n<\/div>\n<\/div>\n\n\n\n<p data-block-type=\"core\"><br><strong>Utilizaci\u00f3n de los datos personales recogidos<br><\/strong>Sus datos personales s\u00f3lo se utilizar\u00e1n en el marco de la relaci\u00f3n comercial entre usted y el editor \u00abSAS DOMAINE DE LA VALLEE DU TARN\u00bb. Salvo consentimiento expl\u00edcito por su parte, sus datos no se comunicar\u00e1n a terceros.<\/p>\n\n\n\n<p data-block-type=\"core\">Formularios de contacto<br>La informaci\u00f3n recogida mediante los formularios se registra en un fichero informatizado a efectos de una solicitud de informaci\u00f3n y de la relaci\u00f3n comercial que pueda derivarse. Puede ejercer su derecho de acceso a sus datos personales utilizando el formulario previsto a tal efecto.<\/p>\n\n\n\n<p data-block-type=\"core\">Cookies<br>Si deja un comentario en nuestro sitio, se le pedir\u00e1 que guarde su nombre, direcci\u00f3n de correo electr\u00f3nico y sitio web en cookies. Esto es s\u00f3lo para su comodidad, para que no tenga que introducir esta informaci\u00f3n si publica otro comentario m\u00e1s tarde. Estas cookies caducan al cabo de un a\u00f1o.<\/p>\n\n\n\n<p data-block-type=\"core\">Si tiene una cuenta y entra en este sitio, se crear\u00e1 una cookie temporal para determinar si su navegador acepta cookies. No contiene ning\u00fan dato personal y se borrar\u00e1 autom\u00e1ticamente cuando cierre el navegador.<\/p>\n\n\n\n<p data-block-type=\"core\">Con fines estad\u00edsticos, este sitio utiliza cookies para recopilar informaci\u00f3n sobre las p\u00e1ginas que ha visitado. En particular, almacenan informaci\u00f3n an\u00f3nima sobre su posici\u00f3n geogr\u00e1fica, su navegador, etc.<\/p>\n\n\n\n<p data-block-type=\"core\">Medios de comunicaci\u00f3n<br>Si es usted un usuario registrado y sube im\u00e1genes al sitio web, le aconsejamos que evite subir im\u00e1genes que contengan datos EXIF de coordenadas GPS. Los visitantes de su sitio web pueden descargar y extraer datos de localizaci\u00f3n de estas im\u00e1genes.<\/p>\n\n\n\n<p data-block-type=\"core\">Contenido incrustado de otros sitios<br>Los art\u00edculos de este sitio pueden incluir contenido incrustado (por ejemplo, v\u00eddeos, im\u00e1genes, art\u00edculos, etc.). El contenido integrado desde otros sitios se comporta de la misma manera que si el visitante estuviera visitando ese otro sitio.<\/p>\n\n\n\n<p data-block-type=\"core\">Estos sitios web pueden recopilar datos sobre usted, utilizar cookies, incrustar herramientas de seguimiento de terceros y rastrear sus interacciones con este contenido incrustado si tiene una cuenta iniciada en su sitio web.<\/p>\n\n\n\n<p data-block-type=\"core\"><strong>Cu\u00e1nto tiempo se almacenan sus datos<br><\/strong>Si deja un comentario, el comentario y sus metadatos se almacenan indefinidamente. Esto permite que los comentarios posteriores se reconozcan y aprueben autom\u00e1ticamente en lugar de quedarse en la cola de moderaci\u00f3n.<\/p>\n\n\n\n<p data-block-type=\"core\">En el caso de los usuarios que se registran en nuestro sitio (cuando es posible), tambi\u00e9n almacenamos los datos personales indicados en su perfil. Todos los usuarios pueden ver, modificar o borrar su informaci\u00f3n personal en cualquier momento (a excepci\u00f3n de su nombre de usuario). Los administradores de los centros tambi\u00e9n pueden ver y modificar esta informaci\u00f3n.<\/p>\n\n\n\n<p data-block-type=\"core\"><strong>Sus derechos en relaci\u00f3n con sus datos<br><\/strong>Si tiene una cuenta o ha dejado comentarios en el sitio, puede solicitar que le enviemos un archivo con todos los datos personales que tenemos sobre usted, incluidos los que nos ha facilitado. Tambi\u00e9n puede solicitar la supresi\u00f3n de sus datos personales. Esto no incluye los datos almacenados con fines administrativos, legales o de seguridad.<\/p>\n\n\n\n<p data-block-type=\"core\">La informaci\u00f3n personal que recopilamos tiene por objeto responder mejor a sus reservas y tramitarlas. Tiene derecho a acceder a su informaci\u00f3n personal, modificarla y eliminarla en cualquier momento mediante una simple solicitud.<\/p>\n\n\n\n<p data-block-type=\"core\"><strong>Recurso a la mediaci\u00f3n<br><\/strong>De conformidad con el art\u00edculo L. 152-1 del C\u00f3digo de Consumo franc\u00e9s, puede recurrir gratuitamente al servicio de mediaci\u00f3n CM2C al que pertenecemos por v\u00eda electr\u00f3nica: https:\/\/www.cm2c.net\/<br>o por correo: CM2C &#8211; 14 rue Saint Jean &#8211; 75017 PAR\u00cdS<\/p>\n\n\n\n<p data-block-type=\"core\"><strong>Fotos  <\/strong><br>ChristianRIVIERE<br>VIJOROVIC Daniel<br>\u00a9CASSIAU Gregory<br>GALAUP Laurent  <br>BOUTH\u00c9 Christophe<br>VIET Dominique<br>Olivier Octobre<br>\u00a9Fr\u00e9d\u00e9rique Hughes<br>Esta fototeca est\u00e1 sujeta a derechos de autor, ind\u00edquelo. Uso prohibido para cualquier compra de espacio.<br><\/p>\n","protected":false},"excerpt":{"rendered":"<p>\u00bfQui\u00e9nes somos? EditorialSAS DOMAINE DE LA VALLEE DU TARN 819 679 952 R.C.S. ALBIDomicilio social: HAMEAU DES VIGNES &#8211; ROXIS, 81340 SAINT-CIRGUETel\u00e9fono : 05 63 45 56 82Correo electr\u00f3nico: contact@vdtarn.fr Director editorialSra. Sicard Producci\u00f3n t\u00e9cnica y gr\u00e1fica :SEV \/ Ouest-Communication.com123 Bd Louis Blanc, Pabell\u00f3n 2 85000 La Roche sur YonTel. : 02 51 20 30 [&hellip;]<\/p>\n","protected":false},"author":1,"featured_media":1989,"parent":0,"menu_order":0,"comment_status":"closed","ping_status":"closed","template":"","meta":{"_acf_changed":false,"_seopress_robots_primary_cat":"","_seopress_titles_title":"entions l\u00e9gales | Camping le Domaine de la Vall\u00e9e du Tarn","_seopress_titles_desc":"\u00bfQui\u00e9nes somos? Descubra todo sobre el Domaine de la Vall\u00e9e du Tarn.  ","_seopress_robots_index":"","_vp_format_video_url":"","_vp_image_focal_point":[],"footnotes":""},"class_list":["post-2253","page","type-page","status-publish","has-post-thumbnail","hentry"],"acf":[],"_links":{"self":[{"href":"https:\/\/vdtarn.fr\/es\/wp-json\/wp\/v2\/pages\/2253","targetHints":{"allow":["GET"]}}],"collection":[{"href":"https:\/\/vdtarn.fr\/es\/wp-json\/wp\/v2\/pages"}],"about":[{"href":"https:\/\/vdtarn.fr\/es\/wp-json\/wp\/v2\/types\/page"}],"author":[{"embeddable":true,"href":"https:\/\/vdtarn.fr\/es\/wp-json\/wp\/v2\/users\/1"}],"replies":[{"embeddable":true,"href":"https:\/\/vdtarn.fr\/es\/wp-json\/wp\/v2\/comments?post=2253"}],"version-history":[{"count":2,"href":"https:\/\/vdtarn.fr\/es\/wp-json\/wp\/v2\/pages\/2253\/revisions"}],"predecessor-version":[{"id":2397,"href":"https:\/\/vdtarn.fr\/es\/wp-json\/wp\/v2\/pages\/2253\/revisions\/2397"}],"wp:featuredmedia":[{"embeddable":true,"href":"https:\/\/vdtarn.fr\/es\/wp-json\/wp\/v2\/media\/1989"}],"wp:attachment":[{"href":"https:\/\/vdtarn.fr\/es\/wp-json\/wp\/v2\/media?parent=2253"}],"curies":[{"name":"wp","href":"https:\/\/api.w.org\/{rel}","templated":true}]}}