{"id":2112,"date":"2024-01-10T11:03:10","date_gmt":"2024-01-10T11:03:10","guid":{"rendered":"https:\/\/dev.vdtarn.fr\/albi\/"},"modified":"2024-03-05T15:55:26","modified_gmt":"2024-03-05T15:55:26","slug":"albi","status":"publish","type":"page","link":"https:\/\/vdtarn.fr\/es\/ciudades-y-pueblos\/albi\/","title":{"rendered":"Albi"},"content":{"rendered":"\n<div class=\"wp-block-columns alignwide is-layout-flex wp-container-core-columns-is-layout-c617dbaa wp-block-columns-is-layout-flex\" style=\"padding-top:var(--wp--preset--spacing--40);padding-bottom:var(--wp--preset--spacing--40)\" data-block-type=\"core\">\n<div class=\"wp-block-column is-layout-flow wp-block-column-is-layout-flow\" style=\"flex-basis:33.38%\" data-block-type=\"core\">\n<div class=\"wp-block-stackable-heading stk-block-heading stk-block-heading--v2 stk-block stk-737ac98\" id=\"cite-episcopale\" data-block-id=\"737ac98\"><style>.stk-737ac98{margin-bottom:0px !important}.stk-737ac98 .stk-block-heading__text{color:#535446 !important}<\/style><h2 class=\"stk-block-heading__text has-text-color\">Ciudad episcopal<\/h2><\/div>\n\n\n\n<p class=\"has-small-font-size\" data-block-type=\"core\">La Ciudad Episcopal, construida en ladrillo rojo, es \u00fanica por su colorido y armon\u00eda.<\/p>\n\n\n\n<p class=\"has-small-font-size\" data-block-type=\"core\">De origen medieval, la ciudad dominada por su catedral evoca un poder espiritual.<\/p>\n\n\n\n<div class=\"wp-block-stackable-heading stk-block-heading stk-block-heading--v2 stk-block stk-dcf3a29\" id=\"sainte-cecile-d-albi\" data-block-id=\"dcf3a29\"><style>.stk-dcf3a29{margin-top:24px !important;margin-bottom:0px !important}.stk-dcf3a29 .stk-block-heading__text{color:#535446 !important}<\/style><h2 class=\"stk-block-heading__text has-text-color\">Santa Cecilia de Albi<\/h2><\/div>\n\n\n\n<p class=\"has-small-font-size\" data-block-type=\"core\">La catedral es \u00fanica por su construcci\u00f3n en ladrillo rojo, y su campanario de 78 metros sorprende por su grandeza y potencia.<\/p>\n\n\n\n<p class=\"has-small-font-size\" data-block-type=\"core\">Monumento emblem\u00e1tico de la ciudad de Albi, construido en 1282.<\/p>\n\n\n\n<p class=\"has-small-font-size\" data-block-type=\"core\">Le sorprender\u00e1 por su riqueza interior.<\/p>\n<\/div>\n\n\n\n<div class=\"wp-block-column is-layout-flow wp-block-column-is-layout-flow\" style=\"flex-basis:33%\" data-block-type=\"core\">\n<div style=\"height:2vw\" aria-hidden=\"true\" class=\"wp-block-spacer\" data-block-type=\"core\"><\/div>\n\n\n\n<div class=\"wp-block-stackable-image stk-block-image has-text-align-left stk-block stk-b55591f\" data-block-id=\"b55591f\"><style>.stk-b55591f{border-top-left-radius:0px !important;border-top-right-radius:0px !important;border-bottom-right-radius:0px !important;border-bottom-left-radius:0px !important;overflow:hidden !important;box-shadow:15px 25px 58px 0px rgba(0,0,0,0.5) !important}.stk-b55591f .stk-img-wrapper{width:100% !important;height:500px !important}.stk-b55591f .stk-img-wrapper img{border-radius:0px !important}<\/style><figure><span class=\"stk-img-wrapper stk-image--shape-stretch\"><img loading=\"lazy\" decoding=\"async\" class=\"stk-img wp-image-376\" src=\"https:\/\/vdtarn.fr\/wp-content\/uploads\/2024\/01\/Albi_-_vue_sur_la_cathedrale_Ste_Cecile-CASSIAU_Gregory-267.jpg\" width=\"800\" height=\"1200\" alt=\"Descubrir Albi cerca del camping\" srcset=\"https:\/\/vdtarn.fr\/wp-content\/uploads\/2024\/01\/Albi_-_vue_sur_la_cathedrale_Ste_Cecile-CASSIAU_Gregory-267.jpg 800w, https:\/\/vdtarn.fr\/wp-content\/uploads\/2024\/01\/Albi_-_vue_sur_la_cathedrale_Ste_Cecile-CASSIAU_Gregory-267-200x300.jpg 200w, https:\/\/vdtarn.fr\/wp-content\/uploads\/2024\/01\/Albi_-_vue_sur_la_cathedrale_Ste_Cecile-CASSIAU_Gregory-267-683x1024.jpg 683w, https:\/\/vdtarn.fr\/wp-content\/uploads\/2024\/01\/Albi_-_vue_sur_la_cathedrale_Ste_Cecile-CASSIAU_Gregory-267-768x1152.jpg 768w\" sizes=\"auto, (max-width: 800px) 100vw, 800px\" \/><\/span><\/figure><\/div>\n<\/div>\n\n\n\n<div class=\"wp-block-column is-layout-flow wp-block-column-is-layout-flow\" style=\"flex-basis:33.62%\" data-block-type=\"core\">\n<div class=\"wp-block-stackable-image stk-block-image stk-block stk-b7a6d0b\" data-block-id=\"b7a6d0b\"><style>.stk-b7a6d0b{box-shadow:15px 25px 58px 0px rgba(0,0,0,0.5) !important}.stk-b7a6d0b .stk-img-wrapper{width:100% !important;height:480px !important}<\/style><figure><span class=\"stk-img-wrapper stk-image--shape-stretch\"><img loading=\"lazy\" decoding=\"async\" class=\"stk-img wp-image-339\" src=\"https:\/\/vdtarn.fr\/wp-content\/uploads\/2024\/01\/Albi-musee-toulouse-lautrec-1024x678-1.jpg\" width=\"1024\" height=\"678\" alt=\"Descubrir Albi cerca del camping\" srcset=\"https:\/\/vdtarn.fr\/wp-content\/uploads\/2024\/01\/Albi-musee-toulouse-lautrec-1024x678-1.jpg 1024w, https:\/\/vdtarn.fr\/wp-content\/uploads\/2024\/01\/Albi-musee-toulouse-lautrec-1024x678-1-300x199.jpg 300w, https:\/\/vdtarn.fr\/wp-content\/uploads\/2024\/01\/Albi-musee-toulouse-lautrec-1024x678-1-768x509.jpg 768w\" sizes=\"auto, (max-width: 1024px) 100vw, 1024px\" \/><\/span><\/figure><\/div>\n<\/div>\n<\/div>\n\n\n\n<div class=\"wp-block-stackable-image aligncenter stk-block-image has-text-align-center stk-block stk-3212770\" data-block-id=\"3212770\"><style>.stk-3212770{align-items:center !important;max-width:150px !important;margin-top:30px !important;margin-right:auto !important;margin-bottom:30px !important;margin-left:auto !important;display:flex !important}<\/style><figure><span class=\"stk-img-wrapper stk-image--shape-stretch\"><img loading=\"lazy\" decoding=\"async\" class=\"stk-img wp-image-311\" src=\"https:\/\/vdtarn.fr\/wp-content\/uploads\/2024\/01\/lavender.png\" width=\"200\" height=\"83\"\/><\/span><\/figure><\/div>\n\n\n<div class=\"wp-block-visual-portfolio alignfull\">\n<div class=\"vp-portfolio vp-uid-f0fa092d vp-id-VHsiR\"\n\tdata-vp-layout=\"masonry\" data-vp-content-source=\"images\" data-vp-items-style=\"default\" data-vp-items-click-action=\"popup_gallery\" data-vp-items-gap=\"5\" data-vp-items-gap-vertical=\"5\" data-vp-pagination=\"load-more\" data-vp-next-page-url=\"\" data-vp-random-seed=\"115656445\" data-vp-masonry-columns=\"3\" >\n\t<div class=\"vp-portfolio__preloader-wrap\">\n\t\t<div class=\"vp-portfolio__preloader\">\n\t\t\t<img decoding=\"async\" loading=\"eager\" src=\"https:\/\/vdtarn.fr\/wp-content\/plugins\/visual-portfolio\/assets\/images\/logo-dark.svg\" alt=\"Visual Portfolio, Posts &amp; Image Gallery para WordPress\" width=\"20\" height=\"20\" data-skip-lazy>\n\t\t<\/div>\n\t<\/div>\n\t\t<div class=\"vp-portfolio__items-wrap\">\n\t\t\t\n<div class=\"vp-portfolio__items vp-portfolio__items-style-default vp-portfolio__items-show-overlay-hover\">\n\n\t\t<div\t\tclass=\"vp-portfolio__item-wrap vp-portfolio__item-uid-531230f5\" data-vp-filter=\"\" \t\t>\n\t\t\t<template class=\"vp-portfolio__item-popup\" style=\"display: none\" data-vp-popup-img=\"https:\/\/vdtarn.fr\/wp-content\/uploads\/2024\/01\/Albi-musee-toulouse-lautrec-1024x678-3.jpg\" data-vp-popup-img-srcset=\"https:\/\/vdtarn.fr\/wp-content\/uploads\/2024\/01\/Albi-musee-toulouse-lautrec-1024x678-3.jpg 1200w, https:\/\/vdtarn.fr\/wp-content\/uploads\/2024\/01\/Albi-musee-toulouse-lautrec-1024x678-3-300x199.jpg 300w, https:\/\/vdtarn.fr\/wp-content\/uploads\/2024\/01\/Albi-musee-toulouse-lautrec-1024x678-3-1024x678.jpg 1024w, https:\/\/vdtarn.fr\/wp-content\/uploads\/2024\/01\/Albi-musee-toulouse-lautrec-1024x678-3-768x509.jpg 768w, https:\/\/vdtarn.fr\/wp-content\/uploads\/2024\/01\/Albi-musee-toulouse-lautrec-1024x678-3-500x331.jpg 500w, https:\/\/vdtarn.fr\/wp-content\/uploads\/2024\/01\/Albi-musee-toulouse-lautrec-1024x678-3-800x530.jpg 800w\" data-vp-popup-img-size=\"1200x795\" data-vp-popup-md-img=\"https:\/\/vdtarn.fr\/wp-content\/uploads\/2024\/01\/Albi-musee-toulouse-lautrec-1024x678-3-800x530.jpg\" data-vp-popup-md-img-size=\"800x530\" data-vp-popup-sm-img=\"https:\/\/vdtarn.fr\/wp-content\/uploads\/2024\/01\/Albi-musee-toulouse-lautrec-1024x678-3-500x331.jpg\" data-vp-popup-sm-img-size=\"500x331\">\n\t<\/template>\n\t\t\t\t\t\t<figure class=\"vp-portfolio__item\">\n\t\t\t\t\n<div class=\"vp-portfolio__item-img-wrap\">\n\t<div class=\"vp-portfolio__item-img\">\n\t\t\t<a\n\t\thref=\"https:\/\/vdtarn.fr\/wp-content\/uploads\/2024\/01\/Albi-musee-toulouse-lautrec-1024x678-3.jpg\"\n\t\taria-label=\"Albi-musee-toulouse-lautrec-1024x678\" \t>\n\t\n\t\t<noscript><img loading=\"lazy\" decoding=\"async\" width=\"1200\" height=\"795\" data-skip-lazy src=\"https:\/\/vdtarn.fr\/wp-content\/uploads\/2024\/01\/Albi-musee-toulouse-lautrec-1024x678-3.jpg\" class=\"wp-image-414\" alt=\"mus\u00e9e Albi\" srcset=\"https:\/\/vdtarn.fr\/wp-content\/uploads\/2024\/01\/Albi-musee-toulouse-lautrec-1024x678-3.jpg 1200w, https:\/\/vdtarn.fr\/wp-content\/uploads\/2024\/01\/Albi-musee-toulouse-lautrec-1024x678-3-300x199.jpg 300w, https:\/\/vdtarn.fr\/wp-content\/uploads\/2024\/01\/Albi-musee-toulouse-lautrec-1024x678-3-1024x678.jpg 1024w, https:\/\/vdtarn.fr\/wp-content\/uploads\/2024\/01\/Albi-musee-toulouse-lautrec-1024x678-3-768x509.jpg 768w, https:\/\/vdtarn.fr\/wp-content\/uploads\/2024\/01\/Albi-musee-toulouse-lautrec-1024x678-3-500x331.jpg 500w, https:\/\/vdtarn.fr\/wp-content\/uploads\/2024\/01\/Albi-musee-toulouse-lautrec-1024x678-3-800x530.jpg 800w\" sizes=\"auto, (max-width: 1200px) 100vw, 1200px\" \/><\/noscript><img fetchpriority=\"high\" decoding=\"async\" width=\"1200\" height=\"795\" src=\"https:\/\/vdtarn.fr\/wp-content\/uploads\/2024\/01\/Albi-musee-toulouse-lautrec-1024x678-3.jpg\" class=\"wp-image-414 vp-lazyload\" alt=\"mus\u00e9e Albi\" srcset=\"data:image\/svg+xml;base64,PHN2ZyB3aWR0aD0iMTIwMCIgaGVpZ2h0PSI3OTUiIHZpZXdCb3g9IjAgMCAxMjAwIDc5NSIgZmlsbD0ibm9uZSIgeG1sbnM9Imh0dHA6Ly93d3cudzMub3JnLzIwMDAvc3ZnIj48L3N2Zz4=\" data-src=\"https:\/\/vdtarn.fr\/wp-content\/uploads\/2024\/01\/Albi-musee-toulouse-lautrec-1024x678-3.jpg\" data-srcset=\"https:\/\/vdtarn.fr\/wp-content\/uploads\/2024\/01\/Albi-musee-toulouse-lautrec-1024x678-3.jpg 1200w, https:\/\/vdtarn.fr\/wp-content\/uploads\/2024\/01\/Albi-musee-toulouse-lautrec-1024x678-3-300x199.jpg 300w, https:\/\/vdtarn.fr\/wp-content\/uploads\/2024\/01\/Albi-musee-toulouse-lautrec-1024x678-3-1024x678.jpg 1024w, https:\/\/vdtarn.fr\/wp-content\/uploads\/2024\/01\/Albi-musee-toulouse-lautrec-1024x678-3-768x509.jpg 768w, https:\/\/vdtarn.fr\/wp-content\/uploads\/2024\/01\/Albi-musee-toulouse-lautrec-1024x678-3-500x331.jpg 500w, https:\/\/vdtarn.fr\/wp-content\/uploads\/2024\/01\/Albi-musee-toulouse-lautrec-1024x678-3-800x530.jpg 800w\" data-sizes=\"auto\" loading=\"eager\">\n\t\t<div class=\"vp-portfolio__item-overlay\">\n\t\t\t\n<div class=\"vp-portfolio__item-meta-icon\">\n\t\n<svg class=\"vp-svg-icon\" width=\"20\" height=\"20\" viewBox=\"0 0 20 20\" fill=\"none\" xmlns=\"http:\/\/www.w3.org\/2000\/svg\">\n\t<path d=\"M9 17C13.4183 17 17 13.4183 17 9C17 4.58172 13.4183 1 9 1C4.58172 1 1 4.58172 1 9C1 13.4183 4.58172 17 9 17Z\" stroke=\"currentColor\" stroke-width=\"1.5\" stroke-linecap=\"round\" stroke-linejoin=\"round\" fill=\"transparent\" \/>\n\t<path d=\"M19 19L14.65 14.65\" stroke=\"currentColor\" stroke-width=\"1.5\" stroke-linecap=\"round\" stroke-linejoin=\"round\" fill=\"transparent\" \/>\n<\/svg>\n<\/div>\n\t\t<\/div>\n\n\t\t<\/a>\t<\/div>\n<\/div>\n\n\t\t\t<\/figure>\n\t\t\t\t\t<\/div>\n\t\t\n\t\t<div\t\tclass=\"vp-portfolio__item-wrap vp-portfolio__item-uid-e19eaf5b\" data-vp-filter=\"\" \t\t>\n\t\t\t<template class=\"vp-portfolio__item-popup\" style=\"display: none\" data-vp-popup-img=\"https:\/\/vdtarn.fr\/wp-content\/uploads\/2024\/01\/Albi_-_balade_au_bord_du_Tarn-CASSIAU_Gregory-285.jpg\" data-vp-popup-img-srcset=\"https:\/\/vdtarn.fr\/wp-content\/uploads\/2024\/01\/Albi_-_balade_au_bord_du_Tarn-CASSIAU_Gregory-285.jpg 1200w, https:\/\/vdtarn.fr\/wp-content\/uploads\/2024\/01\/Albi_-_balade_au_bord_du_Tarn-CASSIAU_Gregory-285-300x200.jpg 300w, https:\/\/vdtarn.fr\/wp-content\/uploads\/2024\/01\/Albi_-_balade_au_bord_du_Tarn-CASSIAU_Gregory-285-1024x683.jpg 1024w, https:\/\/vdtarn.fr\/wp-content\/uploads\/2024\/01\/Albi_-_balade_au_bord_du_Tarn-CASSIAU_Gregory-285-768x512.jpg 768w\" data-vp-popup-img-size=\"1200x800\" data-vp-popup-md-img=\"https:\/\/vdtarn.fr\/wp-content\/uploads\/2024\/01\/Albi_-_balade_au_bord_du_Tarn-CASSIAU_Gregory-285.jpg\" data-vp-popup-md-img-size=\"800x533\" data-vp-popup-sm-img=\"https:\/\/vdtarn.fr\/wp-content\/uploads\/2024\/01\/Albi_-_balade_au_bord_du_Tarn-CASSIAU_Gregory-285.jpg\" data-vp-popup-sm-img-size=\"500x333\">\n\t<\/template>\n\t\t\t\t\t\t<figure class=\"vp-portfolio__item\">\n\t\t\t\t\n<div class=\"vp-portfolio__item-img-wrap\">\n\t<div class=\"vp-portfolio__item-img\">\n\t\t\t<a\n\t\thref=\"https:\/\/vdtarn.fr\/wp-content\/uploads\/2024\/01\/Albi_-_balade_au_bord_du_Tarn-CASSIAU_Gregory-285.jpg\"\n\t\taria-label=\"Albi_-_balade_au_bord_du_Tarn-CASSIAU_Gregory-285\" \t>\n\t\n\t\t<noscript><img loading=\"lazy\" decoding=\"async\" width=\"1200\" height=\"800\" data-skip-lazy src=\"https:\/\/vdtarn.fr\/wp-content\/uploads\/2024\/01\/Albi_-_balade_au_bord_du_Tarn-CASSIAU_Gregory-285.jpg\" class=\"wp-image-382\" alt=\"visite d&#039;Albi\" srcset=\"https:\/\/vdtarn.fr\/wp-content\/uploads\/2024\/01\/Albi_-_balade_au_bord_du_Tarn-CASSIAU_Gregory-285.jpg 1200w, https:\/\/vdtarn.fr\/wp-content\/uploads\/2024\/01\/Albi_-_balade_au_bord_du_Tarn-CASSIAU_Gregory-285-300x200.jpg 300w, https:\/\/vdtarn.fr\/wp-content\/uploads\/2024\/01\/Albi_-_balade_au_bord_du_Tarn-CASSIAU_Gregory-285-1024x683.jpg 1024w, https:\/\/vdtarn.fr\/wp-content\/uploads\/2024\/01\/Albi_-_balade_au_bord_du_Tarn-CASSIAU_Gregory-285-768x512.jpg 768w\" sizes=\"auto, (max-width: 1200px) 100vw, 1200px\" \/><\/noscript><img decoding=\"async\" width=\"1200\" height=\"800\" src=\"https:\/\/vdtarn.fr\/wp-content\/uploads\/2024\/01\/Albi_-_balade_au_bord_du_Tarn-CASSIAU_Gregory-285.jpg\" class=\"wp-image-382 vp-lazyload\" alt=\"visite d&#039;Albi\" srcset=\"data:image\/svg+xml;base64,PHN2ZyB3aWR0aD0iMTIwMCIgaGVpZ2h0PSI4MDAiIHZpZXdCb3g9IjAgMCAxMjAwIDgwMCIgZmlsbD0ibm9uZSIgeG1sbnM9Imh0dHA6Ly93d3cudzMub3JnLzIwMDAvc3ZnIj48L3N2Zz4=\" data-src=\"https:\/\/vdtarn.fr\/wp-content\/uploads\/2024\/01\/Albi_-_balade_au_bord_du_Tarn-CASSIAU_Gregory-285.jpg\" data-srcset=\"https:\/\/vdtarn.fr\/wp-content\/uploads\/2024\/01\/Albi_-_balade_au_bord_du_Tarn-CASSIAU_Gregory-285.jpg 1200w, https:\/\/vdtarn.fr\/wp-content\/uploads\/2024\/01\/Albi_-_balade_au_bord_du_Tarn-CASSIAU_Gregory-285-300x200.jpg 300w, https:\/\/vdtarn.fr\/wp-content\/uploads\/2024\/01\/Albi_-_balade_au_bord_du_Tarn-CASSIAU_Gregory-285-1024x683.jpg 1024w, https:\/\/vdtarn.fr\/wp-content\/uploads\/2024\/01\/Albi_-_balade_au_bord_du_Tarn-CASSIAU_Gregory-285-768x512.jpg 768w\" data-sizes=\"auto\" loading=\"eager\">\n\t\t<div class=\"vp-portfolio__item-overlay\">\n\t\t\t\n<div class=\"vp-portfolio__item-meta-icon\">\n\t\n<svg class=\"vp-svg-icon\" width=\"20\" height=\"20\" viewBox=\"0 0 20 20\" fill=\"none\" xmlns=\"http:\/\/www.w3.org\/2000\/svg\">\n\t<path d=\"M9 17C13.4183 17 17 13.4183 17 9C17 4.58172 13.4183 1 9 1C4.58172 1 1 4.58172 1 9C1 13.4183 4.58172 17 9 17Z\" stroke=\"currentColor\" stroke-width=\"1.5\" stroke-linecap=\"round\" stroke-linejoin=\"round\" fill=\"transparent\" \/>\n\t<path d=\"M19 19L14.65 14.65\" stroke=\"currentColor\" stroke-width=\"1.5\" stroke-linecap=\"round\" stroke-linejoin=\"round\" fill=\"transparent\" \/>\n<\/svg>\n<\/div>\n\t\t<\/div>\n\n\t\t<\/a>\t<\/div>\n<\/div>\n\n\t\t\t<\/figure>\n\t\t\t\t\t<\/div>\n\t\t\n\t\t<div\t\tclass=\"vp-portfolio__item-wrap vp-portfolio__item-uid-02cdf2a5\" data-vp-filter=\"\" \t\t>\n\t\t\t<template class=\"vp-portfolio__item-popup\" style=\"display: none\" data-vp-popup-img=\"https:\/\/vdtarn.fr\/wp-content\/uploads\/2024\/01\/Albi_Cite_episcopale-VIJOROVIC_Daniel-407-1.jpg\" data-vp-popup-img-srcset=\"https:\/\/vdtarn.fr\/wp-content\/uploads\/2024\/01\/Albi_Cite_episcopale-VIJOROVIC_Daniel-407-1.jpg 1200w, https:\/\/vdtarn.fr\/wp-content\/uploads\/2024\/01\/Albi_Cite_episcopale-VIJOROVIC_Daniel-407-1-300x200.jpg 300w, https:\/\/vdtarn.fr\/wp-content\/uploads\/2024\/01\/Albi_Cite_episcopale-VIJOROVIC_Daniel-407-1-1024x681.jpg 1024w, https:\/\/vdtarn.fr\/wp-content\/uploads\/2024\/01\/Albi_Cite_episcopale-VIJOROVIC_Daniel-407-1-768x511.jpg 768w, https:\/\/vdtarn.fr\/wp-content\/uploads\/2024\/01\/Albi_Cite_episcopale-VIJOROVIC_Daniel-407-1-500x333.jpg 500w, https:\/\/vdtarn.fr\/wp-content\/uploads\/2024\/01\/Albi_Cite_episcopale-VIJOROVIC_Daniel-407-1-800x532.jpg 800w\" data-vp-popup-img-size=\"1200x798\" data-vp-popup-md-img=\"https:\/\/vdtarn.fr\/wp-content\/uploads\/2024\/01\/Albi_Cite_episcopale-VIJOROVIC_Daniel-407-1-800x532.jpg\" data-vp-popup-md-img-size=\"800x532\" data-vp-popup-sm-img=\"https:\/\/vdtarn.fr\/wp-content\/uploads\/2024\/01\/Albi_Cite_episcopale-VIJOROVIC_Daniel-407-1-500x333.jpg\" data-vp-popup-sm-img-size=\"500x333\">\n\t<\/template>\n\t\t\t\t\t\t<figure class=\"vp-portfolio__item\">\n\t\t\t\t\n<div class=\"vp-portfolio__item-img-wrap\">\n\t<div class=\"vp-portfolio__item-img\">\n\t\t\t<a\n\t\thref=\"https:\/\/vdtarn.fr\/wp-content\/uploads\/2024\/01\/Albi_Cite_episcopale-VIJOROVIC_Daniel-407-1.jpg\"\n\t\taria-label=\"Albi_Cite_episcopale-VIJOROVIC_Daniel-407\" \t>\n\t\n\t\t<noscript><img loading=\"lazy\" decoding=\"async\" width=\"1200\" height=\"798\" data-skip-lazy src=\"https:\/\/vdtarn.fr\/wp-content\/uploads\/2024\/01\/Albi_Cite_episcopale-VIJOROVIC_Daniel-407-1.jpg\" class=\"wp-image-412\" alt=\"visite ruelles albi\" srcset=\"https:\/\/vdtarn.fr\/wp-content\/uploads\/2024\/01\/Albi_Cite_episcopale-VIJOROVIC_Daniel-407-1.jpg 1200w, https:\/\/vdtarn.fr\/wp-content\/uploads\/2024\/01\/Albi_Cite_episcopale-VIJOROVIC_Daniel-407-1-300x200.jpg 300w, https:\/\/vdtarn.fr\/wp-content\/uploads\/2024\/01\/Albi_Cite_episcopale-VIJOROVIC_Daniel-407-1-1024x681.jpg 1024w, https:\/\/vdtarn.fr\/wp-content\/uploads\/2024\/01\/Albi_Cite_episcopale-VIJOROVIC_Daniel-407-1-768x511.jpg 768w, https:\/\/vdtarn.fr\/wp-content\/uploads\/2024\/01\/Albi_Cite_episcopale-VIJOROVIC_Daniel-407-1-500x333.jpg 500w, https:\/\/vdtarn.fr\/wp-content\/uploads\/2024\/01\/Albi_Cite_episcopale-VIJOROVIC_Daniel-407-1-800x532.jpg 800w\" sizes=\"auto, (max-width: 1200px) 100vw, 1200px\" \/><\/noscript><img decoding=\"async\" width=\"1200\" height=\"798\" src=\"https:\/\/vdtarn.fr\/wp-content\/uploads\/2024\/01\/Albi_Cite_episcopale-VIJOROVIC_Daniel-407-1.jpg\" class=\"wp-image-412 vp-lazyload\" alt=\"visite ruelles albi\" srcset=\"data:image\/svg+xml;base64,PHN2ZyB3aWR0aD0iMTIwMCIgaGVpZ2h0PSI3OTgiIHZpZXdCb3g9IjAgMCAxMjAwIDc5OCIgZmlsbD0ibm9uZSIgeG1sbnM9Imh0dHA6Ly93d3cudzMub3JnLzIwMDAvc3ZnIj48L3N2Zz4=\" data-src=\"https:\/\/vdtarn.fr\/wp-content\/uploads\/2024\/01\/Albi_Cite_episcopale-VIJOROVIC_Daniel-407-1.jpg\" data-srcset=\"https:\/\/vdtarn.fr\/wp-content\/uploads\/2024\/01\/Albi_Cite_episcopale-VIJOROVIC_Daniel-407-1.jpg 1200w, https:\/\/vdtarn.fr\/wp-content\/uploads\/2024\/01\/Albi_Cite_episcopale-VIJOROVIC_Daniel-407-1-300x200.jpg 300w, https:\/\/vdtarn.fr\/wp-content\/uploads\/2024\/01\/Albi_Cite_episcopale-VIJOROVIC_Daniel-407-1-1024x681.jpg 1024w, https:\/\/vdtarn.fr\/wp-content\/uploads\/2024\/01\/Albi_Cite_episcopale-VIJOROVIC_Daniel-407-1-768x511.jpg 768w, https:\/\/vdtarn.fr\/wp-content\/uploads\/2024\/01\/Albi_Cite_episcopale-VIJOROVIC_Daniel-407-1-500x333.jpg 500w, https:\/\/vdtarn.fr\/wp-content\/uploads\/2024\/01\/Albi_Cite_episcopale-VIJOROVIC_Daniel-407-1-800x532.jpg 800w\" data-sizes=\"auto\" loading=\"eager\">\n\t\t<div class=\"vp-portfolio__item-overlay\">\n\t\t\t\n<div class=\"vp-portfolio__item-meta-icon\">\n\t\n<svg class=\"vp-svg-icon\" width=\"20\" height=\"20\" viewBox=\"0 0 20 20\" fill=\"none\" xmlns=\"http:\/\/www.w3.org\/2000\/svg\">\n\t<path d=\"M9 17C13.4183 17 17 13.4183 17 9C17 4.58172 13.4183 1 9 1C4.58172 1 1 4.58172 1 9C1 13.4183 4.58172 17 9 17Z\" stroke=\"currentColor\" stroke-width=\"1.5\" stroke-linecap=\"round\" stroke-linejoin=\"round\" fill=\"transparent\" \/>\n\t<path d=\"M19 19L14.65 14.65\" stroke=\"currentColor\" stroke-width=\"1.5\" stroke-linecap=\"round\" stroke-linejoin=\"round\" fill=\"transparent\" \/>\n<\/svg>\n<\/div>\n\t\t<\/div>\n\n\t\t<\/a>\t<\/div>\n<\/div>\n\n\t\t\t<\/figure>\n\t\t\t\t\t<\/div>\n\t\t\n\t\t<div\t\tclass=\"vp-portfolio__item-wrap vp-portfolio__item-uid-66d41243\" data-vp-filter=\"\" \t\t>\n\t\t\t<template class=\"vp-portfolio__item-popup\" style=\"display: none\" data-vp-popup-img=\"https:\/\/vdtarn.fr\/wp-content\/uploads\/2024\/01\/Albi_-_balade_au_bord_du_Tarn-CASSIAU_Gregory-276-1.jpg\" data-vp-popup-img-srcset=\"https:\/\/vdtarn.fr\/wp-content\/uploads\/2024\/01\/Albi_-_balade_au_bord_du_Tarn-CASSIAU_Gregory-276-1.jpg 1200w, https:\/\/vdtarn.fr\/wp-content\/uploads\/2024\/01\/Albi_-_balade_au_bord_du_Tarn-CASSIAU_Gregory-276-1-300x200.jpg 300w, https:\/\/vdtarn.fr\/wp-content\/uploads\/2024\/01\/Albi_-_balade_au_bord_du_Tarn-CASSIAU_Gregory-276-1-1024x683.jpg 1024w, https:\/\/vdtarn.fr\/wp-content\/uploads\/2024\/01\/Albi_-_balade_au_bord_du_Tarn-CASSIAU_Gregory-276-1-768x512.jpg 768w, https:\/\/vdtarn.fr\/wp-content\/uploads\/2024\/01\/Albi_-_balade_au_bord_du_Tarn-CASSIAU_Gregory-276-1-500x333.jpg 500w, https:\/\/vdtarn.fr\/wp-content\/uploads\/2024\/01\/Albi_-_balade_au_bord_du_Tarn-CASSIAU_Gregory-276-1-800x533.jpg 800w\" data-vp-popup-img-size=\"1200x800\" data-vp-popup-md-img=\"https:\/\/vdtarn.fr\/wp-content\/uploads\/2024\/01\/Albi_-_balade_au_bord_du_Tarn-CASSIAU_Gregory-276-1-800x533.jpg\" data-vp-popup-md-img-size=\"800x533\" data-vp-popup-sm-img=\"https:\/\/vdtarn.fr\/wp-content\/uploads\/2024\/01\/Albi_-_balade_au_bord_du_Tarn-CASSIAU_Gregory-276-1-500x333.jpg\" data-vp-popup-sm-img-size=\"500x333\">\n\t<\/template>\n\t\t\t\t\t\t<figure class=\"vp-portfolio__item\">\n\t\t\t\t\n<div class=\"vp-portfolio__item-img-wrap\">\n\t<div class=\"vp-portfolio__item-img\">\n\t\t\t<a\n\t\thref=\"https:\/\/vdtarn.fr\/wp-content\/uploads\/2024\/01\/Albi_-_balade_au_bord_du_Tarn-CASSIAU_Gregory-276-1.jpg\"\n\t\taria-label=\"Albi_-_balade_au_bord_du_Tarn-CASSIAU_Gregory-276\" \t>\n\t\n\t\t<noscript><img loading=\"lazy\" decoding=\"async\" width=\"1200\" height=\"800\" data-skip-lazy src=\"https:\/\/vdtarn.fr\/wp-content\/uploads\/2024\/01\/Albi_-_balade_au_bord_du_Tarn-CASSIAU_Gregory-276-1.jpg\" class=\"wp-image-408\" alt=\"visite de la ville d&#039;Albi\" srcset=\"https:\/\/vdtarn.fr\/wp-content\/uploads\/2024\/01\/Albi_-_balade_au_bord_du_Tarn-CASSIAU_Gregory-276-1.jpg 1200w, https:\/\/vdtarn.fr\/wp-content\/uploads\/2024\/01\/Albi_-_balade_au_bord_du_Tarn-CASSIAU_Gregory-276-1-300x200.jpg 300w, https:\/\/vdtarn.fr\/wp-content\/uploads\/2024\/01\/Albi_-_balade_au_bord_du_Tarn-CASSIAU_Gregory-276-1-1024x683.jpg 1024w, https:\/\/vdtarn.fr\/wp-content\/uploads\/2024\/01\/Albi_-_balade_au_bord_du_Tarn-CASSIAU_Gregory-276-1-768x512.jpg 768w, https:\/\/vdtarn.fr\/wp-content\/uploads\/2024\/01\/Albi_-_balade_au_bord_du_Tarn-CASSIAU_Gregory-276-1-500x333.jpg 500w, https:\/\/vdtarn.fr\/wp-content\/uploads\/2024\/01\/Albi_-_balade_au_bord_du_Tarn-CASSIAU_Gregory-276-1-800x533.jpg 800w\" sizes=\"auto, (max-width: 1200px) 100vw, 1200px\" \/><\/noscript><img decoding=\"async\" width=\"1200\" height=\"800\" src=\"https:\/\/vdtarn.fr\/wp-content\/uploads\/2024\/01\/Albi_-_balade_au_bord_du_Tarn-CASSIAU_Gregory-276-1.jpg\" class=\"wp-image-408 vp-lazyload\" alt=\"visite de la ville d&#039;Albi\" srcset=\"data:image\/svg+xml;base64,PHN2ZyB3aWR0aD0iMTIwMCIgaGVpZ2h0PSI4MDAiIHZpZXdCb3g9IjAgMCAxMjAwIDgwMCIgZmlsbD0ibm9uZSIgeG1sbnM9Imh0dHA6Ly93d3cudzMub3JnLzIwMDAvc3ZnIj48L3N2Zz4=\" data-src=\"https:\/\/vdtarn.fr\/wp-content\/uploads\/2024\/01\/Albi_-_balade_au_bord_du_Tarn-CASSIAU_Gregory-276-1.jpg\" data-srcset=\"https:\/\/vdtarn.fr\/wp-content\/uploads\/2024\/01\/Albi_-_balade_au_bord_du_Tarn-CASSIAU_Gregory-276-1.jpg 1200w, https:\/\/vdtarn.fr\/wp-content\/uploads\/2024\/01\/Albi_-_balade_au_bord_du_Tarn-CASSIAU_Gregory-276-1-300x200.jpg 300w, https:\/\/vdtarn.fr\/wp-content\/uploads\/2024\/01\/Albi_-_balade_au_bord_du_Tarn-CASSIAU_Gregory-276-1-1024x683.jpg 1024w, https:\/\/vdtarn.fr\/wp-content\/uploads\/2024\/01\/Albi_-_balade_au_bord_du_Tarn-CASSIAU_Gregory-276-1-768x512.jpg 768w, https:\/\/vdtarn.fr\/wp-content\/uploads\/2024\/01\/Albi_-_balade_au_bord_du_Tarn-CASSIAU_Gregory-276-1-500x333.jpg 500w, https:\/\/vdtarn.fr\/wp-content\/uploads\/2024\/01\/Albi_-_balade_au_bord_du_Tarn-CASSIAU_Gregory-276-1-800x533.jpg 800w\" data-sizes=\"auto\" loading=\"eager\">\n\t\t<div class=\"vp-portfolio__item-overlay\">\n\t\t\t\n<div class=\"vp-portfolio__item-meta-icon\">\n\t\n<svg class=\"vp-svg-icon\" width=\"20\" height=\"20\" viewBox=\"0 0 20 20\" fill=\"none\" xmlns=\"http:\/\/www.w3.org\/2000\/svg\">\n\t<path d=\"M9 17C13.4183 17 17 13.4183 17 9C17 4.58172 13.4183 1 9 1C4.58172 1 1 4.58172 1 9C1 13.4183 4.58172 17 9 17Z\" stroke=\"currentColor\" stroke-width=\"1.5\" stroke-linecap=\"round\" stroke-linejoin=\"round\" fill=\"transparent\" \/>\n\t<path d=\"M19 19L14.65 14.65\" stroke=\"currentColor\" stroke-width=\"1.5\" stroke-linecap=\"round\" stroke-linejoin=\"round\" fill=\"transparent\" \/>\n<\/svg>\n<\/div>\n\t\t<\/div>\n\n\t\t<\/a>\t<\/div>\n<\/div>\n\n\t\t\t<\/figure>\n\t\t\t\t\t<\/div>\n\t\t\n\t\t<div\t\tclass=\"vp-portfolio__item-wrap vp-portfolio__item-uid-5e4f0c27\" data-vp-filter=\"\" \t\t>\n\t\t\t<template class=\"vp-portfolio__item-popup\" style=\"display: none\" data-vp-popup-img=\"https:\/\/vdtarn.fr\/wp-content\/uploads\/2024\/01\/Albi_-_vue_sur_la_cathedrale_Ste_Cecile-CASSIAU_Gregory-263-1.jpg\" data-vp-popup-img-srcset=\"https:\/\/vdtarn.fr\/wp-content\/uploads\/2024\/01\/Albi_-_vue_sur_la_cathedrale_Ste_Cecile-CASSIAU_Gregory-263-1.jpg 1200w, https:\/\/vdtarn.fr\/wp-content\/uploads\/2024\/01\/Albi_-_vue_sur_la_cathedrale_Ste_Cecile-CASSIAU_Gregory-263-1-300x200.jpg 300w, https:\/\/vdtarn.fr\/wp-content\/uploads\/2024\/01\/Albi_-_vue_sur_la_cathedrale_Ste_Cecile-CASSIAU_Gregory-263-1-1024x683.jpg 1024w, https:\/\/vdtarn.fr\/wp-content\/uploads\/2024\/01\/Albi_-_vue_sur_la_cathedrale_Ste_Cecile-CASSIAU_Gregory-263-1-768x512.jpg 768w\" data-vp-popup-img-size=\"1200x800\" data-vp-popup-md-img=\"https:\/\/vdtarn.fr\/wp-content\/uploads\/2024\/01\/Albi_-_vue_sur_la_cathedrale_Ste_Cecile-CASSIAU_Gregory-263-1.jpg\" data-vp-popup-md-img-size=\"800x533\" data-vp-popup-sm-img=\"https:\/\/vdtarn.fr\/wp-content\/uploads\/2024\/01\/Albi_-_vue_sur_la_cathedrale_Ste_Cecile-CASSIAU_Gregory-263-1.jpg\" data-vp-popup-sm-img-size=\"500x333\">\n\t<\/template>\n\t\t\t\t\t\t<figure class=\"vp-portfolio__item\">\n\t\t\t\t\n<div class=\"vp-portfolio__item-img-wrap\">\n\t<div class=\"vp-portfolio__item-img\">\n\t\t\t<a\n\t\thref=\"https:\/\/vdtarn.fr\/wp-content\/uploads\/2024\/01\/Albi_-_vue_sur_la_cathedrale_Ste_Cecile-CASSIAU_Gregory-263-1.jpg\"\n\t\taria-label=\"Albi_-_vista_de_Ste_Cecile-CASSIAU_catedral_de_Gregory-263-1\" \t>\n\t\n\t\t<noscript><img loading=\"lazy\" decoding=\"async\" width=\"1200\" height=\"800\" data-skip-lazy src=\"https:\/\/vdtarn.fr\/wp-content\/uploads\/2024\/01\/Albi_-_vue_sur_la_cathedrale_Ste_Cecile-CASSIAU_Gregory-263-1.jpg\" class=\"wp-image-386\" alt=\"cathedrale\" srcset=\"https:\/\/vdtarn.fr\/wp-content\/uploads\/2024\/01\/Albi_-_vue_sur_la_cathedrale_Ste_Cecile-CASSIAU_Gregory-263-1.jpg 1200w, https:\/\/vdtarn.fr\/wp-content\/uploads\/2024\/01\/Albi_-_vue_sur_la_cathedrale_Ste_Cecile-CASSIAU_Gregory-263-1-300x200.jpg 300w, https:\/\/vdtarn.fr\/wp-content\/uploads\/2024\/01\/Albi_-_vue_sur_la_cathedrale_Ste_Cecile-CASSIAU_Gregory-263-1-1024x683.jpg 1024w, https:\/\/vdtarn.fr\/wp-content\/uploads\/2024\/01\/Albi_-_vue_sur_la_cathedrale_Ste_Cecile-CASSIAU_Gregory-263-1-768x512.jpg 768w\" sizes=\"auto, (max-width: 1200px) 100vw, 1200px\" \/><\/noscript><img decoding=\"async\" width=\"1200\" height=\"800\" src=\"https:\/\/vdtarn.fr\/wp-content\/uploads\/2024\/01\/Albi_-_vue_sur_la_cathedrale_Ste_Cecile-CASSIAU_Gregory-263-1.jpg\" class=\"wp-image-386 vp-lazyload\" alt=\"cathedrale\" srcset=\"data:image\/svg+xml;base64,PHN2ZyB3aWR0aD0iMTIwMCIgaGVpZ2h0PSI4MDAiIHZpZXdCb3g9IjAgMCAxMjAwIDgwMCIgZmlsbD0ibm9uZSIgeG1sbnM9Imh0dHA6Ly93d3cudzMub3JnLzIwMDAvc3ZnIj48L3N2Zz4=\" data-src=\"https:\/\/vdtarn.fr\/wp-content\/uploads\/2024\/01\/Albi_-_vue_sur_la_cathedrale_Ste_Cecile-CASSIAU_Gregory-263-1.jpg\" data-srcset=\"https:\/\/vdtarn.fr\/wp-content\/uploads\/2024\/01\/Albi_-_vue_sur_la_cathedrale_Ste_Cecile-CASSIAU_Gregory-263-1.jpg 1200w, https:\/\/vdtarn.fr\/wp-content\/uploads\/2024\/01\/Albi_-_vue_sur_la_cathedrale_Ste_Cecile-CASSIAU_Gregory-263-1-300x200.jpg 300w, https:\/\/vdtarn.fr\/wp-content\/uploads\/2024\/01\/Albi_-_vue_sur_la_cathedrale_Ste_Cecile-CASSIAU_Gregory-263-1-1024x683.jpg 1024w, https:\/\/vdtarn.fr\/wp-content\/uploads\/2024\/01\/Albi_-_vue_sur_la_cathedrale_Ste_Cecile-CASSIAU_Gregory-263-1-768x512.jpg 768w\" data-sizes=\"auto\" loading=\"eager\">\n\t\t<div class=\"vp-portfolio__item-overlay\">\n\t\t\t\n<div class=\"vp-portfolio__item-meta-icon\">\n\t\n<svg class=\"vp-svg-icon\" width=\"20\" height=\"20\" viewBox=\"0 0 20 20\" fill=\"none\" xmlns=\"http:\/\/www.w3.org\/2000\/svg\">\n\t<path d=\"M9 17C13.4183 17 17 13.4183 17 9C17 4.58172 13.4183 1 9 1C4.58172 1 1 4.58172 1 9C1 13.4183 4.58172 17 9 17Z\" stroke=\"currentColor\" stroke-width=\"1.5\" stroke-linecap=\"round\" stroke-linejoin=\"round\" fill=\"transparent\" \/>\n\t<path d=\"M19 19L14.65 14.65\" stroke=\"currentColor\" stroke-width=\"1.5\" stroke-linecap=\"round\" stroke-linejoin=\"round\" fill=\"transparent\" \/>\n<\/svg>\n<\/div>\n\t\t<\/div>\n\n\t\t<\/a>\t<\/div>\n<\/div>\n\n\t\t\t<\/figure>\n\t\t\t\t\t<\/div>\n\t\t\n\t\t<div\t\tclass=\"vp-portfolio__item-wrap vp-portfolio__item-uid-6a22510f\" data-vp-filter=\"\" \t\t>\n\t\t\t<template class=\"vp-portfolio__item-popup\" style=\"display: none\" data-vp-popup-img=\"https:\/\/vdtarn.fr\/wp-content\/uploads\/2024\/01\/Albi__vue_sur_la_cite_episcopale-RIVIERE_Christian-414.jpg\" data-vp-popup-img-srcset=\"https:\/\/vdtarn.fr\/wp-content\/uploads\/2024\/01\/Albi__vue_sur_la_cite_episcopale-RIVIERE_Christian-414.jpg 1200w, https:\/\/vdtarn.fr\/wp-content\/uploads\/2024\/01\/Albi__vue_sur_la_cite_episcopale-RIVIERE_Christian-414-300x200.jpg 300w, https:\/\/vdtarn.fr\/wp-content\/uploads\/2024\/01\/Albi__vue_sur_la_cite_episcopale-RIVIERE_Christian-414-1024x683.jpg 1024w, https:\/\/vdtarn.fr\/wp-content\/uploads\/2024\/01\/Albi__vue_sur_la_cite_episcopale-RIVIERE_Christian-414-768x512.jpg 768w\" data-vp-popup-img-size=\"1200x800\" data-vp-popup-md-img=\"https:\/\/vdtarn.fr\/wp-content\/uploads\/2024\/01\/Albi__vue_sur_la_cite_episcopale-RIVIERE_Christian-414.jpg\" data-vp-popup-md-img-size=\"800x533\" data-vp-popup-sm-img=\"https:\/\/vdtarn.fr\/wp-content\/uploads\/2024\/01\/Albi__vue_sur_la_cite_episcopale-RIVIERE_Christian-414.jpg\" data-vp-popup-sm-img-size=\"500x333\">\n\t<\/template>\n\t\t\t\t\t\t<figure class=\"vp-portfolio__item\">\n\t\t\t\t\n<div class=\"vp-portfolio__item-img-wrap\">\n\t<div class=\"vp-portfolio__item-img\">\n\t\t\t<a\n\t\thref=\"https:\/\/vdtarn.fr\/wp-content\/uploads\/2024\/01\/Albi__vue_sur_la_cite_episcopale-RIVIERE_Christian-414.jpg\"\n\t\taria-label=\"Albi__episcopal_city_view-RIVIERE_Christian-414\" \t>\n\t\n\t\t<noscript><img loading=\"lazy\" decoding=\"async\" width=\"1200\" height=\"800\" data-skip-lazy src=\"https:\/\/vdtarn.fr\/wp-content\/uploads\/2024\/01\/Albi__vue_sur_la_cite_episcopale-RIVIERE_Christian-414.jpg\" class=\"wp-image-381\" alt=\"Location camping proche d&#039;Albi\" srcset=\"https:\/\/vdtarn.fr\/wp-content\/uploads\/2024\/01\/Albi__vue_sur_la_cite_episcopale-RIVIERE_Christian-414.jpg 1200w, https:\/\/vdtarn.fr\/wp-content\/uploads\/2024\/01\/Albi__vue_sur_la_cite_episcopale-RIVIERE_Christian-414-300x200.jpg 300w, https:\/\/vdtarn.fr\/wp-content\/uploads\/2024\/01\/Albi__vue_sur_la_cite_episcopale-RIVIERE_Christian-414-1024x683.jpg 1024w, https:\/\/vdtarn.fr\/wp-content\/uploads\/2024\/01\/Albi__vue_sur_la_cite_episcopale-RIVIERE_Christian-414-768x512.jpg 768w\" sizes=\"auto, (max-width: 1200px) 100vw, 1200px\" \/><\/noscript><img decoding=\"async\" width=\"1200\" height=\"800\" src=\"https:\/\/vdtarn.fr\/wp-content\/uploads\/2024\/01\/Albi__vue_sur_la_cite_episcopale-RIVIERE_Christian-414.jpg\" class=\"wp-image-381 vp-lazyload\" alt=\"Location camping proche d&#039;Albi\" srcset=\"data:image\/svg+xml;base64,PHN2ZyB3aWR0aD0iMTIwMCIgaGVpZ2h0PSI4MDAiIHZpZXdCb3g9IjAgMCAxMjAwIDgwMCIgZmlsbD0ibm9uZSIgeG1sbnM9Imh0dHA6Ly93d3cudzMub3JnLzIwMDAvc3ZnIj48L3N2Zz4=\" data-src=\"https:\/\/vdtarn.fr\/wp-content\/uploads\/2024\/01\/Albi__vue_sur_la_cite_episcopale-RIVIERE_Christian-414.jpg\" data-srcset=\"https:\/\/vdtarn.fr\/wp-content\/uploads\/2024\/01\/Albi__vue_sur_la_cite_episcopale-RIVIERE_Christian-414.jpg 1200w, https:\/\/vdtarn.fr\/wp-content\/uploads\/2024\/01\/Albi__vue_sur_la_cite_episcopale-RIVIERE_Christian-414-300x200.jpg 300w, https:\/\/vdtarn.fr\/wp-content\/uploads\/2024\/01\/Albi__vue_sur_la_cite_episcopale-RIVIERE_Christian-414-1024x683.jpg 1024w, https:\/\/vdtarn.fr\/wp-content\/uploads\/2024\/01\/Albi__vue_sur_la_cite_episcopale-RIVIERE_Christian-414-768x512.jpg 768w\" data-sizes=\"auto\" loading=\"eager\">\n\t\t<div class=\"vp-portfolio__item-overlay\">\n\t\t\t\n<div class=\"vp-portfolio__item-meta-icon\">\n\t\n<svg class=\"vp-svg-icon\" width=\"20\" height=\"20\" viewBox=\"0 0 20 20\" fill=\"none\" xmlns=\"http:\/\/www.w3.org\/2000\/svg\">\n\t<path d=\"M9 17C13.4183 17 17 13.4183 17 9C17 4.58172 13.4183 1 9 1C4.58172 1 1 4.58172 1 9C1 13.4183 4.58172 17 9 17Z\" stroke=\"currentColor\" stroke-width=\"1.5\" stroke-linecap=\"round\" stroke-linejoin=\"round\" fill=\"transparent\" \/>\n\t<path d=\"M19 19L14.65 14.65\" stroke=\"currentColor\" stroke-width=\"1.5\" stroke-linecap=\"round\" stroke-linejoin=\"round\" fill=\"transparent\" \/>\n<\/svg>\n<\/div>\n\t\t<\/div>\n\n\t\t<\/a>\t<\/div>\n<\/div>\n\n\t\t\t<\/figure>\n\t\t\t\t\t<\/div>\n\t\t\n<\/div>\n\t\t<\/div>\n\t\t\n<\/div>\n<\/div>","protected":false},"excerpt":{"rendered":"<p>Ciudad episcopal La Ciudad Episcopal, construida en ladrillo rojo, es \u00fanica por su colorido y armon\u00eda. De origen medieval, la ciudad dominada por su catedral evoca un poder espiritual. Santa Cecilia de Albi La catedral es \u00fanica por su construcci\u00f3n en ladrillo rojo, y su campanario de 78 metros sorprende por su grandeza y potencia. [&hellip;]<\/p>\n","protected":false},"author":1,"featured_media":1992,"parent":2181,"menu_order":0,"comment_status":"closed","ping_status":"closed","template":"","meta":{"_acf_changed":false,"_seopress_robots_primary_cat":"","_seopress_titles_title":"Camping cerca de Albi | Domaine de la Vall\u00e9e du Tarn","_seopress_titles_desc":"Alquiler de chal\u00e9s en el Domaine de la Vall\u00e9e du Tarn, a 25 km de la ciudad de Albi, aut\u00e9ntica ciudad episcopal.","_seopress_robots_index":"","_vp_format_video_url":"","_vp_image_focal_point":[],"footnotes":""},"class_list":["post-2112","page","type-page","status-publish","has-post-thumbnail","hentry"],"acf":[],"_links":{"self":[{"href":"https:\/\/vdtarn.fr\/es\/wp-json\/wp\/v2\/pages\/2112","targetHints":{"allow":["GET"]}}],"collection":[{"href":"https:\/\/vdtarn.fr\/es\/wp-json\/wp\/v2\/pages"}],"about":[{"href":"https:\/\/vdtarn.fr\/es\/wp-json\/wp\/v2\/types\/page"}],"author":[{"embeddable":true,"href":"https:\/\/vdtarn.fr\/es\/wp-json\/wp\/v2\/users\/1"}],"replies":[{"embeddable":true,"href":"https:\/\/vdtarn.fr\/es\/wp-json\/wp\/v2\/comments?post=2112"}],"version-history":[{"count":4,"href":"https:\/\/vdtarn.fr\/es\/wp-json\/wp\/v2\/pages\/2112\/revisions"}],"predecessor-version":[{"id":2392,"href":"https:\/\/vdtarn.fr\/es\/wp-json\/wp\/v2\/pages\/2112\/revisions\/2392"}],"up":[{"embeddable":true,"href":"https:\/\/vdtarn.fr\/es\/wp-json\/wp\/v2\/pages\/2181"}],"wp:featuredmedia":[{"embeddable":true,"href":"https:\/\/vdtarn.fr\/es\/wp-json\/wp\/v2\/media\/1992"}],"wp:attachment":[{"href":"https:\/\/vdtarn.fr\/es\/wp-json\/wp\/v2\/media?parent=2112"}],"curies":[{"name":"wp","href":"https:\/\/api.w.org\/{rel}","templated":true}]}}