{"id":2052,"date":"2024-01-10T11:07:46","date_gmt":"2024-01-10T11:07:46","guid":{"rendered":"https:\/\/dev.vdtarn.fr\/cordes-sur-ciel\/"},"modified":"2024-03-05T15:56:08","modified_gmt":"2024-03-05T15:56:08","slug":"cordes-sur-ciel","status":"publish","type":"page","link":"https:\/\/vdtarn.fr\/es\/ciudades-y-pueblos\/cordes-sur-ciel\/","title":{"rendered":"Cordes sur Ciel"},"content":{"rendered":"\n<div class=\"wp-block-group is-vertical is-layout-flex wp-container-core-group-is-layout-5ec664e8 wp-block-group-is-layout-flex\" style=\"padding-bottom:var(--wp--preset--spacing--50)\" data-block-type=\"core\">\n<h2 class=\"wp-block-heading\">Cordes sur Ciel, elegido el pueblo m\u00e1s bonito de Francia en 2014<\/h2>\n<\/div>\n\n\n\n<div class=\"wp-block-columns alignwide is-layout-flex wp-container-core-columns-is-layout-c617dbaa wp-block-columns-is-layout-flex\" style=\"padding-top:var(--wp--preset--spacing--40);padding-bottom:var(--wp--preset--spacing--40)\" data-block-type=\"core\">\n<div class=\"wp-block-column is-layout-flow wp-block-column-is-layout-flow\" style=\"flex-basis:33.38%\" data-block-type=\"core\">\n<p class=\"has-small-font-size\" data-block-type=\"core\">En esta ciudad medieval encaramada, descubrir\u00e1 calles empinadas, murallas y fachadas esculpidas que le transportar\u00e1n a la historia de este pueblo.<\/p>\n\n\n\n<p class=\"has-small-font-size\" data-block-type=\"core\">Mientras pasea, podr\u00e1 descubrir el Jard\u00edn del Para\u00edso y todas sus variedades bot\u00e1nicas.<\/p>\n\n\n\n<p class=\"has-small-font-size\" data-block-type=\"core\">Y venga a descubrir los numerosos pueblos hist\u00f3ricos, aut\u00e9nticos libros de historia medieval:<\/p>\n\n\n\n<p class=\"has-small-font-size\" data-block-type=\"core\">Monesti\u00e9, Milhars, Penne, Puycelsi, Castelnau-de-Montmiral&#8230;<\/p>\n<\/div>\n\n\n\n<div class=\"wp-block-column is-layout-flow wp-block-column-is-layout-flow\" style=\"flex-basis:33%\" data-block-type=\"core\">\n<div style=\"height:2vw\" aria-hidden=\"true\" class=\"wp-block-spacer\" data-block-type=\"core\"><\/div>\n\n\n\n<div class=\"wp-block-stackable-image stk-block-image has-text-align-left stk-block stk-b55591f\" data-block-id=\"b55591f\"><style>.stk-b55591f{border-top-left-radius:0px !important;border-top-right-radius:0px !important;border-bottom-right-radius:0px !important;border-bottom-left-radius:0px !important;overflow:hidden !important;box-shadow:15px 25px 58px 0px rgba(0,0,0,0.5) !important}.stk-b55591f .stk-img-wrapper{width:100% !important;height:500px !important}.stk-b55591f .stk-img-wrapper img{border-radius:0px !important}<\/style><figure><span class=\"stk-img-wrapper stk-image--shape-stretch\"><img loading=\"lazy\" decoding=\"async\" class=\"stk-img wp-image-452\" src=\"https:\/\/vdtarn.fr\/wp-content\/uploads\/2024\/01\/Cordes_sur_ciel-VIET_Dominique-1178.jpg\" width=\"1200\" height=\"900\" alt=\"visita a Cordes sur Ciel\" srcset=\"https:\/\/vdtarn.fr\/wp-content\/uploads\/2024\/01\/Cordes_sur_ciel-VIET_Dominique-1178.jpg 1200w, https:\/\/vdtarn.fr\/wp-content\/uploads\/2024\/01\/Cordes_sur_ciel-VIET_Dominique-1178-300x225.jpg 300w, https:\/\/vdtarn.fr\/wp-content\/uploads\/2024\/01\/Cordes_sur_ciel-VIET_Dominique-1178-1024x768.jpg 1024w, https:\/\/vdtarn.fr\/wp-content\/uploads\/2024\/01\/Cordes_sur_ciel-VIET_Dominique-1178-768x576.jpg 768w, https:\/\/vdtarn.fr\/wp-content\/uploads\/2024\/01\/Cordes_sur_ciel-VIET_Dominique-1178-500x375.jpg 500w, https:\/\/vdtarn.fr\/wp-content\/uploads\/2024\/01\/Cordes_sur_ciel-VIET_Dominique-1178-800x600.jpg 800w\" sizes=\"auto, (max-width: 1200px) 100vw, 1200px\" \/><\/span><\/figure><\/div>\n<\/div>\n\n\n\n<div class=\"wp-block-column is-layout-flow wp-block-column-is-layout-flow\" style=\"flex-basis:33.62%\" data-block-type=\"core\">\n<div class=\"wp-block-stackable-image stk-block-image stk-block stk-b7a6d0b\" data-block-id=\"b7a6d0b\"><style>.stk-b7a6d0b{box-shadow:15px 25px 58px 0px rgba(0,0,0,0.5) !important}.stk-b7a6d0b .stk-img-wrapper{width:100% !important;height:480px !important}<\/style><figure><span class=\"stk-img-wrapper stk-image--shape-stretch\"><img loading=\"lazy\" decoding=\"async\" class=\"stk-img wp-image-367\" src=\"https:\/\/vdtarn.fr\/wp-content\/uploads\/2024\/01\/corde3-768x1024-1.jpg\" width=\"768\" height=\"1024\" alt=\"visite uno de los pueblos m\u00e1s bonitos de Francia\" srcset=\"https:\/\/vdtarn.fr\/wp-content\/uploads\/2024\/01\/corde3-768x1024-1.jpg 768w, https:\/\/vdtarn.fr\/wp-content\/uploads\/2024\/01\/corde3-768x1024-1-225x300.jpg 225w\" sizes=\"auto, (max-width: 768px) 100vw, 768px\" \/><\/span><\/figure><\/div>\n<\/div>\n<\/div>\n\n\n\n<div class=\"wp-block-stackable-image aligncenter stk-block-image has-text-align-center stk-block stk-3212770\" data-block-id=\"3212770\"><style>.stk-3212770{align-items:center !important;max-width:150px !important;margin-top:30px !important;margin-right:auto !important;margin-bottom:30px !important;margin-left:auto !important;display:flex !important}<\/style><figure><span class=\"stk-img-wrapper stk-image--shape-stretch\"><img loading=\"lazy\" decoding=\"async\" class=\"stk-img wp-image-311\" src=\"https:\/\/vdtarn.fr\/wp-content\/uploads\/2024\/01\/lavender.png\" width=\"200\" height=\"83\"\/><\/span><\/figure><\/div>\n\n\n<div class=\"wp-block-visual-portfolio alignfull\">\n<div class=\"vp-portfolio vp-uid-d5c354f6 vp-id-2iMwtG\"\n\tdata-vp-layout=\"tiles\" data-vp-content-source=\"images\" data-vp-items-style=\"default\" data-vp-items-click-action=\"popup_gallery\" data-vp-items-gap=\"5\" data-vp-items-gap-vertical=\"\" data-vp-pagination=\"load-more\" data-vp-next-page-url=\"\" data-vp-tiles-type=\"4|1,0.8|1,1|1,0.8|1,1|1,1|1,1|1,0.8|1,0.8|\" >\n\t<div class=\"vp-portfolio__preloader-wrap\">\n\t\t<div class=\"vp-portfolio__preloader\">\n\t\t\t<img decoding=\"async\" loading=\"eager\" src=\"https:\/\/vdtarn.fr\/wp-content\/plugins\/visual-portfolio\/assets\/images\/logo-dark.svg\" alt=\"Visual Portfolio, Posts &amp; Image Gallery para WordPress\" width=\"20\" height=\"20\" data-skip-lazy>\n\t\t<\/div>\n\t<\/div>\n\t\t<div class=\"vp-portfolio__items-wrap\">\n\t\t\t\n<div class=\"vp-portfolio__items vp-portfolio__items-style-default vp-portfolio__items-show-overlay-hover\">\n\n\t\t<div\t\tclass=\"vp-portfolio__item-wrap vp-portfolio__item-uid-56faa245\" data-vp-filter=\"\" \t\t>\n\t\t\t<template class=\"vp-portfolio__item-popup\" style=\"display: none\" data-vp-popup-img=\"https:\/\/vdtarn.fr\/wp-content\/uploads\/2024\/01\/A_Cordes_sur_ciel-CASSIAU_Gregory-325.jpg\" data-vp-popup-img-srcset=\"https:\/\/vdtarn.fr\/wp-content\/uploads\/2024\/01\/A_Cordes_sur_ciel-CASSIAU_Gregory-325.jpg 1200w, https:\/\/vdtarn.fr\/wp-content\/uploads\/2024\/01\/A_Cordes_sur_ciel-CASSIAU_Gregory-325-300x200.jpg 300w, https:\/\/vdtarn.fr\/wp-content\/uploads\/2024\/01\/A_Cordes_sur_ciel-CASSIAU_Gregory-325-1024x683.jpg 1024w, https:\/\/vdtarn.fr\/wp-content\/uploads\/2024\/01\/A_Cordes_sur_ciel-CASSIAU_Gregory-325-768x512.jpg 768w, https:\/\/vdtarn.fr\/wp-content\/uploads\/2024\/01\/A_Cordes_sur_ciel-CASSIAU_Gregory-325-500x333.jpg 500w, https:\/\/vdtarn.fr\/wp-content\/uploads\/2024\/01\/A_Cordes_sur_ciel-CASSIAU_Gregory-325-800x533.jpg 800w\" data-vp-popup-img-size=\"1200x800\" data-vp-popup-md-img=\"https:\/\/vdtarn.fr\/wp-content\/uploads\/2024\/01\/A_Cordes_sur_ciel-CASSIAU_Gregory-325-800x533.jpg\" data-vp-popup-md-img-size=\"800x533\" data-vp-popup-sm-img=\"https:\/\/vdtarn.fr\/wp-content\/uploads\/2024\/01\/A_Cordes_sur_ciel-CASSIAU_Gregory-325-500x333.jpg\" data-vp-popup-sm-img-size=\"500x333\">\n\t\t\t<h3 class=\"vp-portfolio__item-popup-title\">A_Cordes_sur_ciel-CASSIAU_Gregory-325<\/h3>\n\t\t<\/template>\n\t\t\t\t\t\t<figure class=\"vp-portfolio__item\">\n\t\t\t\t\n<div class=\"vp-portfolio__item-img-wrap\">\n\t<div class=\"vp-portfolio__item-img\">\n\t\t\t<a\n\t\thref=\"https:\/\/vdtarn.fr\/wp-content\/uploads\/2024\/01\/A_Cordes_sur_ciel-CASSIAU_Gregory-325.jpg\"\n\t\taria-label=\"A_Cordes_sur_ciel-CASSIAU_Gregory-325\" \t>\n\t\n\t\t<noscript><img loading=\"lazy\" decoding=\"async\" width=\"1200\" height=\"800\" data-skip-lazy src=\"https:\/\/vdtarn.fr\/wp-content\/uploads\/2024\/01\/A_Cordes_sur_ciel-CASSIAU_Gregory-325.jpg\" class=\"wp-image-434\" alt=\"visite de Cordes sur Ciel\" srcset=\"https:\/\/vdtarn.fr\/wp-content\/uploads\/2024\/01\/A_Cordes_sur_ciel-CASSIAU_Gregory-325.jpg 1200w, https:\/\/vdtarn.fr\/wp-content\/uploads\/2024\/01\/A_Cordes_sur_ciel-CASSIAU_Gregory-325-300x200.jpg 300w, https:\/\/vdtarn.fr\/wp-content\/uploads\/2024\/01\/A_Cordes_sur_ciel-CASSIAU_Gregory-325-1024x683.jpg 1024w, https:\/\/vdtarn.fr\/wp-content\/uploads\/2024\/01\/A_Cordes_sur_ciel-CASSIAU_Gregory-325-768x512.jpg 768w, https:\/\/vdtarn.fr\/wp-content\/uploads\/2024\/01\/A_Cordes_sur_ciel-CASSIAU_Gregory-325-500x333.jpg 500w, https:\/\/vdtarn.fr\/wp-content\/uploads\/2024\/01\/A_Cordes_sur_ciel-CASSIAU_Gregory-325-800x533.jpg 800w\" sizes=\"auto, (max-width: 1200px) 100vw, 1200px\" \/><\/noscript><img fetchpriority=\"high\" decoding=\"async\" width=\"1200\" height=\"800\" src=\"https:\/\/vdtarn.fr\/wp-content\/uploads\/2024\/01\/A_Cordes_sur_ciel-CASSIAU_Gregory-325.jpg\" class=\"wp-image-434 vp-lazyload\" alt=\"visite de Cordes sur Ciel\" srcset=\"data:image\/svg+xml;base64,PHN2ZyB3aWR0aD0iMTIwMCIgaGVpZ2h0PSI4MDAiIHZpZXdCb3g9IjAgMCAxMjAwIDgwMCIgZmlsbD0ibm9uZSIgeG1sbnM9Imh0dHA6Ly93d3cudzMub3JnLzIwMDAvc3ZnIj48L3N2Zz4=\" data-src=\"https:\/\/vdtarn.fr\/wp-content\/uploads\/2024\/01\/A_Cordes_sur_ciel-CASSIAU_Gregory-325.jpg\" data-srcset=\"https:\/\/vdtarn.fr\/wp-content\/uploads\/2024\/01\/A_Cordes_sur_ciel-CASSIAU_Gregory-325.jpg 1200w, https:\/\/vdtarn.fr\/wp-content\/uploads\/2024\/01\/A_Cordes_sur_ciel-CASSIAU_Gregory-325-300x200.jpg 300w, https:\/\/vdtarn.fr\/wp-content\/uploads\/2024\/01\/A_Cordes_sur_ciel-CASSIAU_Gregory-325-1024x683.jpg 1024w, https:\/\/vdtarn.fr\/wp-content\/uploads\/2024\/01\/A_Cordes_sur_ciel-CASSIAU_Gregory-325-768x512.jpg 768w, https:\/\/vdtarn.fr\/wp-content\/uploads\/2024\/01\/A_Cordes_sur_ciel-CASSIAU_Gregory-325-500x333.jpg 500w, https:\/\/vdtarn.fr\/wp-content\/uploads\/2024\/01\/A_Cordes_sur_ciel-CASSIAU_Gregory-325-800x533.jpg 800w\" data-sizes=\"auto\" loading=\"eager\">\n\t\t<div class=\"vp-portfolio__item-overlay\">\n\t\t\t\n<div class=\"vp-portfolio__item-meta-icon\">\n\t\n<svg class=\"vp-svg-icon\" width=\"20\" height=\"20\" viewBox=\"0 0 20 20\" fill=\"none\" xmlns=\"http:\/\/www.w3.org\/2000\/svg\">\n\t<path d=\"M9 17C13.4183 17 17 13.4183 17 9C17 4.58172 13.4183 1 9 1C4.58172 1 1 4.58172 1 9C1 13.4183 4.58172 17 9 17Z\" stroke=\"currentColor\" stroke-width=\"1.5\" stroke-linecap=\"round\" stroke-linejoin=\"round\" fill=\"transparent\" \/>\n\t<path d=\"M19 19L14.65 14.65\" stroke=\"currentColor\" stroke-width=\"1.5\" stroke-linecap=\"round\" stroke-linejoin=\"round\" fill=\"transparent\" \/>\n<\/svg>\n<\/div>\n\t\t<\/div>\n\n\t\t<\/a>\t<\/div>\n<\/div>\n\n\t\t\t<\/figure>\n\t\t\t\t\t<\/div>\n\t\t\n\t\t<div\t\tclass=\"vp-portfolio__item-wrap vp-portfolio__item-uid-0048a40c\" data-vp-filter=\"\" \t\t>\n\t\t\t<template class=\"vp-portfolio__item-popup\" style=\"display: none\" data-vp-popup-img=\"https:\/\/vdtarn.fr\/wp-content\/uploads\/2024\/01\/A_Cordes_sur_ciel-CASSIAU_Gregory-329.jpg\" data-vp-popup-img-srcset=\"https:\/\/vdtarn.fr\/wp-content\/uploads\/2024\/01\/A_Cordes_sur_ciel-CASSIAU_Gregory-329.jpg 1200w, https:\/\/vdtarn.fr\/wp-content\/uploads\/2024\/01\/A_Cordes_sur_ciel-CASSIAU_Gregory-329-300x200.jpg 300w, https:\/\/vdtarn.fr\/wp-content\/uploads\/2024\/01\/A_Cordes_sur_ciel-CASSIAU_Gregory-329-1024x683.jpg 1024w, https:\/\/vdtarn.fr\/wp-content\/uploads\/2024\/01\/A_Cordes_sur_ciel-CASSIAU_Gregory-329-768x512.jpg 768w, https:\/\/vdtarn.fr\/wp-content\/uploads\/2024\/01\/A_Cordes_sur_ciel-CASSIAU_Gregory-329-500x333.jpg 500w, https:\/\/vdtarn.fr\/wp-content\/uploads\/2024\/01\/A_Cordes_sur_ciel-CASSIAU_Gregory-329-800x533.jpg 800w\" data-vp-popup-img-size=\"1200x800\" data-vp-popup-md-img=\"https:\/\/vdtarn.fr\/wp-content\/uploads\/2024\/01\/A_Cordes_sur_ciel-CASSIAU_Gregory-329-800x533.jpg\" data-vp-popup-md-img-size=\"800x533\" data-vp-popup-sm-img=\"https:\/\/vdtarn.fr\/wp-content\/uploads\/2024\/01\/A_Cordes_sur_ciel-CASSIAU_Gregory-329-500x333.jpg\" data-vp-popup-sm-img-size=\"500x333\">\n\t\t\t<h3 class=\"vp-portfolio__item-popup-title\">A_Cordes_sur_ciel-CASSIAU_Gregory-329<\/h3>\n\t\t<\/template>\n\t\t\t\t\t\t<figure class=\"vp-portfolio__item\">\n\t\t\t\t\n<div class=\"vp-portfolio__item-img-wrap\">\n\t<div class=\"vp-portfolio__item-img\">\n\t\t\t<a\n\t\thref=\"https:\/\/vdtarn.fr\/wp-content\/uploads\/2024\/01\/A_Cordes_sur_ciel-CASSIAU_Gregory-329.jpg\"\n\t\taria-label=\"A_Cordes_sur_ciel-CASSIAU_Gregory-329\" \t>\n\t\n\t\t<noscript><img loading=\"lazy\" decoding=\"async\" width=\"1200\" height=\"800\" data-skip-lazy src=\"https:\/\/vdtarn.fr\/wp-content\/uploads\/2024\/01\/A_Cordes_sur_ciel-CASSIAU_Gregory-329.jpg\" class=\"wp-image-436\" alt=\"camping proche du plus beau village de France\" srcset=\"https:\/\/vdtarn.fr\/wp-content\/uploads\/2024\/01\/A_Cordes_sur_ciel-CASSIAU_Gregory-329.jpg 1200w, https:\/\/vdtarn.fr\/wp-content\/uploads\/2024\/01\/A_Cordes_sur_ciel-CASSIAU_Gregory-329-300x200.jpg 300w, https:\/\/vdtarn.fr\/wp-content\/uploads\/2024\/01\/A_Cordes_sur_ciel-CASSIAU_Gregory-329-1024x683.jpg 1024w, https:\/\/vdtarn.fr\/wp-content\/uploads\/2024\/01\/A_Cordes_sur_ciel-CASSIAU_Gregory-329-768x512.jpg 768w, https:\/\/vdtarn.fr\/wp-content\/uploads\/2024\/01\/A_Cordes_sur_ciel-CASSIAU_Gregory-329-500x333.jpg 500w, https:\/\/vdtarn.fr\/wp-content\/uploads\/2024\/01\/A_Cordes_sur_ciel-CASSIAU_Gregory-329-800x533.jpg 800w\" sizes=\"auto, (max-width: 1200px) 100vw, 1200px\" \/><\/noscript><img decoding=\"async\" width=\"1200\" height=\"800\" src=\"https:\/\/vdtarn.fr\/wp-content\/uploads\/2024\/01\/A_Cordes_sur_ciel-CASSIAU_Gregory-329.jpg\" class=\"wp-image-436 vp-lazyload\" alt=\"camping proche du plus beau village de France\" srcset=\"data:image\/svg+xml;base64,PHN2ZyB3aWR0aD0iMTIwMCIgaGVpZ2h0PSI4MDAiIHZpZXdCb3g9IjAgMCAxMjAwIDgwMCIgZmlsbD0ibm9uZSIgeG1sbnM9Imh0dHA6Ly93d3cudzMub3JnLzIwMDAvc3ZnIj48L3N2Zz4=\" data-src=\"https:\/\/vdtarn.fr\/wp-content\/uploads\/2024\/01\/A_Cordes_sur_ciel-CASSIAU_Gregory-329.jpg\" data-srcset=\"https:\/\/vdtarn.fr\/wp-content\/uploads\/2024\/01\/A_Cordes_sur_ciel-CASSIAU_Gregory-329.jpg 1200w, https:\/\/vdtarn.fr\/wp-content\/uploads\/2024\/01\/A_Cordes_sur_ciel-CASSIAU_Gregory-329-300x200.jpg 300w, https:\/\/vdtarn.fr\/wp-content\/uploads\/2024\/01\/A_Cordes_sur_ciel-CASSIAU_Gregory-329-1024x683.jpg 1024w, https:\/\/vdtarn.fr\/wp-content\/uploads\/2024\/01\/A_Cordes_sur_ciel-CASSIAU_Gregory-329-768x512.jpg 768w, https:\/\/vdtarn.fr\/wp-content\/uploads\/2024\/01\/A_Cordes_sur_ciel-CASSIAU_Gregory-329-500x333.jpg 500w, https:\/\/vdtarn.fr\/wp-content\/uploads\/2024\/01\/A_Cordes_sur_ciel-CASSIAU_Gregory-329-800x533.jpg 800w\" data-sizes=\"auto\" loading=\"eager\">\n\t\t<div class=\"vp-portfolio__item-overlay\">\n\t\t\t\n<div class=\"vp-portfolio__item-meta-icon\">\n\t\n<svg class=\"vp-svg-icon\" width=\"20\" height=\"20\" viewBox=\"0 0 20 20\" fill=\"none\" xmlns=\"http:\/\/www.w3.org\/2000\/svg\">\n\t<path d=\"M9 17C13.4183 17 17 13.4183 17 9C17 4.58172 13.4183 1 9 1C4.58172 1 1 4.58172 1 9C1 13.4183 4.58172 17 9 17Z\" stroke=\"currentColor\" stroke-width=\"1.5\" stroke-linecap=\"round\" stroke-linejoin=\"round\" fill=\"transparent\" \/>\n\t<path d=\"M19 19L14.65 14.65\" stroke=\"currentColor\" stroke-width=\"1.5\" stroke-linecap=\"round\" stroke-linejoin=\"round\" fill=\"transparent\" \/>\n<\/svg>\n<\/div>\n\t\t<\/div>\n\n\t\t<\/a>\t<\/div>\n<\/div>\n\n\t\t\t<\/figure>\n\t\t\t\t\t<\/div>\n\t\t\n\t\t<div\t\tclass=\"vp-portfolio__item-wrap vp-portfolio__item-uid-f54526e5\" data-vp-filter=\"\" \t\t>\n\t\t\t<template class=\"vp-portfolio__item-popup\" style=\"display: none\" data-vp-popup-img=\"https:\/\/vdtarn.fr\/wp-content\/uploads\/2024\/01\/A_Cordes_sur_ciel-CASSIAU_Gregory-330.jpg\" data-vp-popup-img-srcset=\"https:\/\/vdtarn.fr\/wp-content\/uploads\/2024\/01\/A_Cordes_sur_ciel-CASSIAU_Gregory-330.jpg 1200w, https:\/\/vdtarn.fr\/wp-content\/uploads\/2024\/01\/A_Cordes_sur_ciel-CASSIAU_Gregory-330-300x200.jpg 300w, https:\/\/vdtarn.fr\/wp-content\/uploads\/2024\/01\/A_Cordes_sur_ciel-CASSIAU_Gregory-330-1024x683.jpg 1024w, https:\/\/vdtarn.fr\/wp-content\/uploads\/2024\/01\/A_Cordes_sur_ciel-CASSIAU_Gregory-330-768x512.jpg 768w, https:\/\/vdtarn.fr\/wp-content\/uploads\/2024\/01\/A_Cordes_sur_ciel-CASSIAU_Gregory-330-500x333.jpg 500w, https:\/\/vdtarn.fr\/wp-content\/uploads\/2024\/01\/A_Cordes_sur_ciel-CASSIAU_Gregory-330-800x533.jpg 800w\" data-vp-popup-img-size=\"1200x800\" data-vp-popup-md-img=\"https:\/\/vdtarn.fr\/wp-content\/uploads\/2024\/01\/A_Cordes_sur_ciel-CASSIAU_Gregory-330-800x533.jpg\" data-vp-popup-md-img-size=\"800x533\" data-vp-popup-sm-img=\"https:\/\/vdtarn.fr\/wp-content\/uploads\/2024\/01\/A_Cordes_sur_ciel-CASSIAU_Gregory-330-500x333.jpg\" data-vp-popup-sm-img-size=\"500x333\">\n\t\t\t<h3 class=\"vp-portfolio__item-popup-title\">A_Cordes_sur_ciel-CASSIAU_Gregory-330<\/h3>\n\t\t<\/template>\n\t\t\t\t\t\t<figure class=\"vp-portfolio__item\">\n\t\t\t\t\n<div class=\"vp-portfolio__item-img-wrap\">\n\t<div class=\"vp-portfolio__item-img\">\n\t\t\t<a\n\t\thref=\"https:\/\/vdtarn.fr\/wp-content\/uploads\/2024\/01\/A_Cordes_sur_ciel-CASSIAU_Gregory-330.jpg\"\n\t\taria-label=\"A_Cordes_sur_ciel-CASSIAU_Gregory-330\" \t>\n\t\n\t\t<noscript><img loading=\"lazy\" decoding=\"async\" width=\"1200\" height=\"800\" data-skip-lazy src=\"https:\/\/vdtarn.fr\/wp-content\/uploads\/2024\/01\/A_Cordes_sur_ciel-CASSIAU_Gregory-330.jpg\" class=\"wp-image-438\" alt=\"camping proche du plus beau village\" srcset=\"https:\/\/vdtarn.fr\/wp-content\/uploads\/2024\/01\/A_Cordes_sur_ciel-CASSIAU_Gregory-330.jpg 1200w, https:\/\/vdtarn.fr\/wp-content\/uploads\/2024\/01\/A_Cordes_sur_ciel-CASSIAU_Gregory-330-300x200.jpg 300w, https:\/\/vdtarn.fr\/wp-content\/uploads\/2024\/01\/A_Cordes_sur_ciel-CASSIAU_Gregory-330-1024x683.jpg 1024w, https:\/\/vdtarn.fr\/wp-content\/uploads\/2024\/01\/A_Cordes_sur_ciel-CASSIAU_Gregory-330-768x512.jpg 768w, https:\/\/vdtarn.fr\/wp-content\/uploads\/2024\/01\/A_Cordes_sur_ciel-CASSIAU_Gregory-330-500x333.jpg 500w, https:\/\/vdtarn.fr\/wp-content\/uploads\/2024\/01\/A_Cordes_sur_ciel-CASSIAU_Gregory-330-800x533.jpg 800w\" sizes=\"auto, (max-width: 1200px) 100vw, 1200px\" \/><\/noscript><img decoding=\"async\" width=\"1200\" height=\"800\" src=\"https:\/\/vdtarn.fr\/wp-content\/uploads\/2024\/01\/A_Cordes_sur_ciel-CASSIAU_Gregory-330.jpg\" class=\"wp-image-438 vp-lazyload\" alt=\"camping proche du plus beau village\" srcset=\"data:image\/svg+xml;base64,PHN2ZyB3aWR0aD0iMTIwMCIgaGVpZ2h0PSI4MDAiIHZpZXdCb3g9IjAgMCAxMjAwIDgwMCIgZmlsbD0ibm9uZSIgeG1sbnM9Imh0dHA6Ly93d3cudzMub3JnLzIwMDAvc3ZnIj48L3N2Zz4=\" data-src=\"https:\/\/vdtarn.fr\/wp-content\/uploads\/2024\/01\/A_Cordes_sur_ciel-CASSIAU_Gregory-330.jpg\" data-srcset=\"https:\/\/vdtarn.fr\/wp-content\/uploads\/2024\/01\/A_Cordes_sur_ciel-CASSIAU_Gregory-330.jpg 1200w, https:\/\/vdtarn.fr\/wp-content\/uploads\/2024\/01\/A_Cordes_sur_ciel-CASSIAU_Gregory-330-300x200.jpg 300w, https:\/\/vdtarn.fr\/wp-content\/uploads\/2024\/01\/A_Cordes_sur_ciel-CASSIAU_Gregory-330-1024x683.jpg 1024w, https:\/\/vdtarn.fr\/wp-content\/uploads\/2024\/01\/A_Cordes_sur_ciel-CASSIAU_Gregory-330-768x512.jpg 768w, https:\/\/vdtarn.fr\/wp-content\/uploads\/2024\/01\/A_Cordes_sur_ciel-CASSIAU_Gregory-330-500x333.jpg 500w, https:\/\/vdtarn.fr\/wp-content\/uploads\/2024\/01\/A_Cordes_sur_ciel-CASSIAU_Gregory-330-800x533.jpg 800w\" data-sizes=\"auto\" loading=\"eager\">\n\t\t<div class=\"vp-portfolio__item-overlay\">\n\t\t\t\n<div class=\"vp-portfolio__item-meta-icon\">\n\t\n<svg class=\"vp-svg-icon\" width=\"20\" height=\"20\" viewBox=\"0 0 20 20\" fill=\"none\" xmlns=\"http:\/\/www.w3.org\/2000\/svg\">\n\t<path d=\"M9 17C13.4183 17 17 13.4183 17 9C17 4.58172 13.4183 1 9 1C4.58172 1 1 4.58172 1 9C1 13.4183 4.58172 17 9 17Z\" stroke=\"currentColor\" stroke-width=\"1.5\" stroke-linecap=\"round\" stroke-linejoin=\"round\" fill=\"transparent\" \/>\n\t<path d=\"M19 19L14.65 14.65\" stroke=\"currentColor\" stroke-width=\"1.5\" stroke-linecap=\"round\" stroke-linejoin=\"round\" fill=\"transparent\" \/>\n<\/svg>\n<\/div>\n\t\t<\/div>\n\n\t\t<\/a>\t<\/div>\n<\/div>\n\n\t\t\t<\/figure>\n\t\t\t\t\t<\/div>\n\t\t\n\t\t<div\t\tclass=\"vp-portfolio__item-wrap vp-portfolio__item-uid-0c635f75\" data-vp-filter=\"\" \t\t>\n\t\t\t<template class=\"vp-portfolio__item-popup\" style=\"display: none\" data-vp-popup-img=\"https:\/\/vdtarn.fr\/wp-content\/uploads\/2024\/01\/A_Cordes_sur_ciel-CASSIAU_Gregory-331.jpg\" data-vp-popup-img-srcset=\"https:\/\/vdtarn.fr\/wp-content\/uploads\/2024\/01\/A_Cordes_sur_ciel-CASSIAU_Gregory-331.jpg 1200w, https:\/\/vdtarn.fr\/wp-content\/uploads\/2024\/01\/A_Cordes_sur_ciel-CASSIAU_Gregory-331-300x200.jpg 300w, https:\/\/vdtarn.fr\/wp-content\/uploads\/2024\/01\/A_Cordes_sur_ciel-CASSIAU_Gregory-331-1024x683.jpg 1024w, https:\/\/vdtarn.fr\/wp-content\/uploads\/2024\/01\/A_Cordes_sur_ciel-CASSIAU_Gregory-331-768x512.jpg 768w, https:\/\/vdtarn.fr\/wp-content\/uploads\/2024\/01\/A_Cordes_sur_ciel-CASSIAU_Gregory-331-500x333.jpg 500w, https:\/\/vdtarn.fr\/wp-content\/uploads\/2024\/01\/A_Cordes_sur_ciel-CASSIAU_Gregory-331-800x533.jpg 800w\" data-vp-popup-img-size=\"1200x800\" data-vp-popup-md-img=\"https:\/\/vdtarn.fr\/wp-content\/uploads\/2024\/01\/A_Cordes_sur_ciel-CASSIAU_Gregory-331-800x533.jpg\" data-vp-popup-md-img-size=\"800x533\" data-vp-popup-sm-img=\"https:\/\/vdtarn.fr\/wp-content\/uploads\/2024\/01\/A_Cordes_sur_ciel-CASSIAU_Gregory-331-500x333.jpg\" data-vp-popup-sm-img-size=\"500x333\">\n\t\t\t<h3 class=\"vp-portfolio__item-popup-title\">A_Cordes_sur_ciel-CASSIAU_Gregory-331<\/h3>\n\t\t<\/template>\n\t\t\t\t\t\t<figure class=\"vp-portfolio__item\">\n\t\t\t\t\n<div class=\"vp-portfolio__item-img-wrap\">\n\t<div class=\"vp-portfolio__item-img\">\n\t\t\t<a\n\t\thref=\"https:\/\/vdtarn.fr\/wp-content\/uploads\/2024\/01\/A_Cordes_sur_ciel-CASSIAU_Gregory-331.jpg\"\n\t\taria-label=\"A_Cordes_sur_ciel-CASSIAU_Gregory-331\" \t>\n\t\n\t\t<noscript><img loading=\"lazy\" decoding=\"async\" width=\"1200\" height=\"800\" data-skip-lazy src=\"https:\/\/vdtarn.fr\/wp-content\/uploads\/2024\/01\/A_Cordes_sur_ciel-CASSIAU_Gregory-331.jpg\" class=\"wp-image-440\" alt=\"plus beau village de France\" srcset=\"https:\/\/vdtarn.fr\/wp-content\/uploads\/2024\/01\/A_Cordes_sur_ciel-CASSIAU_Gregory-331.jpg 1200w, https:\/\/vdtarn.fr\/wp-content\/uploads\/2024\/01\/A_Cordes_sur_ciel-CASSIAU_Gregory-331-300x200.jpg 300w, https:\/\/vdtarn.fr\/wp-content\/uploads\/2024\/01\/A_Cordes_sur_ciel-CASSIAU_Gregory-331-1024x683.jpg 1024w, https:\/\/vdtarn.fr\/wp-content\/uploads\/2024\/01\/A_Cordes_sur_ciel-CASSIAU_Gregory-331-768x512.jpg 768w, https:\/\/vdtarn.fr\/wp-content\/uploads\/2024\/01\/A_Cordes_sur_ciel-CASSIAU_Gregory-331-500x333.jpg 500w, https:\/\/vdtarn.fr\/wp-content\/uploads\/2024\/01\/A_Cordes_sur_ciel-CASSIAU_Gregory-331-800x533.jpg 800w\" sizes=\"auto, (max-width: 1200px) 100vw, 1200px\" \/><\/noscript><img decoding=\"async\" width=\"1200\" height=\"800\" src=\"https:\/\/vdtarn.fr\/wp-content\/uploads\/2024\/01\/A_Cordes_sur_ciel-CASSIAU_Gregory-331.jpg\" class=\"wp-image-440 vp-lazyload\" alt=\"plus beau village de France\" srcset=\"data:image\/svg+xml;base64,PHN2ZyB3aWR0aD0iMTIwMCIgaGVpZ2h0PSI4MDAiIHZpZXdCb3g9IjAgMCAxMjAwIDgwMCIgZmlsbD0ibm9uZSIgeG1sbnM9Imh0dHA6Ly93d3cudzMub3JnLzIwMDAvc3ZnIj48L3N2Zz4=\" data-src=\"https:\/\/vdtarn.fr\/wp-content\/uploads\/2024\/01\/A_Cordes_sur_ciel-CASSIAU_Gregory-331.jpg\" data-srcset=\"https:\/\/vdtarn.fr\/wp-content\/uploads\/2024\/01\/A_Cordes_sur_ciel-CASSIAU_Gregory-331.jpg 1200w, https:\/\/vdtarn.fr\/wp-content\/uploads\/2024\/01\/A_Cordes_sur_ciel-CASSIAU_Gregory-331-300x200.jpg 300w, https:\/\/vdtarn.fr\/wp-content\/uploads\/2024\/01\/A_Cordes_sur_ciel-CASSIAU_Gregory-331-1024x683.jpg 1024w, https:\/\/vdtarn.fr\/wp-content\/uploads\/2024\/01\/A_Cordes_sur_ciel-CASSIAU_Gregory-331-768x512.jpg 768w, https:\/\/vdtarn.fr\/wp-content\/uploads\/2024\/01\/A_Cordes_sur_ciel-CASSIAU_Gregory-331-500x333.jpg 500w, https:\/\/vdtarn.fr\/wp-content\/uploads\/2024\/01\/A_Cordes_sur_ciel-CASSIAU_Gregory-331-800x533.jpg 800w\" data-sizes=\"auto\" loading=\"eager\">\n\t\t<div class=\"vp-portfolio__item-overlay\">\n\t\t\t\n<div class=\"vp-portfolio__item-meta-icon\">\n\t\n<svg class=\"vp-svg-icon\" width=\"20\" height=\"20\" viewBox=\"0 0 20 20\" fill=\"none\" xmlns=\"http:\/\/www.w3.org\/2000\/svg\">\n\t<path d=\"M9 17C13.4183 17 17 13.4183 17 9C17 4.58172 13.4183 1 9 1C4.58172 1 1 4.58172 1 9C1 13.4183 4.58172 17 9 17Z\" stroke=\"currentColor\" stroke-width=\"1.5\" stroke-linecap=\"round\" stroke-linejoin=\"round\" fill=\"transparent\" \/>\n\t<path d=\"M19 19L14.65 14.65\" stroke=\"currentColor\" stroke-width=\"1.5\" stroke-linecap=\"round\" stroke-linejoin=\"round\" fill=\"transparent\" \/>\n<\/svg>\n<\/div>\n\t\t<\/div>\n\n\t\t<\/a>\t<\/div>\n<\/div>\n\n\t\t\t<\/figure>\n\t\t\t\t\t<\/div>\n\t\t\n\t\t<div\t\tclass=\"vp-portfolio__item-wrap vp-portfolio__item-uid-7fba06e0\" data-vp-filter=\"\" \t\t>\n\t\t\t<template class=\"vp-portfolio__item-popup\" style=\"display: none\" data-vp-popup-img=\"https:\/\/vdtarn.fr\/wp-content\/uploads\/2024\/01\/A_Cordes_sur_ciel-CASSIAU_Gregory-332.jpg\" data-vp-popup-img-srcset=\"https:\/\/vdtarn.fr\/wp-content\/uploads\/2024\/01\/A_Cordes_sur_ciel-CASSIAU_Gregory-332.jpg 1200w, https:\/\/vdtarn.fr\/wp-content\/uploads\/2024\/01\/A_Cordes_sur_ciel-CASSIAU_Gregory-332-300x200.jpg 300w, https:\/\/vdtarn.fr\/wp-content\/uploads\/2024\/01\/A_Cordes_sur_ciel-CASSIAU_Gregory-332-1024x683.jpg 1024w, https:\/\/vdtarn.fr\/wp-content\/uploads\/2024\/01\/A_Cordes_sur_ciel-CASSIAU_Gregory-332-768x512.jpg 768w, https:\/\/vdtarn.fr\/wp-content\/uploads\/2024\/01\/A_Cordes_sur_ciel-CASSIAU_Gregory-332-500x333.jpg 500w, https:\/\/vdtarn.fr\/wp-content\/uploads\/2024\/01\/A_Cordes_sur_ciel-CASSIAU_Gregory-332-800x533.jpg 800w\" data-vp-popup-img-size=\"1200x800\" data-vp-popup-md-img=\"https:\/\/vdtarn.fr\/wp-content\/uploads\/2024\/01\/A_Cordes_sur_ciel-CASSIAU_Gregory-332-800x533.jpg\" data-vp-popup-md-img-size=\"800x533\" data-vp-popup-sm-img=\"https:\/\/vdtarn.fr\/wp-content\/uploads\/2024\/01\/A_Cordes_sur_ciel-CASSIAU_Gregory-332-500x333.jpg\" data-vp-popup-sm-img-size=\"500x333\">\n\t\t\t<h3 class=\"vp-portfolio__item-popup-title\">A_Cordes_sur_ciel-CASSIAU_Gregory-332<\/h3>\n\t\t<\/template>\n\t\t\t\t\t\t<figure class=\"vp-portfolio__item\">\n\t\t\t\t\n<div class=\"vp-portfolio__item-img-wrap\">\n\t<div class=\"vp-portfolio__item-img\">\n\t\t\t<a\n\t\thref=\"https:\/\/vdtarn.fr\/wp-content\/uploads\/2024\/01\/A_Cordes_sur_ciel-CASSIAU_Gregory-332.jpg\"\n\t\taria-label=\"A_Cordes_sur_ciel-CASSIAU_Gregory-332\" \t>\n\t\n\t\t<noscript><img loading=\"lazy\" decoding=\"async\" width=\"1200\" height=\"800\" data-skip-lazy src=\"https:\/\/vdtarn.fr\/wp-content\/uploads\/2024\/01\/A_Cordes_sur_ciel-CASSIAU_Gregory-332.jpg\" class=\"wp-image-442\" alt=\"visite du plus beau village de france\" srcset=\"https:\/\/vdtarn.fr\/wp-content\/uploads\/2024\/01\/A_Cordes_sur_ciel-CASSIAU_Gregory-332.jpg 1200w, https:\/\/vdtarn.fr\/wp-content\/uploads\/2024\/01\/A_Cordes_sur_ciel-CASSIAU_Gregory-332-300x200.jpg 300w, https:\/\/vdtarn.fr\/wp-content\/uploads\/2024\/01\/A_Cordes_sur_ciel-CASSIAU_Gregory-332-1024x683.jpg 1024w, https:\/\/vdtarn.fr\/wp-content\/uploads\/2024\/01\/A_Cordes_sur_ciel-CASSIAU_Gregory-332-768x512.jpg 768w, https:\/\/vdtarn.fr\/wp-content\/uploads\/2024\/01\/A_Cordes_sur_ciel-CASSIAU_Gregory-332-500x333.jpg 500w, https:\/\/vdtarn.fr\/wp-content\/uploads\/2024\/01\/A_Cordes_sur_ciel-CASSIAU_Gregory-332-800x533.jpg 800w\" sizes=\"auto, (max-width: 1200px) 100vw, 1200px\" \/><\/noscript><img decoding=\"async\" width=\"1200\" height=\"800\" src=\"https:\/\/vdtarn.fr\/wp-content\/uploads\/2024\/01\/A_Cordes_sur_ciel-CASSIAU_Gregory-332.jpg\" class=\"wp-image-442 vp-lazyload\" alt=\"visite du plus beau village de france\" srcset=\"data:image\/svg+xml;base64,PHN2ZyB3aWR0aD0iMTIwMCIgaGVpZ2h0PSI4MDAiIHZpZXdCb3g9IjAgMCAxMjAwIDgwMCIgZmlsbD0ibm9uZSIgeG1sbnM9Imh0dHA6Ly93d3cudzMub3JnLzIwMDAvc3ZnIj48L3N2Zz4=\" data-src=\"https:\/\/vdtarn.fr\/wp-content\/uploads\/2024\/01\/A_Cordes_sur_ciel-CASSIAU_Gregory-332.jpg\" data-srcset=\"https:\/\/vdtarn.fr\/wp-content\/uploads\/2024\/01\/A_Cordes_sur_ciel-CASSIAU_Gregory-332.jpg 1200w, https:\/\/vdtarn.fr\/wp-content\/uploads\/2024\/01\/A_Cordes_sur_ciel-CASSIAU_Gregory-332-300x200.jpg 300w, https:\/\/vdtarn.fr\/wp-content\/uploads\/2024\/01\/A_Cordes_sur_ciel-CASSIAU_Gregory-332-1024x683.jpg 1024w, https:\/\/vdtarn.fr\/wp-content\/uploads\/2024\/01\/A_Cordes_sur_ciel-CASSIAU_Gregory-332-768x512.jpg 768w, https:\/\/vdtarn.fr\/wp-content\/uploads\/2024\/01\/A_Cordes_sur_ciel-CASSIAU_Gregory-332-500x333.jpg 500w, https:\/\/vdtarn.fr\/wp-content\/uploads\/2024\/01\/A_Cordes_sur_ciel-CASSIAU_Gregory-332-800x533.jpg 800w\" data-sizes=\"auto\" loading=\"eager\">\n\t\t<div class=\"vp-portfolio__item-overlay\">\n\t\t\t\n<div class=\"vp-portfolio__item-meta-icon\">\n\t\n<svg class=\"vp-svg-icon\" width=\"20\" height=\"20\" viewBox=\"0 0 20 20\" fill=\"none\" xmlns=\"http:\/\/www.w3.org\/2000\/svg\">\n\t<path d=\"M9 17C13.4183 17 17 13.4183 17 9C17 4.58172 13.4183 1 9 1C4.58172 1 1 4.58172 1 9C1 13.4183 4.58172 17 9 17Z\" stroke=\"currentColor\" stroke-width=\"1.5\" stroke-linecap=\"round\" stroke-linejoin=\"round\" fill=\"transparent\" \/>\n\t<path d=\"M19 19L14.65 14.65\" stroke=\"currentColor\" stroke-width=\"1.5\" stroke-linecap=\"round\" stroke-linejoin=\"round\" fill=\"transparent\" \/>\n<\/svg>\n<\/div>\n\t\t<\/div>\n\n\t\t<\/a>\t<\/div>\n<\/div>\n\n\t\t\t<\/figure>\n\t\t\t\t\t<\/div>\n\t\t\n\t\t<div\t\tclass=\"vp-portfolio__item-wrap vp-portfolio__item-uid-2e65c4b0\" data-vp-filter=\"\" \t\t>\n\t\t\t<template class=\"vp-portfolio__item-popup\" style=\"display: none\" data-vp-popup-img=\"https:\/\/vdtarn.fr\/wp-content\/uploads\/2024\/01\/castelnau-de-montmiral-2-1024x768-1.jpg\" data-vp-popup-img-srcset=\"https:\/\/vdtarn.fr\/wp-content\/uploads\/2024\/01\/castelnau-de-montmiral-2-1024x768-1.jpg 1200w, https:\/\/vdtarn.fr\/wp-content\/uploads\/2024\/01\/castelnau-de-montmiral-2-1024x768-1-300x225.jpg 300w, https:\/\/vdtarn.fr\/wp-content\/uploads\/2024\/01\/castelnau-de-montmiral-2-1024x768-1-1024x768.jpg 1024w, https:\/\/vdtarn.fr\/wp-content\/uploads\/2024\/01\/castelnau-de-montmiral-2-1024x768-1-768x576.jpg 768w, https:\/\/vdtarn.fr\/wp-content\/uploads\/2024\/01\/castelnau-de-montmiral-2-1024x768-1-500x375.jpg 500w, https:\/\/vdtarn.fr\/wp-content\/uploads\/2024\/01\/castelnau-de-montmiral-2-1024x768-1-800x600.jpg 800w\" data-vp-popup-img-size=\"1200x900\" data-vp-popup-md-img=\"https:\/\/vdtarn.fr\/wp-content\/uploads\/2024\/01\/castelnau-de-montmiral-2-1024x768-1-800x600.jpg\" data-vp-popup-md-img-size=\"800x600\" data-vp-popup-sm-img=\"https:\/\/vdtarn.fr\/wp-content\/uploads\/2024\/01\/castelnau-de-montmiral-2-1024x768-1-500x375.jpg\" data-vp-popup-sm-img-size=\"500x375\">\n\t\t\t<h3 class=\"vp-portfolio__item-popup-title\">castelnau-de-montmiral-(2)-1024&#215;768<\/h3>\n\t\t<\/template>\n\t\t\t\t\t\t<figure class=\"vp-portfolio__item\">\n\t\t\t\t\n<div class=\"vp-portfolio__item-img-wrap\">\n\t<div class=\"vp-portfolio__item-img\">\n\t\t\t<a\n\t\thref=\"https:\/\/vdtarn.fr\/wp-content\/uploads\/2024\/01\/castelnau-de-montmiral-2-1024x768-1.jpg\"\n\t\taria-label=\"castelnau-de-montmiral-(2)-1024x768\" \t>\n\t\n\t\t<noscript><img loading=\"lazy\" decoding=\"async\" width=\"1200\" height=\"900\" data-skip-lazy src=\"https:\/\/vdtarn.fr\/wp-content\/uploads\/2024\/01\/castelnau-de-montmiral-2-1024x768-1.jpg\" class=\"wp-image-444\" alt=\"visite du plus beau village de france\" srcset=\"https:\/\/vdtarn.fr\/wp-content\/uploads\/2024\/01\/castelnau-de-montmiral-2-1024x768-1.jpg 1200w, https:\/\/vdtarn.fr\/wp-content\/uploads\/2024\/01\/castelnau-de-montmiral-2-1024x768-1-300x225.jpg 300w, https:\/\/vdtarn.fr\/wp-content\/uploads\/2024\/01\/castelnau-de-montmiral-2-1024x768-1-1024x768.jpg 1024w, https:\/\/vdtarn.fr\/wp-content\/uploads\/2024\/01\/castelnau-de-montmiral-2-1024x768-1-768x576.jpg 768w, https:\/\/vdtarn.fr\/wp-content\/uploads\/2024\/01\/castelnau-de-montmiral-2-1024x768-1-500x375.jpg 500w, https:\/\/vdtarn.fr\/wp-content\/uploads\/2024\/01\/castelnau-de-montmiral-2-1024x768-1-800x600.jpg 800w\" sizes=\"auto, (max-width: 1200px) 100vw, 1200px\" \/><\/noscript><img decoding=\"async\" width=\"1200\" height=\"900\" src=\"https:\/\/vdtarn.fr\/wp-content\/uploads\/2024\/01\/castelnau-de-montmiral-2-1024x768-1.jpg\" class=\"wp-image-444 vp-lazyload\" alt=\"visite du plus beau village de france\" srcset=\"data:image\/svg+xml;base64,PHN2ZyB3aWR0aD0iMTIwMCIgaGVpZ2h0PSI5MDAiIHZpZXdCb3g9IjAgMCAxMjAwIDkwMCIgZmlsbD0ibm9uZSIgeG1sbnM9Imh0dHA6Ly93d3cudzMub3JnLzIwMDAvc3ZnIj48L3N2Zz4=\" data-src=\"https:\/\/vdtarn.fr\/wp-content\/uploads\/2024\/01\/castelnau-de-montmiral-2-1024x768-1.jpg\" data-srcset=\"https:\/\/vdtarn.fr\/wp-content\/uploads\/2024\/01\/castelnau-de-montmiral-2-1024x768-1.jpg 1200w, https:\/\/vdtarn.fr\/wp-content\/uploads\/2024\/01\/castelnau-de-montmiral-2-1024x768-1-300x225.jpg 300w, https:\/\/vdtarn.fr\/wp-content\/uploads\/2024\/01\/castelnau-de-montmiral-2-1024x768-1-1024x768.jpg 1024w, https:\/\/vdtarn.fr\/wp-content\/uploads\/2024\/01\/castelnau-de-montmiral-2-1024x768-1-768x576.jpg 768w, https:\/\/vdtarn.fr\/wp-content\/uploads\/2024\/01\/castelnau-de-montmiral-2-1024x768-1-500x375.jpg 500w, https:\/\/vdtarn.fr\/wp-content\/uploads\/2024\/01\/castelnau-de-montmiral-2-1024x768-1-800x600.jpg 800w\" data-sizes=\"auto\" loading=\"eager\">\n\t\t<div class=\"vp-portfolio__item-overlay\">\n\t\t\t\n<div class=\"vp-portfolio__item-meta-icon\">\n\t\n<svg class=\"vp-svg-icon\" width=\"20\" height=\"20\" viewBox=\"0 0 20 20\" fill=\"none\" xmlns=\"http:\/\/www.w3.org\/2000\/svg\">\n\t<path d=\"M9 17C13.4183 17 17 13.4183 17 9C17 4.58172 13.4183 1 9 1C4.58172 1 1 4.58172 1 9C1 13.4183 4.58172 17 9 17Z\" stroke=\"currentColor\" stroke-width=\"1.5\" stroke-linecap=\"round\" stroke-linejoin=\"round\" fill=\"transparent\" \/>\n\t<path d=\"M19 19L14.65 14.65\" stroke=\"currentColor\" stroke-width=\"1.5\" stroke-linecap=\"round\" stroke-linejoin=\"round\" fill=\"transparent\" \/>\n<\/svg>\n<\/div>\n\t\t<\/div>\n\n\t\t<\/a>\t<\/div>\n<\/div>\n\n\t\t\t<\/figure>\n\t\t\t\t\t<\/div>\n\t\t\n\t\t<div\t\tclass=\"vp-portfolio__item-wrap vp-portfolio__item-uid-d2de0a72\" data-vp-filter=\"\" \t\t>\n\t\t\t<template class=\"vp-portfolio__item-popup\" style=\"display: none\" data-vp-popup-img=\"https:\/\/vdtarn.fr\/wp-content\/uploads\/2024\/01\/corde-1-1024x768-2.jpg\" data-vp-popup-img-srcset=\"https:\/\/vdtarn.fr\/wp-content\/uploads\/2024\/01\/corde-1-1024x768-2.jpg 1200w, https:\/\/vdtarn.fr\/wp-content\/uploads\/2024\/01\/corde-1-1024x768-2-300x225.jpg 300w, https:\/\/vdtarn.fr\/wp-content\/uploads\/2024\/01\/corde-1-1024x768-2-1024x768.jpg 1024w, https:\/\/vdtarn.fr\/wp-content\/uploads\/2024\/01\/corde-1-1024x768-2-768x576.jpg 768w, https:\/\/vdtarn.fr\/wp-content\/uploads\/2024\/01\/corde-1-1024x768-2-500x375.jpg 500w, https:\/\/vdtarn.fr\/wp-content\/uploads\/2024\/01\/corde-1-1024x768-2-800x600.jpg 800w\" data-vp-popup-img-size=\"1200x900\" data-vp-popup-md-img=\"https:\/\/vdtarn.fr\/wp-content\/uploads\/2024\/01\/corde-1-1024x768-2-800x600.jpg\" data-vp-popup-md-img-size=\"800x600\" data-vp-popup-sm-img=\"https:\/\/vdtarn.fr\/wp-content\/uploads\/2024\/01\/corde-1-1024x768-2-500x375.jpg\" data-vp-popup-sm-img-size=\"500x375\">\n\t\t\t<h3 class=\"vp-portfolio__item-popup-title\">cuerda-1-1024&#215;768<\/h3>\n\t\t<\/template>\n\t\t\t\t\t\t<figure class=\"vp-portfolio__item\">\n\t\t\t\t\n<div class=\"vp-portfolio__item-img-wrap\">\n\t<div class=\"vp-portfolio__item-img\">\n\t\t\t<a\n\t\thref=\"https:\/\/vdtarn.fr\/wp-content\/uploads\/2024\/01\/corde-1-1024x768-2.jpg\"\n\t\taria-label=\"cuerda-1-1024x768\" \t>\n\t\n\t\t<noscript><img loading=\"lazy\" decoding=\"async\" width=\"1200\" height=\"900\" data-skip-lazy src=\"https:\/\/vdtarn.fr\/wp-content\/uploads\/2024\/01\/corde-1-1024x768-2.jpg\" class=\"wp-image-446\" alt=\"visite village Tarn\" srcset=\"https:\/\/vdtarn.fr\/wp-content\/uploads\/2024\/01\/corde-1-1024x768-2.jpg 1200w, https:\/\/vdtarn.fr\/wp-content\/uploads\/2024\/01\/corde-1-1024x768-2-300x225.jpg 300w, https:\/\/vdtarn.fr\/wp-content\/uploads\/2024\/01\/corde-1-1024x768-2-1024x768.jpg 1024w, https:\/\/vdtarn.fr\/wp-content\/uploads\/2024\/01\/corde-1-1024x768-2-768x576.jpg 768w, https:\/\/vdtarn.fr\/wp-content\/uploads\/2024\/01\/corde-1-1024x768-2-500x375.jpg 500w, https:\/\/vdtarn.fr\/wp-content\/uploads\/2024\/01\/corde-1-1024x768-2-800x600.jpg 800w\" sizes=\"auto, (max-width: 1200px) 100vw, 1200px\" \/><\/noscript><img decoding=\"async\" width=\"1200\" height=\"900\" src=\"https:\/\/vdtarn.fr\/wp-content\/uploads\/2024\/01\/corde-1-1024x768-2.jpg\" class=\"wp-image-446 vp-lazyload\" alt=\"visite village Tarn\" srcset=\"data:image\/svg+xml;base64,PHN2ZyB3aWR0aD0iMTIwMCIgaGVpZ2h0PSI5MDAiIHZpZXdCb3g9IjAgMCAxMjAwIDkwMCIgZmlsbD0ibm9uZSIgeG1sbnM9Imh0dHA6Ly93d3cudzMub3JnLzIwMDAvc3ZnIj48L3N2Zz4=\" data-src=\"https:\/\/vdtarn.fr\/wp-content\/uploads\/2024\/01\/corde-1-1024x768-2.jpg\" data-srcset=\"https:\/\/vdtarn.fr\/wp-content\/uploads\/2024\/01\/corde-1-1024x768-2.jpg 1200w, https:\/\/vdtarn.fr\/wp-content\/uploads\/2024\/01\/corde-1-1024x768-2-300x225.jpg 300w, https:\/\/vdtarn.fr\/wp-content\/uploads\/2024\/01\/corde-1-1024x768-2-1024x768.jpg 1024w, https:\/\/vdtarn.fr\/wp-content\/uploads\/2024\/01\/corde-1-1024x768-2-768x576.jpg 768w, https:\/\/vdtarn.fr\/wp-content\/uploads\/2024\/01\/corde-1-1024x768-2-500x375.jpg 500w, https:\/\/vdtarn.fr\/wp-content\/uploads\/2024\/01\/corde-1-1024x768-2-800x600.jpg 800w\" data-sizes=\"auto\" loading=\"eager\">\n\t\t<div class=\"vp-portfolio__item-overlay\">\n\t\t\t\n<div class=\"vp-portfolio__item-meta-icon\">\n\t\n<svg class=\"vp-svg-icon\" width=\"20\" height=\"20\" viewBox=\"0 0 20 20\" fill=\"none\" xmlns=\"http:\/\/www.w3.org\/2000\/svg\">\n\t<path d=\"M9 17C13.4183 17 17 13.4183 17 9C17 4.58172 13.4183 1 9 1C4.58172 1 1 4.58172 1 9C1 13.4183 4.58172 17 9 17Z\" stroke=\"currentColor\" stroke-width=\"1.5\" stroke-linecap=\"round\" stroke-linejoin=\"round\" fill=\"transparent\" \/>\n\t<path d=\"M19 19L14.65 14.65\" stroke=\"currentColor\" stroke-width=\"1.5\" stroke-linecap=\"round\" stroke-linejoin=\"round\" fill=\"transparent\" \/>\n<\/svg>\n<\/div>\n\t\t<\/div>\n\n\t\t<\/a>\t<\/div>\n<\/div>\n\n\t\t\t<\/figure>\n\t\t\t\t\t<\/div>\n\t\t\n\t\t<div\t\tclass=\"vp-portfolio__item-wrap vp-portfolio__item-uid-8dda4010\" data-vp-filter=\"\" \t\t>\n\t\t\t<template class=\"vp-portfolio__item-popup\" style=\"display: none\" data-vp-popup-img=\"https:\/\/vdtarn.fr\/wp-content\/uploads\/2024\/01\/corde-2-768x1024-1.jpg\" data-vp-popup-img-srcset=\"https:\/\/vdtarn.fr\/wp-content\/uploads\/2024\/01\/corde-2-768x1024-1.jpg 900w, https:\/\/vdtarn.fr\/wp-content\/uploads\/2024\/01\/corde-2-768x1024-1-225x300.jpg 225w, https:\/\/vdtarn.fr\/wp-content\/uploads\/2024\/01\/corde-2-768x1024-1-768x1024.jpg 768w, https:\/\/vdtarn.fr\/wp-content\/uploads\/2024\/01\/corde-2-768x1024-1-500x667.jpg 500w, https:\/\/vdtarn.fr\/wp-content\/uploads\/2024\/01\/corde-2-768x1024-1-800x1067.jpg 800w\" data-vp-popup-img-size=\"900x1200\" data-vp-popup-md-img=\"https:\/\/vdtarn.fr\/wp-content\/uploads\/2024\/01\/corde-2-768x1024-1-800x1067.jpg\" data-vp-popup-md-img-size=\"800x1067\" data-vp-popup-sm-img=\"https:\/\/vdtarn.fr\/wp-content\/uploads\/2024\/01\/corde-2-768x1024-1-500x667.jpg\" data-vp-popup-sm-img-size=\"500x667\">\n\t\t\t<h3 class=\"vp-portfolio__item-popup-title\">cuerda-2-768&#215;1024<\/h3>\n\t\t<\/template>\n\t\t\t\t\t\t<figure class=\"vp-portfolio__item\">\n\t\t\t\t\n<div class=\"vp-portfolio__item-img-wrap\">\n\t<div class=\"vp-portfolio__item-img\">\n\t\t\t<a\n\t\thref=\"https:\/\/vdtarn.fr\/wp-content\/uploads\/2024\/01\/corde-2-768x1024-1.jpg\"\n\t\taria-label=\"cuerda-2-768x1024\" \t>\n\t\n\t\t<noscript><img loading=\"lazy\" decoding=\"async\" width=\"900\" height=\"1200\" data-skip-lazy src=\"https:\/\/vdtarn.fr\/wp-content\/uploads\/2024\/01\/corde-2-768x1024-1.jpg\" class=\"wp-image-448\" alt=\"village du Tarn\" srcset=\"https:\/\/vdtarn.fr\/wp-content\/uploads\/2024\/01\/corde-2-768x1024-1.jpg 900w, https:\/\/vdtarn.fr\/wp-content\/uploads\/2024\/01\/corde-2-768x1024-1-225x300.jpg 225w, https:\/\/vdtarn.fr\/wp-content\/uploads\/2024\/01\/corde-2-768x1024-1-768x1024.jpg 768w, https:\/\/vdtarn.fr\/wp-content\/uploads\/2024\/01\/corde-2-768x1024-1-500x667.jpg 500w, https:\/\/vdtarn.fr\/wp-content\/uploads\/2024\/01\/corde-2-768x1024-1-800x1067.jpg 800w\" sizes=\"auto, (max-width: 900px) 100vw, 900px\" \/><\/noscript><img decoding=\"async\" width=\"900\" height=\"1200\" src=\"https:\/\/vdtarn.fr\/wp-content\/uploads\/2024\/01\/corde-2-768x1024-1.jpg\" class=\"wp-image-448 vp-lazyload\" alt=\"village du Tarn\" srcset=\"data:image\/svg+xml;base64,PHN2ZyB3aWR0aD0iOTAwIiBoZWlnaHQ9IjEyMDAiIHZpZXdCb3g9IjAgMCA5MDAgMTIwMCIgZmlsbD0ibm9uZSIgeG1sbnM9Imh0dHA6Ly93d3cudzMub3JnLzIwMDAvc3ZnIj48L3N2Zz4=\" data-src=\"https:\/\/vdtarn.fr\/wp-content\/uploads\/2024\/01\/corde-2-768x1024-1.jpg\" data-srcset=\"https:\/\/vdtarn.fr\/wp-content\/uploads\/2024\/01\/corde-2-768x1024-1.jpg 900w, https:\/\/vdtarn.fr\/wp-content\/uploads\/2024\/01\/corde-2-768x1024-1-225x300.jpg 225w, https:\/\/vdtarn.fr\/wp-content\/uploads\/2024\/01\/corde-2-768x1024-1-768x1024.jpg 768w, https:\/\/vdtarn.fr\/wp-content\/uploads\/2024\/01\/corde-2-768x1024-1-500x667.jpg 500w, https:\/\/vdtarn.fr\/wp-content\/uploads\/2024\/01\/corde-2-768x1024-1-800x1067.jpg 800w\" data-sizes=\"auto\" loading=\"eager\">\n\t\t<div class=\"vp-portfolio__item-overlay\">\n\t\t\t\n<div class=\"vp-portfolio__item-meta-icon\">\n\t\n<svg class=\"vp-svg-icon\" width=\"20\" height=\"20\" viewBox=\"0 0 20 20\" fill=\"none\" xmlns=\"http:\/\/www.w3.org\/2000\/svg\">\n\t<path d=\"M9 17C13.4183 17 17 13.4183 17 9C17 4.58172 13.4183 1 9 1C4.58172 1 1 4.58172 1 9C1 13.4183 4.58172 17 9 17Z\" stroke=\"currentColor\" stroke-width=\"1.5\" stroke-linecap=\"round\" stroke-linejoin=\"round\" fill=\"transparent\" \/>\n\t<path d=\"M19 19L14.65 14.65\" stroke=\"currentColor\" stroke-width=\"1.5\" stroke-linecap=\"round\" stroke-linejoin=\"round\" fill=\"transparent\" \/>\n<\/svg>\n<\/div>\n\t\t<\/div>\n\n\t\t<\/a>\t<\/div>\n<\/div>\n\n\t\t\t<\/figure>\n\t\t\t\t\t<\/div>\n\t\t\n\t\t<div\t\tclass=\"vp-portfolio__item-wrap vp-portfolio__item-uid-c279e935\" data-vp-filter=\"\" \t\t>\n\t\t\t<template class=\"vp-portfolio__item-popup\" style=\"display: none\" data-vp-popup-img=\"https:\/\/vdtarn.fr\/wp-content\/uploads\/2024\/01\/corde3-768x1024-2.jpg\" data-vp-popup-img-srcset=\"https:\/\/vdtarn.fr\/wp-content\/uploads\/2024\/01\/corde3-768x1024-2.jpg 900w, https:\/\/vdtarn.fr\/wp-content\/uploads\/2024\/01\/corde3-768x1024-2-225x300.jpg 225w, https:\/\/vdtarn.fr\/wp-content\/uploads\/2024\/01\/corde3-768x1024-2-768x1024.jpg 768w, https:\/\/vdtarn.fr\/wp-content\/uploads\/2024\/01\/corde3-768x1024-2-500x667.jpg 500w, https:\/\/vdtarn.fr\/wp-content\/uploads\/2024\/01\/corde3-768x1024-2-800x1067.jpg 800w\" data-vp-popup-img-size=\"900x1200\" data-vp-popup-md-img=\"https:\/\/vdtarn.fr\/wp-content\/uploads\/2024\/01\/corde3-768x1024-2-800x1067.jpg\" data-vp-popup-md-img-size=\"800x1067\" data-vp-popup-sm-img=\"https:\/\/vdtarn.fr\/wp-content\/uploads\/2024\/01\/corde3-768x1024-2-500x667.jpg\" data-vp-popup-sm-img-size=\"500x667\">\n\t\t\t<h3 class=\"vp-portfolio__item-popup-title\">cuerda3-768&#215;1024<\/h3>\n\t\t<\/template>\n\t\t\t\t\t\t<figure class=\"vp-portfolio__item\">\n\t\t\t\t\n<div class=\"vp-portfolio__item-img-wrap\">\n\t<div class=\"vp-portfolio__item-img\">\n\t\t\t<a\n\t\thref=\"https:\/\/vdtarn.fr\/wp-content\/uploads\/2024\/01\/corde3-768x1024-2.jpg\"\n\t\taria-label=\"cuerda3-768x1024\" \t>\n\t\n\t\t<noscript><img loading=\"lazy\" decoding=\"async\" width=\"900\" height=\"1200\" data-skip-lazy src=\"https:\/\/vdtarn.fr\/wp-content\/uploads\/2024\/01\/corde3-768x1024-2.jpg\" class=\"wp-image-450\" alt=\"Cordes sur Ciel village du Tarn\" srcset=\"https:\/\/vdtarn.fr\/wp-content\/uploads\/2024\/01\/corde3-768x1024-2.jpg 900w, https:\/\/vdtarn.fr\/wp-content\/uploads\/2024\/01\/corde3-768x1024-2-225x300.jpg 225w, https:\/\/vdtarn.fr\/wp-content\/uploads\/2024\/01\/corde3-768x1024-2-768x1024.jpg 768w, https:\/\/vdtarn.fr\/wp-content\/uploads\/2024\/01\/corde3-768x1024-2-500x667.jpg 500w, https:\/\/vdtarn.fr\/wp-content\/uploads\/2024\/01\/corde3-768x1024-2-800x1067.jpg 800w\" sizes=\"auto, (max-width: 900px) 100vw, 900px\" \/><\/noscript><img decoding=\"async\" width=\"900\" height=\"1200\" src=\"https:\/\/vdtarn.fr\/wp-content\/uploads\/2024\/01\/corde3-768x1024-2.jpg\" class=\"wp-image-450 vp-lazyload\" alt=\"Cordes sur Ciel village du Tarn\" srcset=\"data:image\/svg+xml;base64,PHN2ZyB3aWR0aD0iOTAwIiBoZWlnaHQ9IjEyMDAiIHZpZXdCb3g9IjAgMCA5MDAgMTIwMCIgZmlsbD0ibm9uZSIgeG1sbnM9Imh0dHA6Ly93d3cudzMub3JnLzIwMDAvc3ZnIj48L3N2Zz4=\" data-src=\"https:\/\/vdtarn.fr\/wp-content\/uploads\/2024\/01\/corde3-768x1024-2.jpg\" data-srcset=\"https:\/\/vdtarn.fr\/wp-content\/uploads\/2024\/01\/corde3-768x1024-2.jpg 900w, https:\/\/vdtarn.fr\/wp-content\/uploads\/2024\/01\/corde3-768x1024-2-225x300.jpg 225w, https:\/\/vdtarn.fr\/wp-content\/uploads\/2024\/01\/corde3-768x1024-2-768x1024.jpg 768w, https:\/\/vdtarn.fr\/wp-content\/uploads\/2024\/01\/corde3-768x1024-2-500x667.jpg 500w, https:\/\/vdtarn.fr\/wp-content\/uploads\/2024\/01\/corde3-768x1024-2-800x1067.jpg 800w\" data-sizes=\"auto\" loading=\"eager\">\n\t\t<div class=\"vp-portfolio__item-overlay\">\n\t\t\t\n<div class=\"vp-portfolio__item-meta-icon\">\n\t\n<svg class=\"vp-svg-icon\" width=\"20\" height=\"20\" viewBox=\"0 0 20 20\" fill=\"none\" xmlns=\"http:\/\/www.w3.org\/2000\/svg\">\n\t<path d=\"M9 17C13.4183 17 17 13.4183 17 9C17 4.58172 13.4183 1 9 1C4.58172 1 1 4.58172 1 9C1 13.4183 4.58172 17 9 17Z\" stroke=\"currentColor\" stroke-width=\"1.5\" stroke-linecap=\"round\" stroke-linejoin=\"round\" fill=\"transparent\" \/>\n\t<path d=\"M19 19L14.65 14.65\" stroke=\"currentColor\" stroke-width=\"1.5\" stroke-linecap=\"round\" stroke-linejoin=\"round\" fill=\"transparent\" \/>\n<\/svg>\n<\/div>\n\t\t<\/div>\n\n\t\t<\/a>\t<\/div>\n<\/div>\n\n\t\t\t<\/figure>\n\t\t\t\t\t<\/div>\n\t\t\n\t\t<div\t\tclass=\"vp-portfolio__item-wrap vp-portfolio__item-uid-94cbef7c\" data-vp-filter=\"\" \t\t>\n\t\t\t<template class=\"vp-portfolio__item-popup\" style=\"display: none\" data-vp-popup-img=\"https:\/\/vdtarn.fr\/wp-content\/uploads\/2024\/01\/Cordes_sur_ciel-VIET_Dominique-1178.jpg\" data-vp-popup-img-srcset=\"https:\/\/vdtarn.fr\/wp-content\/uploads\/2024\/01\/Cordes_sur_ciel-VIET_Dominique-1178.jpg 1200w, https:\/\/vdtarn.fr\/wp-content\/uploads\/2024\/01\/Cordes_sur_ciel-VIET_Dominique-1178-300x225.jpg 300w, https:\/\/vdtarn.fr\/wp-content\/uploads\/2024\/01\/Cordes_sur_ciel-VIET_Dominique-1178-1024x768.jpg 1024w, https:\/\/vdtarn.fr\/wp-content\/uploads\/2024\/01\/Cordes_sur_ciel-VIET_Dominique-1178-768x576.jpg 768w, https:\/\/vdtarn.fr\/wp-content\/uploads\/2024\/01\/Cordes_sur_ciel-VIET_Dominique-1178-500x375.jpg 500w, https:\/\/vdtarn.fr\/wp-content\/uploads\/2024\/01\/Cordes_sur_ciel-VIET_Dominique-1178-800x600.jpg 800w\" data-vp-popup-img-size=\"1200x900\" data-vp-popup-md-img=\"https:\/\/vdtarn.fr\/wp-content\/uploads\/2024\/01\/Cordes_sur_ciel-VIET_Dominique-1178-800x600.jpg\" data-vp-popup-md-img-size=\"800x600\" data-vp-popup-sm-img=\"https:\/\/vdtarn.fr\/wp-content\/uploads\/2024\/01\/Cordes_sur_ciel-VIET_Dominique-1178-500x375.jpg\" data-vp-popup-sm-img-size=\"500x375\">\n\t\t\t<h3 class=\"vp-portfolio__item-popup-title\">Cordes_sur_ciel-VIET_Dominique-1178<\/h3>\n\t\t<\/template>\n\t\t\t\t\t\t<figure class=\"vp-portfolio__item\">\n\t\t\t\t\n<div class=\"vp-portfolio__item-img-wrap\">\n\t<div class=\"vp-portfolio__item-img\">\n\t\t\t<a\n\t\thref=\"https:\/\/vdtarn.fr\/wp-content\/uploads\/2024\/01\/Cordes_sur_ciel-VIET_Dominique-1178.jpg\"\n\t\taria-label=\"Cordes_sur_ciel-VIET_Dominique-1178\" \t>\n\t\n\t\t<noscript><img loading=\"lazy\" decoding=\"async\" width=\"1200\" height=\"900\" data-skip-lazy src=\"https:\/\/vdtarn.fr\/wp-content\/uploads\/2024\/01\/Cordes_sur_ciel-VIET_Dominique-1178.jpg\" class=\"wp-image-452\" alt=\"Cordes sur Ciel village du Tarn\" srcset=\"https:\/\/vdtarn.fr\/wp-content\/uploads\/2024\/01\/Cordes_sur_ciel-VIET_Dominique-1178.jpg 1200w, https:\/\/vdtarn.fr\/wp-content\/uploads\/2024\/01\/Cordes_sur_ciel-VIET_Dominique-1178-300x225.jpg 300w, https:\/\/vdtarn.fr\/wp-content\/uploads\/2024\/01\/Cordes_sur_ciel-VIET_Dominique-1178-1024x768.jpg 1024w, https:\/\/vdtarn.fr\/wp-content\/uploads\/2024\/01\/Cordes_sur_ciel-VIET_Dominique-1178-768x576.jpg 768w, https:\/\/vdtarn.fr\/wp-content\/uploads\/2024\/01\/Cordes_sur_ciel-VIET_Dominique-1178-500x375.jpg 500w, https:\/\/vdtarn.fr\/wp-content\/uploads\/2024\/01\/Cordes_sur_ciel-VIET_Dominique-1178-800x600.jpg 800w\" sizes=\"auto, (max-width: 1200px) 100vw, 1200px\" \/><\/noscript><img decoding=\"async\" width=\"1200\" height=\"900\" src=\"https:\/\/vdtarn.fr\/wp-content\/uploads\/2024\/01\/Cordes_sur_ciel-VIET_Dominique-1178.jpg\" class=\"wp-image-452 vp-lazyload\" alt=\"Cordes sur Ciel village du Tarn\" srcset=\"data:image\/svg+xml;base64,PHN2ZyB3aWR0aD0iMTIwMCIgaGVpZ2h0PSI5MDAiIHZpZXdCb3g9IjAgMCAxMjAwIDkwMCIgZmlsbD0ibm9uZSIgeG1sbnM9Imh0dHA6Ly93d3cudzMub3JnLzIwMDAvc3ZnIj48L3N2Zz4=\" data-src=\"https:\/\/vdtarn.fr\/wp-content\/uploads\/2024\/01\/Cordes_sur_ciel-VIET_Dominique-1178.jpg\" data-srcset=\"https:\/\/vdtarn.fr\/wp-content\/uploads\/2024\/01\/Cordes_sur_ciel-VIET_Dominique-1178.jpg 1200w, https:\/\/vdtarn.fr\/wp-content\/uploads\/2024\/01\/Cordes_sur_ciel-VIET_Dominique-1178-300x225.jpg 300w, https:\/\/vdtarn.fr\/wp-content\/uploads\/2024\/01\/Cordes_sur_ciel-VIET_Dominique-1178-1024x768.jpg 1024w, https:\/\/vdtarn.fr\/wp-content\/uploads\/2024\/01\/Cordes_sur_ciel-VIET_Dominique-1178-768x576.jpg 768w, https:\/\/vdtarn.fr\/wp-content\/uploads\/2024\/01\/Cordes_sur_ciel-VIET_Dominique-1178-500x375.jpg 500w, https:\/\/vdtarn.fr\/wp-content\/uploads\/2024\/01\/Cordes_sur_ciel-VIET_Dominique-1178-800x600.jpg 800w\" data-sizes=\"auto\" loading=\"eager\">\n\t\t<div class=\"vp-portfolio__item-overlay\">\n\t\t\t\n<div class=\"vp-portfolio__item-meta-icon\">\n\t\n<svg class=\"vp-svg-icon\" width=\"20\" height=\"20\" viewBox=\"0 0 20 20\" fill=\"none\" xmlns=\"http:\/\/www.w3.org\/2000\/svg\">\n\t<path d=\"M9 17C13.4183 17 17 13.4183 17 9C17 4.58172 13.4183 1 9 1C4.58172 1 1 4.58172 1 9C1 13.4183 4.58172 17 9 17Z\" stroke=\"currentColor\" stroke-width=\"1.5\" stroke-linecap=\"round\" stroke-linejoin=\"round\" fill=\"transparent\" \/>\n\t<path d=\"M19 19L14.65 14.65\" stroke=\"currentColor\" stroke-width=\"1.5\" stroke-linecap=\"round\" stroke-linejoin=\"round\" fill=\"transparent\" \/>\n<\/svg>\n<\/div>\n\t\t<\/div>\n\n\t\t<\/a>\t<\/div>\n<\/div>\n\n\t\t\t<\/figure>\n\t\t\t\t\t<\/div>\n\t\t\n\t\t<div\t\tclass=\"vp-portfolio__item-wrap vp-portfolio__item-uid-5b00cda6\" data-vp-filter=\"\" \t\t>\n\t\t\t<template class=\"vp-portfolio__item-popup\" style=\"display: none\" data-vp-popup-img=\"https:\/\/vdtarn.fr\/wp-content\/uploads\/2024\/01\/milhars-1024x768-1.jpg\" data-vp-popup-img-srcset=\"https:\/\/vdtarn.fr\/wp-content\/uploads\/2024\/01\/milhars-1024x768-1.jpg 1200w, https:\/\/vdtarn.fr\/wp-content\/uploads\/2024\/01\/milhars-1024x768-1-300x225.jpg 300w, https:\/\/vdtarn.fr\/wp-content\/uploads\/2024\/01\/milhars-1024x768-1-1024x768.jpg 1024w, https:\/\/vdtarn.fr\/wp-content\/uploads\/2024\/01\/milhars-1024x768-1-768x576.jpg 768w, https:\/\/vdtarn.fr\/wp-content\/uploads\/2024\/01\/milhars-1024x768-1-500x375.jpg 500w, https:\/\/vdtarn.fr\/wp-content\/uploads\/2024\/01\/milhars-1024x768-1-800x600.jpg 800w\" data-vp-popup-img-size=\"1200x900\" data-vp-popup-md-img=\"https:\/\/vdtarn.fr\/wp-content\/uploads\/2024\/01\/milhars-1024x768-1-800x600.jpg\" data-vp-popup-md-img-size=\"800x600\" data-vp-popup-sm-img=\"https:\/\/vdtarn.fr\/wp-content\/uploads\/2024\/01\/milhars-1024x768-1-500x375.jpg\" data-vp-popup-sm-img-size=\"500x375\">\n\t\t\t<h3 class=\"vp-portfolio__item-popup-title\">milhars-1024&#215;768<\/h3>\n\t\t<\/template>\n\t\t\t\t\t\t<figure class=\"vp-portfolio__item\">\n\t\t\t\t\n<div class=\"vp-portfolio__item-img-wrap\">\n\t<div class=\"vp-portfolio__item-img\">\n\t\t\t<a\n\t\thref=\"https:\/\/vdtarn.fr\/wp-content\/uploads\/2024\/01\/milhars-1024x768-1.jpg\"\n\t\taria-label=\"milhars-1024x768\" \t>\n\t\n\t\t<noscript><img loading=\"lazy\" decoding=\"async\" width=\"1200\" height=\"900\" data-skip-lazy src=\"https:\/\/vdtarn.fr\/wp-content\/uploads\/2024\/01\/milhars-1024x768-1.jpg\" class=\"wp-image-454\" alt=\"Cordes sur Ciel village du Tarn\" srcset=\"https:\/\/vdtarn.fr\/wp-content\/uploads\/2024\/01\/milhars-1024x768-1.jpg 1200w, https:\/\/vdtarn.fr\/wp-content\/uploads\/2024\/01\/milhars-1024x768-1-300x225.jpg 300w, https:\/\/vdtarn.fr\/wp-content\/uploads\/2024\/01\/milhars-1024x768-1-1024x768.jpg 1024w, https:\/\/vdtarn.fr\/wp-content\/uploads\/2024\/01\/milhars-1024x768-1-768x576.jpg 768w, https:\/\/vdtarn.fr\/wp-content\/uploads\/2024\/01\/milhars-1024x768-1-500x375.jpg 500w, https:\/\/vdtarn.fr\/wp-content\/uploads\/2024\/01\/milhars-1024x768-1-800x600.jpg 800w\" sizes=\"auto, (max-width: 1200px) 100vw, 1200px\" \/><\/noscript><img decoding=\"async\" width=\"1200\" height=\"900\" src=\"https:\/\/vdtarn.fr\/wp-content\/uploads\/2024\/01\/milhars-1024x768-1.jpg\" class=\"wp-image-454 vp-lazyload\" alt=\"Cordes sur Ciel village du Tarn\" srcset=\"data:image\/svg+xml;base64,PHN2ZyB3aWR0aD0iMTIwMCIgaGVpZ2h0PSI5MDAiIHZpZXdCb3g9IjAgMCAxMjAwIDkwMCIgZmlsbD0ibm9uZSIgeG1sbnM9Imh0dHA6Ly93d3cudzMub3JnLzIwMDAvc3ZnIj48L3N2Zz4=\" data-src=\"https:\/\/vdtarn.fr\/wp-content\/uploads\/2024\/01\/milhars-1024x768-1.jpg\" data-srcset=\"https:\/\/vdtarn.fr\/wp-content\/uploads\/2024\/01\/milhars-1024x768-1.jpg 1200w, https:\/\/vdtarn.fr\/wp-content\/uploads\/2024\/01\/milhars-1024x768-1-300x225.jpg 300w, https:\/\/vdtarn.fr\/wp-content\/uploads\/2024\/01\/milhars-1024x768-1-1024x768.jpg 1024w, https:\/\/vdtarn.fr\/wp-content\/uploads\/2024\/01\/milhars-1024x768-1-768x576.jpg 768w, https:\/\/vdtarn.fr\/wp-content\/uploads\/2024\/01\/milhars-1024x768-1-500x375.jpg 500w, https:\/\/vdtarn.fr\/wp-content\/uploads\/2024\/01\/milhars-1024x768-1-800x600.jpg 800w\" data-sizes=\"auto\" loading=\"eager\">\n\t\t<div class=\"vp-portfolio__item-overlay\">\n\t\t\t\n<div class=\"vp-portfolio__item-meta-icon\">\n\t\n<svg class=\"vp-svg-icon\" width=\"20\" height=\"20\" viewBox=\"0 0 20 20\" fill=\"none\" xmlns=\"http:\/\/www.w3.org\/2000\/svg\">\n\t<path d=\"M9 17C13.4183 17 17 13.4183 17 9C17 4.58172 13.4183 1 9 1C4.58172 1 1 4.58172 1 9C1 13.4183 4.58172 17 9 17Z\" stroke=\"currentColor\" stroke-width=\"1.5\" stroke-linecap=\"round\" stroke-linejoin=\"round\" fill=\"transparent\" \/>\n\t<path d=\"M19 19L14.65 14.65\" stroke=\"currentColor\" stroke-width=\"1.5\" stroke-linecap=\"round\" stroke-linejoin=\"round\" fill=\"transparent\" \/>\n<\/svg>\n<\/div>\n\t\t<\/div>\n\n\t\t<\/a>\t<\/div>\n<\/div>\n\n\t\t\t<\/figure>\n\t\t\t\t\t<\/div>\n\t\t\n\t\t<div\t\tclass=\"vp-portfolio__item-wrap vp-portfolio__item-uid-0db2cbef\" data-vp-filter=\"\" \t\t>\n\t\t\t<template class=\"vp-portfolio__item-popup\" style=\"display: none\" data-vp-popup-img=\"https:\/\/vdtarn.fr\/wp-content\/uploads\/2024\/01\/puycelsi-1024x768-1.jpg\" data-vp-popup-img-srcset=\"https:\/\/vdtarn.fr\/wp-content\/uploads\/2024\/01\/puycelsi-1024x768-1.jpg 1200w, https:\/\/vdtarn.fr\/wp-content\/uploads\/2024\/01\/puycelsi-1024x768-1-300x225.jpg 300w, https:\/\/vdtarn.fr\/wp-content\/uploads\/2024\/01\/puycelsi-1024x768-1-1024x768.jpg 1024w, https:\/\/vdtarn.fr\/wp-content\/uploads\/2024\/01\/puycelsi-1024x768-1-768x576.jpg 768w, https:\/\/vdtarn.fr\/wp-content\/uploads\/2024\/01\/puycelsi-1024x768-1-500x375.jpg 500w, https:\/\/vdtarn.fr\/wp-content\/uploads\/2024\/01\/puycelsi-1024x768-1-800x600.jpg 800w\" data-vp-popup-img-size=\"1200x900\" data-vp-popup-md-img=\"https:\/\/vdtarn.fr\/wp-content\/uploads\/2024\/01\/puycelsi-1024x768-1-800x600.jpg\" data-vp-popup-md-img-size=\"800x600\" data-vp-popup-sm-img=\"https:\/\/vdtarn.fr\/wp-content\/uploads\/2024\/01\/puycelsi-1024x768-1-500x375.jpg\" data-vp-popup-sm-img-size=\"500x375\">\n\t\t\t<h3 class=\"vp-portfolio__item-popup-title\">puycelsi-1024&#215;768<\/h3>\n\t\t<\/template>\n\t\t\t\t\t\t<figure class=\"vp-portfolio__item\">\n\t\t\t\t\n<div class=\"vp-portfolio__item-img-wrap\">\n\t<div class=\"vp-portfolio__item-img\">\n\t\t\t<a\n\t\thref=\"https:\/\/vdtarn.fr\/wp-content\/uploads\/2024\/01\/puycelsi-1024x768-1.jpg\"\n\t\taria-label=\"puycelsi-1024x768\" \t>\n\t\n\t\t<noscript><img loading=\"lazy\" decoding=\"async\" width=\"1200\" height=\"900\" data-skip-lazy src=\"https:\/\/vdtarn.fr\/wp-content\/uploads\/2024\/01\/puycelsi-1024x768-1.jpg\" class=\"wp-image-456\" alt=\"Cordes sur Ciel plus beau village du Tarn\" srcset=\"https:\/\/vdtarn.fr\/wp-content\/uploads\/2024\/01\/puycelsi-1024x768-1.jpg 1200w, https:\/\/vdtarn.fr\/wp-content\/uploads\/2024\/01\/puycelsi-1024x768-1-300x225.jpg 300w, https:\/\/vdtarn.fr\/wp-content\/uploads\/2024\/01\/puycelsi-1024x768-1-1024x768.jpg 1024w, https:\/\/vdtarn.fr\/wp-content\/uploads\/2024\/01\/puycelsi-1024x768-1-768x576.jpg 768w, https:\/\/vdtarn.fr\/wp-content\/uploads\/2024\/01\/puycelsi-1024x768-1-500x375.jpg 500w, https:\/\/vdtarn.fr\/wp-content\/uploads\/2024\/01\/puycelsi-1024x768-1-800x600.jpg 800w\" sizes=\"auto, (max-width: 1200px) 100vw, 1200px\" \/><\/noscript><img decoding=\"async\" width=\"1200\" height=\"900\" src=\"https:\/\/vdtarn.fr\/wp-content\/uploads\/2024\/01\/puycelsi-1024x768-1.jpg\" class=\"wp-image-456 vp-lazyload\" alt=\"Cordes sur Ciel plus beau village du Tarn\" srcset=\"data:image\/svg+xml;base64,PHN2ZyB3aWR0aD0iMTIwMCIgaGVpZ2h0PSI5MDAiIHZpZXdCb3g9IjAgMCAxMjAwIDkwMCIgZmlsbD0ibm9uZSIgeG1sbnM9Imh0dHA6Ly93d3cudzMub3JnLzIwMDAvc3ZnIj48L3N2Zz4=\" data-src=\"https:\/\/vdtarn.fr\/wp-content\/uploads\/2024\/01\/puycelsi-1024x768-1.jpg\" data-srcset=\"https:\/\/vdtarn.fr\/wp-content\/uploads\/2024\/01\/puycelsi-1024x768-1.jpg 1200w, https:\/\/vdtarn.fr\/wp-content\/uploads\/2024\/01\/puycelsi-1024x768-1-300x225.jpg 300w, https:\/\/vdtarn.fr\/wp-content\/uploads\/2024\/01\/puycelsi-1024x768-1-1024x768.jpg 1024w, https:\/\/vdtarn.fr\/wp-content\/uploads\/2024\/01\/puycelsi-1024x768-1-768x576.jpg 768w, https:\/\/vdtarn.fr\/wp-content\/uploads\/2024\/01\/puycelsi-1024x768-1-500x375.jpg 500w, https:\/\/vdtarn.fr\/wp-content\/uploads\/2024\/01\/puycelsi-1024x768-1-800x600.jpg 800w\" data-sizes=\"auto\" loading=\"eager\">\n\t\t<div class=\"vp-portfolio__item-overlay\">\n\t\t\t\n<div class=\"vp-portfolio__item-meta-icon\">\n\t\n<svg class=\"vp-svg-icon\" width=\"20\" height=\"20\" viewBox=\"0 0 20 20\" fill=\"none\" xmlns=\"http:\/\/www.w3.org\/2000\/svg\">\n\t<path d=\"M9 17C13.4183 17 17 13.4183 17 9C17 4.58172 13.4183 1 9 1C4.58172 1 1 4.58172 1 9C1 13.4183 4.58172 17 9 17Z\" stroke=\"currentColor\" stroke-width=\"1.5\" stroke-linecap=\"round\" stroke-linejoin=\"round\" fill=\"transparent\" \/>\n\t<path d=\"M19 19L14.65 14.65\" stroke=\"currentColor\" stroke-width=\"1.5\" stroke-linecap=\"round\" stroke-linejoin=\"round\" fill=\"transparent\" \/>\n<\/svg>\n<\/div>\n\t\t<\/div>\n\n\t\t<\/a>\t<\/div>\n<\/div>\n\n\t\t\t<\/figure>\n\t\t\t\t\t<\/div>\n\t\t\n<\/div>\n\t\t<\/div>\n\t\t\n<\/div>\n<\/div>","protected":false},"excerpt":{"rendered":"<p>Cordes sur Ciel, elegido el pueblo m\u00e1s bonito de Francia en 2014 En esta ciudad medieval encaramada, descubrir\u00e1 calles empinadas, murallas y fachadas esculpidas que le transportar\u00e1n a la historia de este pueblo. Mientras pasea, podr\u00e1 descubrir el Jard\u00edn del Para\u00edso y todas sus variedades bot\u00e1nicas. Y venga a descubrir los numerosos pueblos hist\u00f3ricos, aut\u00e9nticos [&hellip;]<\/p>\n","protected":false},"author":1,"featured_media":1992,"parent":2181,"menu_order":0,"comment_status":"closed","ping_status":"closed","template":"","meta":{"_acf_changed":false,"_seopress_robots_primary_cat":"","_seopress_titles_title":"Camping Cordes sur Ciel cerca de Domaine la Vall\u00e9e du Tarn","_seopress_titles_desc":"Para visitar uno de los pueblos m\u00e1s bonitos de Francia, Cordes sur Ciel, alquile un chal\u00e9 en el camping Domaine de la Vall\u00e9e du Tarn.","_seopress_robots_index":"","_vp_format_video_url":"","_vp_image_focal_point":[],"footnotes":""},"class_list":["post-2052","page","type-page","status-publish","has-post-thumbnail","hentry"],"acf":[],"_links":{"self":[{"href":"https:\/\/vdtarn.fr\/es\/wp-json\/wp\/v2\/pages\/2052","targetHints":{"allow":["GET"]}}],"collection":[{"href":"https:\/\/vdtarn.fr\/es\/wp-json\/wp\/v2\/pages"}],"about":[{"href":"https:\/\/vdtarn.fr\/es\/wp-json\/wp\/v2\/types\/page"}],"author":[{"embeddable":true,"href":"https:\/\/vdtarn.fr\/es\/wp-json\/wp\/v2\/users\/1"}],"replies":[{"embeddable":true,"href":"https:\/\/vdtarn.fr\/es\/wp-json\/wp\/v2\/comments?post=2052"}],"version-history":[{"count":4,"href":"https:\/\/vdtarn.fr\/es\/wp-json\/wp\/v2\/pages\/2052\/revisions"}],"predecessor-version":[{"id":2394,"href":"https:\/\/vdtarn.fr\/es\/wp-json\/wp\/v2\/pages\/2052\/revisions\/2394"}],"up":[{"embeddable":true,"href":"https:\/\/vdtarn.fr\/es\/wp-json\/wp\/v2\/pages\/2181"}],"wp:featuredmedia":[{"embeddable":true,"href":"https:\/\/vdtarn.fr\/es\/wp-json\/wp\/v2\/media\/1992"}],"wp:attachment":[{"href":"https:\/\/vdtarn.fr\/es\/wp-json\/wp\/v2\/media?parent=2052"}],"curies":[{"name":"wp","href":"https:\/\/api.w.org\/{rel}","templated":true}]}}