{"id":2039,"date":"2024-01-12T10:13:04","date_gmt":"2024-01-12T10:13:04","guid":{"rendered":"https:\/\/dev.vdtarn.fr\/mapa-del-sitio\/"},"modified":"2024-03-05T13:48:29","modified_gmt":"2024-03-05T13:48:29","slug":"mapa-del-sitio","status":"publish","type":"page","link":"https:\/\/vdtarn.fr\/es\/mapa-del-sitio\/","title":{"rendered":"Mapa del sitio"},"content":{"rendered":"\n<div class=\"wp-block-group is-vertical is-layout-flex wp-container-core-group-is-layout-fe9cc265 wp-block-group-is-layout-flex\" data-block-type=\"core\"><div class=\"wp-block-wpseopress-sitemap\"><div class=\"wrap-html-sitemap sp-html-sitemap\"><div class=\"sp-wrap-cpt\"><h2 class=\"sp-cpt-name\">P\u00e1ginas<\/h2><ul class=\"sp-list-posts sp-cpt-hierarchical\"><li class=\"page_item page-item-2004\"><a href=\"https:\/\/vdtarn.fr\/es\/nuestros-tratamientos-y-masajes\/\">Nuestros tratamientos y masajes<\/a><\/li><li class=\"page_item page-item-2083\"><a href=\"https:\/\/vdtarn.fr\/es\/preguntas-frecuentes\/\">PREGUNTAS FRECUENTES<\/a><\/li><li class=\"page_item page-item-1984\"><a href=\"https:\/\/vdtarn.fr\/es\/alquiler-de-habitaciones-y-alojamiento\/\">Alquiler de habitaciones y alojamiento<\/a><\/li><li class=\"page_item page-item-2057\"><a href=\"https:\/\/vdtarn.fr\/es\/nuestros-compromisos\/\">Nuestros compromisos<\/a><\/li><li class=\"page_item page-item-2012\"><a href=\"https:\/\/vdtarn.fr\/es\/la-zona-acuatica-del-camping\/\">La zona acu\u00e1tica del camping<\/a><\/li><li class=\"page_item page-item-2009\"><a href=\"https:\/\/vdtarn.fr\/es\/naturaleza\/\">Naturaleza<\/a><\/li><li class=\"page_item page-item-2079\"><a href=\"https:\/\/vdtarn.fr\/es\/cultura\/\">Cultura<\/a><\/li><li class=\"page_item page-item-1982\"><a href=\"https:\/\/vdtarn.fr\/es\/comentarios-de-los-clientes\/\">Comentarios de los clientes<\/a><\/li><li class=\"page_item page-item-2039\"><a href=\"https:\/\/vdtarn.fr\/es\/mapa-del-sitio\/\">Mapa del sitio<\/a><\/li><li class=\"page_item page-item-2077\"><a href=\"https:\/\/vdtarn.fr\/es\/descargas\/\">Descargas<\/a><\/li><li class=\"page_item page-item-1986\"><a href=\"https:\/\/vdtarn.fr\/es\/nuestros-paquetes-para-grupos\/\">Nuestros paquetes para grupos<\/a><\/li><li class=\"page_item page-item-2046\"><a href=\"https:\/\/vdtarn.fr\/es\/acceso-contacto\/\">Acceso \/ Contacto<\/a><\/li><li class=\"page_item page-item-2172\"><a href=\"https:\/\/vdtarn.fr\/es\/galeria-de-fotos\/\">Galer\u00eda de fotos<\/a><\/li><li class=\"page_item page-item-2182\"><a href=\"https:\/\/vdtarn.fr\/es\/actividades-de-ocio\/\">Actividades de ocio<\/a><\/li><li class=\"page_item page-item-2181\"><a href=\"https:\/\/vdtarn.fr\/es\/ciudades-y-pueblos\/\">Ciudades y pueblos<\/a><ul class='children'><li class=\"page_item page-item-1983\"><a href=\"https:\/\/vdtarn.fr\/es\/ciudades-y-pueblos\/gaillac-milhau-st-juery\/\">Gaillac &#8211; Milhau &#8211; St Ju\u00e9ry<\/a><\/li><li class=\"page_item page-item-2052\"><a href=\"https:\/\/vdtarn.fr\/es\/ciudades-y-pueblos\/cordes-sur-ciel\/\">Cordes sur Ciel<\/a><\/li><li class=\"page_item page-item-2112\"><a href=\"https:\/\/vdtarn.fr\/es\/ciudades-y-pueblos\/albi\/\">Albi<\/a><\/li><li class=\"page_item page-item-2154\"><a href=\"https:\/\/vdtarn.fr\/es\/ciudades-y-pueblos\/ambialet\/\">Ambialet<\/a><\/li><\/ul><\/li><li class=\"page_item page-item-2218\"><a href=\"https:\/\/vdtarn.fr\/es\/entretenimiento-en-nuestro-camping-de-3-estrellas\/\">Entretenimiento en nuestro camping de 3 estrellas<\/a><\/li><li class=\"page_item page-item-2213\"><a href=\"https:\/\/vdtarn.fr\/es\/servicios-de-camping-en-el-tarn\/\">Servicios de camping en el Tarn<\/a><\/li><li class=\"page_item page-item-2253\"><a href=\"https:\/\/vdtarn.fr\/es\/informacion-juridica\/\">Informaci\u00f3n jur\u00eddica<\/a><\/li><li class=\"page_item page-item-2210\"><a href=\"https:\/\/vdtarn.fr\/es\/alojamiento\/\">Alojamiento<\/a><\/li><\/ul><\/div><div class=\"sp-wrap-cpt\"><h2 class=\"sp-cpt-name\">H\u00e9bergements<\/h2><ul class=\"sp-list-posts\"><li><a href=\"https:\/\/vdtarn.fr\/es\/hebergements\/chalet-premium-lolivier\/\">Chalet Premium L&#8217;Olivier<\/a><\/li><li><a href=\"https:\/\/vdtarn.fr\/es\/hebergements\/chalet-les-chataigniers\/\">Chalet Les Ch\u00e2taigniers<\/a><\/li><li><a href=\"https:\/\/vdtarn.fr\/es\/hebergements\/chalet-les-chenes\/\">Chalet Les Ch\u00eanes<\/a><\/li><li><a href=\"https:\/\/vdtarn.fr\/es\/hebergements\/chalet-les-erables\/\">Chalet Les Erables<\/a><\/li><li><a href=\"https:\/\/vdtarn.fr\/es\/hebergements\/chalet-le-tilleul-pmr\/\">Chalet Le Tilleul &#8211; PMR<\/a><\/li><\/ul><\/div><\/div><\/div><\/div>\n","protected":false},"excerpt":{"rendered":"","protected":false},"author":1,"featured_media":1992,"parent":0,"menu_order":0,"comment_status":"closed","ping_status":"closed","template":"","meta":{"_acf_changed":false,"_seopress_robots_primary_cat":"","_seopress_titles_title":"Mapa del sitio | Domaine Vall\u00e9e du Tarn ***","_seopress_titles_desc":"Todas las p\u00e1ginas del sitio web de Domaine Vall\u00e9e du Tarn. Camping *** en el Tarn con Piscina, Piscina infantil, Servicios, Snack-bar, Cuidados, Animaciones.  ","_seopress_robots_index":"","_vp_format_video_url":"","_vp_image_focal_point":[],"footnotes":""},"class_list":["post-2039","page","type-page","status-publish","has-post-thumbnail","hentry"],"acf":[],"_links":{"self":[{"href":"https:\/\/vdtarn.fr\/es\/wp-json\/wp\/v2\/pages\/2039","targetHints":{"allow":["GET"]}}],"collection":[{"href":"https:\/\/vdtarn.fr\/es\/wp-json\/wp\/v2\/pages"}],"about":[{"href":"https:\/\/vdtarn.fr\/es\/wp-json\/wp\/v2\/types\/page"}],"author":[{"embeddable":true,"href":"https:\/\/vdtarn.fr\/es\/wp-json\/wp\/v2\/users\/1"}],"replies":[{"embeddable":true,"href":"https:\/\/vdtarn.fr\/es\/wp-json\/wp\/v2\/comments?post=2039"}],"version-history":[{"count":3,"href":"https:\/\/vdtarn.fr\/es\/wp-json\/wp\/v2\/pages\/2039\/revisions"}],"predecessor-version":[{"id":2107,"href":"https:\/\/vdtarn.fr\/es\/wp-json\/wp\/v2\/pages\/2039\/revisions\/2107"}],"wp:featuredmedia":[{"embeddable":true,"href":"https:\/\/vdtarn.fr\/es\/wp-json\/wp\/v2\/media\/1992"}],"wp:attachment":[{"href":"https:\/\/vdtarn.fr\/es\/wp-json\/wp\/v2\/media?parent=2039"}],"curies":[{"name":"wp","href":"https:\/\/api.w.org\/{rel}","templated":true}]}}