{"id":2009,"date":"2024-01-12T15:46:55","date_gmt":"2024-01-12T15:46:55","guid":{"rendered":"https:\/\/dev.vdtarn.fr\/naturaleza\/"},"modified":"2024-03-05T13:48:29","modified_gmt":"2024-03-05T13:48:29","slug":"naturaleza","status":"publish","type":"page","link":"https:\/\/vdtarn.fr\/es\/naturaleza\/","title":{"rendered":"Naturaleza"},"content":{"rendered":"\n<div class=\"wp-block-group alignfull has-secondary-background-color has-background has-global-padding is-content-justification-center is-layout-constrained wp-block-group-is-layout-constrained\" data-block-type=\"core\">\n<div class=\"wp-block-stackable-feature alignwide stk-block-feature stk-block stk-4285a84 stk-block-background alignfull is-style-default\" data-v=\"2\" data-block-id=\"4285a84\"><style>.stk-4285a84{background-color:#535446 !important;border-top-left-radius:0px !important;border-top-right-radius:0px !important;border-bottom-right-radius:0px !important;border-bottom-left-radius:0px !important;overflow:hidden !important;box-shadow:none !important;max-width:1250px !important;padding-top:30px !important;padding-bottom:30px !important;margin-right:auto !important;margin-left:auto !important}.stk-4285a84:before{background-color:#535446 !important}<\/style><div class=\"stk-content-align stk-4285a84-column alignwide stk-container stk-4285a84-container stk--no-background stk--no-padding\"><div class=\"stk-inner-blocks has-text-align-left stk-block-content stk-row\">\n<div class=\"wp-block-stackable-column stk-block-column stk-column stk-block stk-70b2d7d\" data-v=\"4\" data-block-id=\"70b2d7d\"><style>.stk-70b2d7d{align-self:center !important}<\/style><div class=\"stk-column-wrapper stk-block-column__content stk-container stk-70b2d7d-container stk--no-background stk--no-padding\"><div class=\"stk-block-content stk-inner-blocks stk-70b2d7d-inner-blocks\">\n<div class=\"wp-block-stackable-image stk-block-image stk-block stk-c731c45\" data-block-id=\"c731c45\"><style>.stk-c731c45 .stk-img-wrapper{width:100% !important;height:700px !important;filter:drop-shadow(0px 0px 26px rgba(83,84,70,0.5)) !important;--stk-gradient-overlay:0.3 !important}.stk-c731c45 .stk-img-wrapper img{object-position:30% 62% !important}.stk-c731c45 .stk-img-wrapper img,.stk-c731c45 .stk-img-wrapper::after,.stk-c731c45 .stk-img-wrapper::before{mask-image:url('data:image\/svg+xml;base64,PHN2ZyB4bWxucz0iaHR0cDovL3d3dy53My5vcmcvMjAwMC9zdmciIHZpZXdCb3g9IjAgMCA2MDAgNjAwIiBwcmVzZXJ2ZUFzcGVjdFJhdGlvPSJub25lIj48cGF0aCBkPSJNNTU1IDY5LjZjNTcuNiA3MC40IDU2LjIgMjA4LjMgMTYuOSAyOTkuOC0zOS4zIDkxLjYtMTE2LjIgMTM2LjgtMTczLjggMTY3LjItNTcuNCAzMC42LTk1LjYgNDYuMy0xNDIuMiA1Ni4yLTQ2LjUgOS45LTEwMS4zIDE0LTEzNS42LTE2LjYtMzQuMi0zMC42LTQ3LjgtOTUuMy03NC41LTE5MkMxOC45IDI4Ny42LTIxIDE1OS4xIDEzLjIgODkgNDcuNCAxOC42IDE1NS45IDYuMyAyNjguMyAxLjZjMTEyLjUtNSAyMjktMi40IDI4Ni43IDY4eiI+PC9wYXRoPjwvc3ZnPg==') !important;-webkit-mask-image:url('data:image\/svg+xml;base64,PHN2ZyB4bWxucz0iaHR0cDovL3d3dy53My5vcmcvMjAwMC9zdmciIHZpZXdCb3g9IjAgMCA2MDAgNjAwIiBwcmVzZXJ2ZUFzcGVjdFJhdGlvPSJub25lIj48cGF0aCBkPSJNNTU1IDY5LjZjNTcuNiA3MC40IDU2LjIgMjA4LjMgMTYuOSAyOTkuOC0zOS4zIDkxLjYtMTE2LjIgMTM2LjgtMTczLjggMTY3LjItNTcuNCAzMC42LTk1LjYgNDYuMy0xNDIuMiA1Ni4yLTQ2LjUgOS45LTEwMS4zIDE0LTEzNS42LTE2LjYtMzQuMi0zMC42LTQ3LjgtOTUuMy03NC41LTE5MkMxOC45IDI4Ny42LTIxIDE1OS4xIDEzLjIgODkgNDcuNCAxOC42IDE1NS45IDYuMyAyNjguMyAxLjZjMTEyLjUtNSAyMjktMi40IDI4Ni43IDY4eiI+PC9wYXRoPjwvc3ZnPg==') !important}<\/style><figure><span class=\"stk-img-wrapper stk-img--shape stk-image--shape-stretch\"><img loading=\"lazy\" decoding=\"async\" class=\"stk-img wp-image-784\" src=\"https:\/\/vdtarn.fr\/wp-content\/uploads\/2024\/01\/Journee_canoe_a_Ambialet-CASSIAU_Gregory-1279.jpg\" width=\"1200\" height=\"800\" alt=\"pirag&#xFC;ismo en ambialet\" srcset=\"https:\/\/vdtarn.fr\/wp-content\/uploads\/2024\/01\/Journee_canoe_a_Ambialet-CASSIAU_Gregory-1279.jpg 1200w, https:\/\/vdtarn.fr\/wp-content\/uploads\/2024\/01\/Journee_canoe_a_Ambialet-CASSIAU_Gregory-1279-300x200.jpg 300w, https:\/\/vdtarn.fr\/wp-content\/uploads\/2024\/01\/Journee_canoe_a_Ambialet-CASSIAU_Gregory-1279-1024x683.jpg 1024w, https:\/\/vdtarn.fr\/wp-content\/uploads\/2024\/01\/Journee_canoe_a_Ambialet-CASSIAU_Gregory-1279-768x512.jpg 768w, https:\/\/vdtarn.fr\/wp-content\/uploads\/2024\/01\/Journee_canoe_a_Ambialet-CASSIAU_Gregory-1279-500x333.jpg 500w, https:\/\/vdtarn.fr\/wp-content\/uploads\/2024\/01\/Journee_canoe_a_Ambialet-CASSIAU_Gregory-1279-800x533.jpg 800w\" sizes=\"auto, (max-width: 1200px) 100vw, 1200px\" \/><\/span><\/figure><\/div>\n<\/div><\/div><\/div>\n\n\n\n<div class=\"wp-block-stackable-column stk-block-column stk-column stk-block stk-30dfb59\" data-v=\"4\" data-block-id=\"30dfb59\"><style>.stk-30dfb59{align-self:center !important}<\/style><div class=\"stk-column-wrapper stk-block-column__content stk-container stk-30dfb59-container stk--no-background stk--no-padding\"><div class=\"stk-block-content stk-inner-blocks stk-30dfb59-inner-blocks\">\n<div class=\"wp-block-group has-global-padding is-content-justification-left is-layout-constrained wp-container-core-group-is-layout-1ad27c61 wp-block-group-is-layout-constrained\" style=\"padding-right:0;padding-left:0\" data-block-type=\"core\">\n<p class=\"has-base-color has-text-color has-link-color has-small-font-size wp-elements-c6092459092114fefa811179ec6b09e9\" data-block-type=\"core\">El Domaine de la Vall\u00e9e du Tarn se encuentra en <strong>plena naturaleza<\/strong>, encaramado a 400 metros de altitud y bordeado por un bosque en el que podr\u00e1 aventurarse.<\/p>\n\n\n\n<p class=\"has-base-color has-text-color has-link-color has-small-font-size wp-elements-f9a459c0f537c14a16779e36edc45ebd\" data-block-type=\"core\">Una <strong>ruta de senderismo<\/strong> que comienza al pie de la finca le llevar\u00e1 hasta el r\u00edo TARN, que bordea el hermoso pueblo de Ambialet.<\/p>\n\n\n\n<p class=\"has-base-color has-text-color has-link-color has-small-font-size wp-elements-acfbc57247872c81ea2a911edebd27f6\" data-block-type=\"core\">Ver\u00e1 una gran variedad de plantas, como robles, casta\u00f1os, avellanos, brezos y acebos&#8230;<br\/><br\/>Hay todo lo necesario para <strong>volver a estar en contacto con la naturaleza<\/strong>, escuchando el canto de los p\u00e1jaros, el zumbido de las abejas, el baile de las mariposas y el ulular de los b\u00fahos en el bosque al atardecer.<\/p>\n\n\n\n<p class=\"has-base-color has-text-color has-link-color has-small-font-size wp-elements-6bfffb120d1ddaca49e8e1a2f26e3fc2\" data-block-type=\"core\">Descubrir\u00e1 nuestros animales dom\u00e9sticos como los gatos, las dos cabras, el macho cabr\u00edo y el curioso burro, pero tambi\u00e9n&#8230; los animales salvajes a los que es m\u00e1s dif\u00edcil acercarse, como murci\u00e9lagos, zorros, aves rapaces y muchos otros.<\/p>\n\n\n\n<p class=\"has-base-color has-text-color has-link-color has-small-font-size wp-elements-d438e9e21be736ed0c9fc4c7c1737332\" data-block-type=\"core\">Sea cual sea la estaci\u00f3n, podr\u00e1 disfrutar <strong>al<\/strong> m\u00e1ximo de la naturaleza, desde las flores primaverales y la nieve invernal hasta los maravillosos colores de las hojas oto\u00f1ales <a href=\"\/\">.<\/a> <\/p>\n<\/div>\n<\/div><\/div><\/div>\n<\/div><\/div><\/div>\n<\/div>\n\n<div class=\"wp-block-columns alignwide is-layout-flex wp-container-core-columns-is-layout-c617dbaa wp-block-columns-is-layout-flex\" style=\"padding-top:var(--wp--preset--spacing--40);padding-bottom:var(--wp--preset--spacing--40)\" data-block-type=\"core\">\n<div class=\"wp-block-column is-vertically-aligned-center is-layout-flow wp-block-column-is-layout-flow\" style=\"flex-basis:33.38%\" data-block-type=\"core\">\n<div class=\"wp-block-group is-vertical is-layout-flex wp-container-core-group-is-layout-1025f461 wp-block-group-is-layout-flex\" style=\"padding-bottom:0\" data-block-type=\"core\">\n<div class=\"wp-block-stackable-heading stk-block-heading stk-block-heading--v2 stk-block stk-de82204\" id=\"centre-equestre-au-galop\" data-block-id=\"de82204\"><h2 class=\"stk-block-heading__text\">Centre \u00e9questre au Galop<\/h2><\/div>\n<\/div>\n\n\n\n<p class=\"has-small-font-size\" data-block-type=\"core\">el Centre Equestre Au Galop le da la bienvenida para que<strong> disfrute de su pasi\u00f3n por los caballos <\/strong>.  <\/p>\n\n\n\n<p data-block-type=\"core\"><a href=\"https:\/\/www.tourisme-tarn.com\/equipement\/centre-equestre-au-galop\/\" target=\"_blank\" rel=\"noreferrer noopener\">M\u00e1s informaci\u00f3n<\/a><\/p>\n<\/div>\n\n\n\n<div class=\"wp-block-column is-layout-flow wp-block-column-is-layout-flow\" style=\"flex-basis:33%\" data-block-type=\"core\">\n<div style=\"height:2vw\" aria-hidden=\"true\" class=\"wp-block-spacer\" data-block-type=\"core\"><\/div>\n\n\n\n<div class=\"wp-block-stackable-image stk-block-image has-text-align-left stk-block stk-b55591f\" data-block-id=\"b55591f\"><style>.stk-b55591f{border-top-left-radius:0px !important;border-top-right-radius:0px !important;border-bottom-right-radius:0px !important;border-bottom-left-radius:0px !important;overflow:hidden !important;box-shadow:15px 25px 58px 0px rgba(0,0,0,0.5) !important}.stk-b55591f .stk-img-wrapper{width:100% !important;height:500px !important}.stk-b55591f .stk-img-wrapper img{border-radius:0px !important}<\/style><figure><span class=\"stk-img-wrapper stk-image--shape-stretch\"><img loading=\"lazy\" decoding=\"async\" class=\"stk-img wp-image-779\" src=\"https:\/\/vdtarn.fr\/wp-content\/uploads\/2024\/01\/bakero-3-1024x682-1.jpg\" width=\"1024\" height=\"682\" alt=\"equitaci&#xF3;n cerca del camping\" srcset=\"https:\/\/vdtarn.fr\/wp-content\/uploads\/2024\/01\/bakero-3-1024x682-1.jpg 1024w, https:\/\/vdtarn.fr\/wp-content\/uploads\/2024\/01\/bakero-3-1024x682-1-300x200.jpg 300w, https:\/\/vdtarn.fr\/wp-content\/uploads\/2024\/01\/bakero-3-1024x682-1-768x512.jpg 768w, https:\/\/vdtarn.fr\/wp-content\/uploads\/2024\/01\/bakero-3-1024x682-1-500x333.jpg 500w, https:\/\/vdtarn.fr\/wp-content\/uploads\/2024\/01\/bakero-3-1024x682-1-800x533.jpg 800w\" sizes=\"auto, (max-width: 1024px) 100vw, 1024px\" \/><\/span><\/figure><\/div>\n<\/div>\n\n\n\n<div class=\"wp-block-column is-layout-flow wp-block-column-is-layout-flow\" style=\"flex-basis:33.62%\" data-block-type=\"core\">\n<div class=\"wp-block-stackable-image stk-block-image stk-block stk-b7a6d0b\" data-block-id=\"b7a6d0b\"><style>.stk-b7a6d0b{box-shadow:15px 25px 58px 0px rgba(0,0,0,0.5) !important}.stk-b7a6d0b .stk-img-wrapper{width:100% !important;height:480px !important}<\/style><figure><span class=\"stk-img-wrapper stk-image--shape-stretch\"><img loading=\"lazy\" decoding=\"async\" class=\"stk-img wp-image-781\" src=\"https:\/\/vdtarn.fr\/wp-content\/uploads\/2024\/01\/bakero-7-1024x720-1.jpg\" width=\"1024\" height=\"720\" alt=\"centro ecuestre cerca del camping\" srcset=\"https:\/\/vdtarn.fr\/wp-content\/uploads\/2024\/01\/bakero-7-1024x720-1.jpg 1024w, https:\/\/vdtarn.fr\/wp-content\/uploads\/2024\/01\/bakero-7-1024x720-1-300x211.jpg 300w, https:\/\/vdtarn.fr\/wp-content\/uploads\/2024\/01\/bakero-7-1024x720-1-768x540.jpg 768w, https:\/\/vdtarn.fr\/wp-content\/uploads\/2024\/01\/bakero-7-1024x720-1-500x352.jpg 500w, https:\/\/vdtarn.fr\/wp-content\/uploads\/2024\/01\/bakero-7-1024x720-1-800x563.jpg 800w\" sizes=\"auto, (max-width: 1024px) 100vw, 1024px\" \/><\/span><\/figure><\/div>\n<\/div>\n<\/div>\n\n<div class=\"wp-block-group alignfull has-secondary-background-color has-background has-global-padding is-content-justification-center is-layout-constrained wp-block-group-is-layout-constrained\" data-block-type=\"core\">\n<div class=\"wp-block-stackable-feature alignwide stk-block-feature stk-block stk-0e40e19 stk-block-background alignfull is-style-default\" data-v=\"2\" data-block-id=\"0e40e19\"><style>.stk-0e40e19{background-color:#535446 !important;border-top-left-radius:0px !important;border-top-right-radius:0px !important;border-bottom-right-radius:0px !important;border-bottom-left-radius:0px !important;overflow:hidden !important;box-shadow:none !important;max-width:1250px !important;padding-top:30px !important;padding-bottom:30px !important;margin-right:auto !important;margin-left:auto !important}.stk-0e40e19:before{background-color:#535446 !important}<\/style><div class=\"stk-content-align stk-0e40e19-column alignwide stk-container stk-0e40e19-container stk--no-background stk--no-padding\"><div class=\"stk-inner-blocks has-text-align-left stk-block-content stk-row\">\n<div class=\"wp-block-stackable-column stk-block-column stk-column stk-block stk-d89a6ee\" data-v=\"4\" data-block-id=\"d89a6ee\"><style>.stk-d89a6ee{align-self:center !important}<\/style><div class=\"stk-column-wrapper stk-block-column__content stk-container stk-d89a6ee-container stk--no-background stk--no-padding\"><div class=\"stk-block-content stk-inner-blocks stk-d89a6ee-inner-blocks\">\n<div class=\"wp-block-stackable-image stk-block-image stk-block stk-9eb626f\" data-block-id=\"9eb626f\"><style>.stk-9eb626f .stk-img-wrapper{width:100% !important;height:450px !important;filter:drop-shadow(0px 0px 26px rgba(83,84,70,0.5)) !important;--stk-gradient-overlay:0.3 !important}.stk-9eb626f .stk-img-wrapper img{object-position:30% 62% !important}.stk-9eb626f .stk-img-wrapper img,.stk-9eb626f .stk-img-wrapper::after,.stk-9eb626f .stk-img-wrapper::before{mask-image:url('data:image\/svg+xml;base64,PHN2ZyB4bWxucz0iaHR0cDovL3d3dy53My5vcmcvMjAwMC9zdmciIHZpZXdCb3g9IjAgMCA2MDAgNjAwIiBwcmVzZXJ2ZUFzcGVjdFJhdGlvPSJub25lIj48cGF0aCBkPSJNNTU1IDY5LjZjNTcuNiA3MC40IDU2LjIgMjA4LjMgMTYuOSAyOTkuOC0zOS4zIDkxLjYtMTE2LjIgMTM2LjgtMTczLjggMTY3LjItNTcuNCAzMC42LTk1LjYgNDYuMy0xNDIuMiA1Ni4yLTQ2LjUgOS45LTEwMS4zIDE0LTEzNS42LTE2LjYtMzQuMi0zMC42LTQ3LjgtOTUuMy03NC41LTE5MkMxOC45IDI4Ny42LTIxIDE1OS4xIDEzLjIgODkgNDcuNCAxOC42IDE1NS45IDYuMyAyNjguMyAxLjZjMTEyLjUtNSAyMjktMi40IDI4Ni43IDY4eiI+PC9wYXRoPjwvc3ZnPg==') !important;-webkit-mask-image:url('data:image\/svg+xml;base64,PHN2ZyB4bWxucz0iaHR0cDovL3d3dy53My5vcmcvMjAwMC9zdmciIHZpZXdCb3g9IjAgMCA2MDAgNjAwIiBwcmVzZXJ2ZUFzcGVjdFJhdGlvPSJub25lIj48cGF0aCBkPSJNNTU1IDY5LjZjNTcuNiA3MC40IDU2LjIgMjA4LjMgMTYuOSAyOTkuOC0zOS4zIDkxLjYtMTE2LjIgMTM2LjgtMTczLjggMTY3LjItNTcuNCAzMC42LTk1LjYgNDYuMy0xNDIuMiA1Ni4yLTQ2LjUgOS45LTEwMS4zIDE0LTEzNS42LTE2LjYtMzQuMi0zMC42LTQ3LjgtOTUuMy03NC41LTE5MkMxOC45IDI4Ny42LTIxIDE1OS4xIDEzLjIgODkgNDcuNCAxOC42IDE1NS45IDYuMyAyNjguMyAxLjZjMTEyLjUtNSAyMjktMi40IDI4Ni43IDY4eiI+PC9wYXRoPjwvc3ZnPg==') !important}<\/style><figure><span class=\"stk-img-wrapper stk-img--shape stk-image--shape-stretch\"><img loading=\"lazy\" decoding=\"async\" class=\"stk-img wp-image-784\" src=\"https:\/\/vdtarn.fr\/wp-content\/uploads\/2024\/01\/Journee_canoe_a_Ambialet-CASSIAU_Gregory-1279.jpg\" width=\"1200\" height=\"800\" alt=\"pirag&#xFC;ismo en ambialet\" srcset=\"https:\/\/vdtarn.fr\/wp-content\/uploads\/2024\/01\/Journee_canoe_a_Ambialet-CASSIAU_Gregory-1279.jpg 1200w, https:\/\/vdtarn.fr\/wp-content\/uploads\/2024\/01\/Journee_canoe_a_Ambialet-CASSIAU_Gregory-1279-300x200.jpg 300w, https:\/\/vdtarn.fr\/wp-content\/uploads\/2024\/01\/Journee_canoe_a_Ambialet-CASSIAU_Gregory-1279-1024x683.jpg 1024w, https:\/\/vdtarn.fr\/wp-content\/uploads\/2024\/01\/Journee_canoe_a_Ambialet-CASSIAU_Gregory-1279-768x512.jpg 768w, https:\/\/vdtarn.fr\/wp-content\/uploads\/2024\/01\/Journee_canoe_a_Ambialet-CASSIAU_Gregory-1279-500x333.jpg 500w, https:\/\/vdtarn.fr\/wp-content\/uploads\/2024\/01\/Journee_canoe_a_Ambialet-CASSIAU_Gregory-1279-800x533.jpg 800w\" sizes=\"auto, (max-width: 1200px) 100vw, 1200px\" \/><\/span><\/figure><\/div>\n<\/div><\/div><\/div>\n\n\n\n<div class=\"wp-block-stackable-column stk-block-column stk-column stk-block stk-ad3b1e6\" data-v=\"4\" data-block-id=\"ad3b1e6\"><style>.stk-ad3b1e6{align-self:center !important}<\/style><div class=\"stk-column-wrapper stk-block-column__content stk-container stk-ad3b1e6-container stk--no-background stk--no-padding\"><div class=\"stk-block-content stk-inner-blocks stk-ad3b1e6-inner-blocks\">\n<div class=\"wp-block-group has-global-padding is-content-justification-left is-layout-constrained wp-container-core-group-is-layout-1ad27c61 wp-block-group-is-layout-constrained\" style=\"padding-right:0;padding-left:0\" data-block-type=\"core\">\n<div class=\"wp-block-stackable-heading stk-block-heading stk-block-heading--v2 stk-block stk-d1bd27f\" id=\"base-de-canoe-kayak-a-ambialet-a-3-kms-du-camping\" data-block-id=\"d1bd27f\"><style>.stk-d1bd27f .stk-block-heading__text{color:#e5e6d8 !important}<\/style><h2 class=\"stk-block-heading__text has-text-color\">Base de pirag\u00fcismo en Ambialet, a 3 km del camping<\/h2><\/div>\n\n\n\n<p class=\"has-primary-color has-text-color has-link-color has-small-font-size wp-elements-ce7d345a92839a90bd940663f2772c2d\" data-block-type=\"core\">Para un momento de evasi\u00f3n y tranquilidad, venga con su familia, amigos o grupo a navegar por el r\u00edo Tarn.<\/p>\n\n\n\n<p class=\"has-primary-color has-text-color has-link-color has-small-font-size wp-elements-4641bbe986d26dc8cb1f98ea0da97fe3\" data-block-type=\"core\">Es una forma estupenda de contemplar los paisajes desde un \u00e1ngulo diferente, de descubrir y acorralar a los animales a la vuelta de un recodo -dragoncillos, garzas reales, \u00e1nades reales, pollas de agua- o simplemente de remar entre los peces.<\/p>\n<\/div>\n<\/div><\/div><\/div>\n<\/div><\/div><\/div>\n<\/div>\n\n<div class=\"wp-block-columns alignwide is-layout-flex wp-container-core-columns-is-layout-c617dbaa wp-block-columns-is-layout-flex\" style=\"padding-top:var(--wp--preset--spacing--40);padding-bottom:var(--wp--preset--spacing--40)\" data-block-type=\"core\">\n<div class=\"wp-block-column is-vertically-aligned-center is-layout-flow wp-block-column-is-layout-flow\" style=\"flex-basis:33.38%\" data-block-type=\"core\">\n<div class=\"wp-block-stackable-heading stk-block-heading stk-block-heading--v2 stk-block stk-2fa5e45\" id=\"randonnee-gr-mise-a-disposition-de-sentiers\" data-block-id=\"2fa5e45\"><h2 class=\"stk-block-heading__text\">Senderismo GR (provisi\u00f3n de senderos)<\/h2><\/div>\n\n\n\n<p class=\"has-small-font-size\" data-block-type=\"core\">Tome el camino de la finca hasta Ambialet. Y muchos otros senderos por descubrir.<\/p>\n\n\n\n<p data-block-type=\"core\"><a href=\"https:\/\/www.tourisme-tarn.com\/\" target=\"_blank\" rel=\"noreferrer noopener\">M\u00e1s informaci\u00f3n<\/a><\/p>\n<\/div>\n\n\n\n<div class=\"wp-block-column is-layout-flow wp-block-column-is-layout-flow\" style=\"flex-basis:33%\" data-block-type=\"core\">\n<div style=\"height:2vw\" aria-hidden=\"true\" class=\"wp-block-spacer\" data-block-type=\"core\"><\/div>\n\n\n\n<div class=\"wp-block-stackable-image stk-block-image has-text-align-left stk-block stk-cc5471a\" data-block-id=\"cc5471a\"><style>.stk-cc5471a{border-top-left-radius:0px !important;border-top-right-radius:0px !important;border-bottom-right-radius:0px !important;border-bottom-left-radius:0px !important;overflow:hidden !important;box-shadow:15px 25px 58px 0px rgba(0,0,0,0.5) !important}.stk-cc5471a .stk-img-wrapper{width:100% !important;height:500px !important}.stk-cc5471a .stk-img-wrapper img{border-radius:0px !important}<\/style><figure><span class=\"stk-img-wrapper stk-image--shape-stretch\"><img loading=\"lazy\" decoding=\"async\" class=\"stk-img wp-image-786\" src=\"https:\/\/vdtarn.fr\/wp-content\/uploads\/2024\/01\/Randonnee_en_famille_dans_le_vignoble-BOUTHE_Christophe-768.jpg\" width=\"1200\" height=\"800\" alt=\"excursi&#xF3;n familiar cerca del camping\" srcset=\"https:\/\/vdtarn.fr\/wp-content\/uploads\/2024\/01\/Randonnee_en_famille_dans_le_vignoble-BOUTHE_Christophe-768.jpg 1200w, https:\/\/vdtarn.fr\/wp-content\/uploads\/2024\/01\/Randonnee_en_famille_dans_le_vignoble-BOUTHE_Christophe-768-300x200.jpg 300w, https:\/\/vdtarn.fr\/wp-content\/uploads\/2024\/01\/Randonnee_en_famille_dans_le_vignoble-BOUTHE_Christophe-768-1024x683.jpg 1024w, https:\/\/vdtarn.fr\/wp-content\/uploads\/2024\/01\/Randonnee_en_famille_dans_le_vignoble-BOUTHE_Christophe-768-768x512.jpg 768w, https:\/\/vdtarn.fr\/wp-content\/uploads\/2024\/01\/Randonnee_en_famille_dans_le_vignoble-BOUTHE_Christophe-768-500x333.jpg 500w, https:\/\/vdtarn.fr\/wp-content\/uploads\/2024\/01\/Randonnee_en_famille_dans_le_vignoble-BOUTHE_Christophe-768-800x533.jpg 800w\" sizes=\"auto, (max-width: 1200px) 100vw, 1200px\" \/><\/span><\/figure><\/div>\n<\/div>\n\n\n\n<div class=\"wp-block-column is-layout-flow wp-block-column-is-layout-flow\" style=\"flex-basis:33.62%\" data-block-type=\"core\">\n<div class=\"wp-block-stackable-image stk-block-image stk-block stk-a333a09\" data-block-id=\"a333a09\"><style>.stk-a333a09{box-shadow:15px 25px 58px 0px rgba(0,0,0,0.5) !important}.stk-a333a09 .stk-img-wrapper{width:100% !important;height:480px !important}<\/style><figure><span class=\"stk-img-wrapper stk-image--shape-stretch\"><img loading=\"lazy\" decoding=\"async\" class=\"stk-img wp-image-788\" src=\"https:\/\/vdtarn.fr\/wp-content\/uploads\/2024\/01\/St_Amans_Soult_Velo_voie_verte-Olivier_Octobre-33451.jpg\" width=\"1200\" height=\"800\" alt=\"paseo en bicicleta cerca del camping\" srcset=\"https:\/\/vdtarn.fr\/wp-content\/uploads\/2024\/01\/St_Amans_Soult_Velo_voie_verte-Olivier_Octobre-33451.jpg 1200w, https:\/\/vdtarn.fr\/wp-content\/uploads\/2024\/01\/St_Amans_Soult_Velo_voie_verte-Olivier_Octobre-33451-300x200.jpg 300w, https:\/\/vdtarn.fr\/wp-content\/uploads\/2024\/01\/St_Amans_Soult_Velo_voie_verte-Olivier_Octobre-33451-1024x683.jpg 1024w, https:\/\/vdtarn.fr\/wp-content\/uploads\/2024\/01\/St_Amans_Soult_Velo_voie_verte-Olivier_Octobre-33451-768x512.jpg 768w, https:\/\/vdtarn.fr\/wp-content\/uploads\/2024\/01\/St_Amans_Soult_Velo_voie_verte-Olivier_Octobre-33451-500x333.jpg 500w, https:\/\/vdtarn.fr\/wp-content\/uploads\/2024\/01\/St_Amans_Soult_Velo_voie_verte-Olivier_Octobre-33451-800x533.jpg 800w\" sizes=\"auto, (max-width: 1200px) 100vw, 1200px\" \/><\/span><\/figure><\/div>\n<\/div>\n<\/div>\n\n<div class=\"wp-block-stackable-image aligncenter stk-block-image has-text-align-center stk-block stk-3212770\" data-block-id=\"3212770\"><style>.stk-3212770{align-items:center !important;max-width:150px !important;margin-top:30px !important;margin-right:auto !important;margin-bottom:30px !important;margin-left:auto !important;display:flex !important}<\/style><figure><span class=\"stk-img-wrapper stk-image--shape-stretch\"><img loading=\"lazy\" decoding=\"async\" class=\"stk-img wp-image-311\" src=\"https:\/\/vdtarn.fr\/wp-content\/uploads\/2024\/01\/lavender.png\" width=\"200\" height=\"83\"\/><\/span><\/figure><\/div>\n","protected":false},"excerpt":{"rendered":"<p>El Domaine de la Vall\u00e9e du Tarn se encuentra en plena naturaleza, encaramado a 400 metros de altitud y bordeado por un bosque en el que podr\u00e1 aventurarse. Una ruta de senderismo que comienza al pie de la finca le llevar\u00e1 hasta el r\u00edo TARN, que bordea el hermoso pueblo de Ambialet. Ver\u00e1 una gran [&hellip;]<\/p>\n","protected":false},"author":1,"featured_media":2029,"parent":0,"menu_order":0,"comment_status":"closed","ping_status":"closed","template":"","meta":{"_acf_changed":false,"_seopress_robots_primary_cat":"","_seopress_titles_title":"C\u00f4t\u00e9 nature - Visite el patrimonio natural del Tarn","_seopress_titles_desc":"Durante sus vacaciones en el Domaine de la Vall\u00e9e du Tarn, aproveche para explorar los alrededores. Excursiones y visitas incluidas en el programa.  ","_seopress_robots_index":"","_vp_format_video_url":"","_vp_image_focal_point":[],"footnotes":""},"class_list":["post-2009","page","type-page","status-publish","has-post-thumbnail","hentry"],"acf":[],"_links":{"self":[{"href":"https:\/\/vdtarn.fr\/es\/wp-json\/wp\/v2\/pages\/2009","targetHints":{"allow":["GET"]}}],"collection":[{"href":"https:\/\/vdtarn.fr\/es\/wp-json\/wp\/v2\/pages"}],"about":[{"href":"https:\/\/vdtarn.fr\/es\/wp-json\/wp\/v2\/types\/page"}],"author":[{"embeddable":true,"href":"https:\/\/vdtarn.fr\/es\/wp-json\/wp\/v2\/users\/1"}],"replies":[{"embeddable":true,"href":"https:\/\/vdtarn.fr\/es\/wp-json\/wp\/v2\/comments?post=2009"}],"version-history":[{"count":3,"href":"https:\/\/vdtarn.fr\/es\/wp-json\/wp\/v2\/pages\/2009\/revisions"}],"predecessor-version":[{"id":2111,"href":"https:\/\/vdtarn.fr\/es\/wp-json\/wp\/v2\/pages\/2009\/revisions\/2111"}],"wp:featuredmedia":[{"embeddable":true,"href":"https:\/\/vdtarn.fr\/es\/wp-json\/wp\/v2\/media\/2029"}],"wp:attachment":[{"href":"https:\/\/vdtarn.fr\/es\/wp-json\/wp\/v2\/media?parent=2009"}],"curies":[{"name":"wp","href":"https:\/\/api.w.org\/{rel}","templated":true}]}}