{"id":2004,"date":"2024-02-19T10:59:42","date_gmt":"2024-02-19T09:59:42","guid":{"rendered":"https:\/\/dev.vdtarn.fr\/nuestros-tratamientos-y-masajes\/"},"modified":"2024-03-05T13:48:30","modified_gmt":"2024-03-05T13:48:30","slug":"nuestros-tratamientos-y-masajes","status":"publish","type":"page","link":"https:\/\/vdtarn.fr\/es\/nuestros-tratamientos-y-masajes\/","title":{"rendered":"Nuestros tratamientos y masajes"},"content":{"rendered":"\n<div class=\"wp-block-stackable-feature alignfull stk-block-feature stk-block stk-a3f56bf is-style-default\" data-v=\"2\" data-block-id=\"a3f56bf\"><style>.stk-a3f56bf{max-width:1400px !important;padding-top:0px !important;padding-right:0px !important;padding-bottom:0px !important;padding-left:0px !important;margin-right:auto !important;margin-bottom:0px !important;margin-left:auto !important}<\/style><div class=\"stk-content-align stk-a3f56bf-column alignwide stk-container stk-a3f56bf-container stk--no-background stk--no-padding\"><div class=\"stk-inner-blocks has-text-align-left stk-block-content stk-row\">\n<div class=\"wp-block-stackable-column stk-block-column stk-column stk-block stk-cd71795\" data-v=\"4\" data-block-id=\"cd71795\"><style>.stk-cd71795{align-self:center !important}<\/style><div class=\"stk-column-wrapper stk-block-column__content stk-container stk-cd71795-container stk--no-background stk--no-padding\"><div class=\"stk-block-content stk-inner-blocks stk-cd71795-inner-blocks\">\n<div class=\"wp-block-stackable-image stk-block-image stk-block stk-bbbc1c2\" data-block-id=\"bbbc1c2\"><style>.stk-bbbc1c2 .stk-img-wrapper{height:610px !important;filter:drop-shadow(0px 0px 26px rgba(83,84,70,0.5)) !important;--stk-gradient-overlay:0.3 !important}.stk-bbbc1c2 .stk-img-wrapper img{object-position:30% 62% !important}.stk-bbbc1c2 .stk-img-wrapper img,.stk-bbbc1c2 .stk-img-wrapper::after,.stk-bbbc1c2 .stk-img-wrapper::before{mask-image:url('data:image\/svg+xml;base64,PHN2ZyB4bWxucz0iaHR0cDovL3d3dy53My5vcmcvMjAwMC9zdmciIHZpZXdCb3g9IjAgMCA2MDAgNjAwIiBwcmVzZXJ2ZUFzcGVjdFJhdGlvPSJub25lIiB0cmFuc2Zvcm09InNjYWxlKC0xLDEpIj48cGF0aCBkPSJNNTU1IDY5LjZjNTcuNiA3MC40IDU2LjIgMjA4LjMgMTYuOSAyOTkuOC0zOS4zIDkxLjYtMTE2LjIgMTM2LjgtMTczLjggMTY3LjItNTcuNCAzMC42LTk1LjYgNDYuMy0xNDIuMiA1Ni4yLTQ2LjUgOS45LTEwMS4zIDE0LTEzNS42LTE2LjYtMzQuMi0zMC42LTQ3LjgtOTUuMy03NC41LTE5MkMxOC45IDI4Ny42LTIxIDE1OS4xIDEzLjIgODkgNDcuNCAxOC42IDE1NS45IDYuMyAyNjguMyAxLjZjMTEyLjUtNSAyMjktMi40IDI4Ni43IDY4eiI+PC9wYXRoPjwvc3ZnPg==') !important;-webkit-mask-image:url('data:image\/svg+xml;base64,PHN2ZyB4bWxucz0iaHR0cDovL3d3dy53My5vcmcvMjAwMC9zdmciIHZpZXdCb3g9IjAgMCA2MDAgNjAwIiBwcmVzZXJ2ZUFzcGVjdFJhdGlvPSJub25lIiB0cmFuc2Zvcm09InNjYWxlKC0xLDEpIj48cGF0aCBkPSJNNTU1IDY5LjZjNTcuNiA3MC40IDU2LjIgMjA4LjMgMTYuOSAyOTkuOC0zOS4zIDkxLjYtMTE2LjIgMTM2LjgtMTczLjggMTY3LjItNTcuNCAzMC42LTk1LjYgNDYuMy0xNDIuMiA1Ni4yLTQ2LjUgOS45LTEwMS4zIDE0LTEzNS42LTE2LjYtMzQuMi0zMC42LTQ3LjgtOTUuMy03NC41LTE5MkMxOC45IDI4Ny42LTIxIDE1OS4xIDEzLjIgODkgNDcuNCAxOC42IDE1NS45IDYuMyAyNjguMyAxLjZjMTEyLjUtNSAyMjktMi40IDI4Ni43IDY4eiI+PC9wYXRoPjwvc3ZnPg==') !important}<\/style><figure><span class=\"stk-img-wrapper stk-img--shape stk-image--shape-stretch\"><img loading=\"lazy\" decoding=\"async\" class=\"stk-img wp-image-1754\" src=\"https:\/\/vdtarn.fr\/wp-content\/uploads\/2024\/02\/LES-PRESTATIONS-DU-ROYOM-DE-SYLVIA-A-SAINT-SULPICE-2-2.jpeg\" width=\"300\" height=\"300\" alt=\"acampada masaje en el tarn\" srcset=\"https:\/\/vdtarn.fr\/wp-content\/uploads\/2024\/02\/LES-PRESTATIONS-DU-ROYOM-DE-SYLVIA-A-SAINT-SULPICE-2-2.jpeg 300w, https:\/\/vdtarn.fr\/wp-content\/uploads\/2024\/02\/LES-PRESTATIONS-DU-ROYOM-DE-SYLVIA-A-SAINT-SULPICE-2-2-150x150.jpeg 150w\" sizes=\"auto, (max-width: 300px) 100vw, 300px\" \/><\/span><\/figure><\/div>\n<\/div><\/div><\/div>\n\n\n\n<div class=\"wp-block-stackable-column stk-block-column stk-column stk-block stk-f469629\" data-v=\"4\" data-block-id=\"f469629\"><style>.stk-f469629{align-self:center !important}<\/style><div class=\"stk-column-wrapper stk-block-column__content stk-container stk-f469629-container stk--no-background stk--no-padding\"><div class=\"stk-block-content stk-inner-blocks stk-f469629-inner-blocks\">\n<p class=\"has-small-font-size\" data-block-type=\"core\">En el Domaine de la Vall\u00e9e du Tarn, nuestro centro <em>\u00abTerre d&#8217;Ela\u00efa<\/em> \u00bb ofrece una gama de <strong>masajes de bienestar y<\/strong> tratamientos <strong>energ\u00e9ticos<\/strong> para prolongar su relajaci\u00f3n y mimar su <strong>cuerpo y su mente<\/strong>.<\/p>\n\n\n\n<p class=\"has-small-font-size\" data-block-type=\"core\">Nuestro centro <em>\u00abTerre d&#8217;Ela\u00efa<\/em> \u00bb se encuentra a la entrada de la finca, junto a la casa del viticultor y la recepci\u00f3n.<\/p>\n\n\n\n<p class=\"has-small-font-size\" data-block-type=\"core\">Nuestras 3 consultas independientes est\u00e1n listas para recibirle y ofrecerle una experiencia sensorial inolvidable.<\/p>\n<\/div><\/div><\/div>\n<\/div><\/div><\/div>\n\n<div class=\"wp-block-group alignfull has-secondary-background-color has-background has-global-padding is-layout-constrained wp-block-group-is-layout-constrained\" data-block-type=\"core\">\n<div class=\"wp-block-stackable-feature alignwide stk-block-feature stk-block stk-0e40e19 stk-block-background alignfull is-style-default\" data-v=\"2\" data-block-id=\"0e40e19\"><style>.stk-0e40e19{background-color:#535446 !important;border-top-left-radius:0px !important;border-top-right-radius:0px !important;border-bottom-right-radius:0px !important;border-bottom-left-radius:0px !important;overflow:hidden !important;box-shadow:none !important;max-width:1250px !important;padding-top:30px !important;padding-bottom:30px !important;margin-right:auto !important;margin-left:auto !important}.stk-0e40e19:before{background-color:#535446 !important}@media screen and (max-width:767px){.stk-0e40e19{--stk-col-order-1:2 !important;--stk-col-order-2:1 !important}}<\/style><div class=\"stk-content-align stk-0e40e19-column alignwide stk-container stk-0e40e19-container stk--no-background stk--no-padding\"><div class=\"stk-inner-blocks has-text-align-left stk-block-content stk-row\">\n<div class=\"wp-block-stackable-column stk-block-column stk-column stk-block stk-ad3b1e6\" data-v=\"4\" data-block-id=\"ad3b1e6\"><style>.stk-ad3b1e6{align-self:center !important}<\/style><div class=\"stk-column-wrapper stk-block-column__content stk-container stk-ad3b1e6-container stk--no-background stk--no-padding\"><div class=\"stk-block-content stk-inner-blocks stk-ad3b1e6-inner-blocks\">\n<div class=\"wp-block-group has-global-padding is-content-justification-left is-layout-constrained wp-container-core-group-is-layout-1ad27c61 wp-block-group-is-layout-constrained\" style=\"padding-right:0;padding-left:0\" data-block-type=\"core\">\n<p class=\"has-base-color has-text-color has-link-color has-small-font-size wp-elements-41e3d8a75f620a1dcfe43d41a15d6bd0\" data-block-type=\"core\">Nos gustar\u00eda presentarle a nuestros anfitriones, que estar\u00e1n encantados de satisfacer sus expectativas y proporcionarle todo lo que necesite.<\/p>\n\n\n\n<p class=\"has-base-color has-text-color has-link-color has-small-font-size wp-elements-fcd7510fd7c2d7c5fcfcbe0ff7fdbb34\" data-block-type=\"core\"><strong>Pascale<\/strong>, somato-psicopedagoga y terapeuta energ\u00e9tica, trabaja como terapeuta desde 2012. Aprovechando su gran experiencia, te ofrece cuidar de tu cuerpo f\u00edsico y energ\u00e9tico.<br\/>Tel\u00e9fono: 06 76 48 19 51<br\/><br\/><em>Detalles del cuidado :<\/em><\/p>\n\n\n\n<div class=\"wp-block-stackable-icon-list stk-block-icon-list has-text-color stk-block stk-fde2a35\" data-block-id=\"fde2a35\"><style>.stk-fde2a35 ul li,.stk-fde2a35 ol li{font-size:15px !important;color:#ffffff !important}@media screen and (max-width:1023px){.stk-fde2a35 ul li,.stk-fde2a35 ol li{font-size:15px !important}}<\/style><svg style=\"display:none\"><defs><g id=\"stk-icon-list__icon-svg-def-fde2a35\"><svg xmlns=\"http:\/\/www.w3.org\/2000\/svg\" viewBox=\"0 0 190 190\"><polygon points=\"173.8,28.4 60.4,141.8 15.7,97.2 5.1,107.8 60.4,163 184.4,39 173.8,28.4\"\/><\/svg><\/g><\/defs><\/svg><ul class=\"stk-block-icon-list__ul stk-block-icon-list--column\">\n<li class=\"wp-block-stackable-icon-list-item stk-block-icon-list-item stk-block stk-63e1c80\" data-block-id=\"63e1c80\"><div class=\"stk-block-icon-list-item__content\"><span class=\"stk--svg-wrapper\"><div class=\"stk--inner-svg\"><svg aria-hidden=\"true\" width=\"32\" height=\"32\"><use xlink:href=\"#stk-icon-list__icon-svg-def-fde2a35\"\/><\/svg><\/div><\/span><span class=\"stk-block-icon-list-item__text\">Fascioterapia,<\/span><\/div><\/li>\n\n\n\n<li class=\"wp-block-stackable-icon-list-item stk-block-icon-list-item stk-block stk-fb6a21f\" data-block-id=\"fb6a21f\"><div class=\"stk-block-icon-list-item__content\"><span class=\"stk--svg-wrapper\"><div class=\"stk--inner-svg\"><svg aria-hidden=\"true\" width=\"32\" height=\"32\"><use xlink:href=\"#stk-icon-list__icon-svg-def-fde2a35\"\/><\/svg><\/div><\/span><span class=\"stk-block-icon-list-item__text\">Litoterapeuta,<\/span><\/div><\/li>\n\n\n\n<li class=\"wp-block-stackable-icon-list-item stk-block-icon-list-item stk-block stk-dbe424c\" data-block-id=\"dbe424c\"><div class=\"stk-block-icon-list-item__content\"><span class=\"stk--svg-wrapper\"><div class=\"stk--inner-svg\"><svg aria-hidden=\"true\" width=\"32\" height=\"32\"><use xlink:href=\"#stk-icon-list__icon-svg-def-fde2a35\"\/><\/svg><\/div><\/span><span class=\"stk-block-icon-list-item__text\">Tratamientos energ\u00e9ticos (c\u00f3digo Lemuria, tratamientos cu\u00e1nticos)<\/span><\/div><\/li>\n\n\n\n<li class=\"wp-block-stackable-icon-list-item stk-block-icon-list-item stk-block stk-ec92cad\" data-block-id=\"ec92cad\"><div class=\"stk-block-icon-list-item__content\"><span class=\"stk--svg-wrapper\"><div class=\"stk--inner-svg\"><svg aria-hidden=\"true\" width=\"32\" height=\"32\"><use xlink:href=\"#stk-icon-list__icon-svg-def-fde2a35\"\/><\/svg><\/div><\/span><span class=\"stk-block-icon-list-item__text\">Atenci\u00f3n a las alergias (Lumen Care)<\/span><\/div><\/li>\n<\/ul><\/div>\n\n\n\n<p class=\"has-base-color has-text-color has-link-color has-small-font-size wp-elements-3310b5afb47d3aba68f3366f02e90436\" data-block-type=\"core\"><strong>Sylvia<\/strong>, Wellness Massage Practitioner y reflex\u00f3loga podal desde 2018, te ofrece el masaje m\u00e1s adecuado a tu estado actual.<br\/>Tel\u00e9fono: 07 84 91 71 27<br\/><br\/><em>Detalles de los masajes :<\/em><\/p>\n\n\n\n<div class=\"wp-block-stackable-icon-list stk-block-icon-list has-text-color stk-block stk-db21fee\" data-block-id=\"db21fee\"><style>.stk-db21fee ul li,.stk-db21fee ol li{font-size:15px !important;color:#ffffff !important}@media screen and (max-width:1023px){.stk-db21fee ul li,.stk-db21fee ol li{font-size:15px !important}}<\/style><svg style=\"display:none\"><defs><g id=\"stk-icon-list__icon-svg-def-db21fee\"><svg xmlns=\"http:\/\/www.w3.org\/2000\/svg\" viewBox=\"0 0 190 190\"><polygon points=\"173.8,28.4 60.4,141.8 15.7,97.2 5.1,107.8 60.4,163 184.4,39 173.8,28.4\"\/><\/svg><\/g><\/defs><\/svg><ul class=\"stk-block-icon-list__ul stk-block-icon-list--column\">\n<li class=\"wp-block-stackable-icon-list-item stk-block-icon-list-item stk-block stk-353f46a\" data-block-id=\"353f46a\"><div class=\"stk-block-icon-list-item__content\"><span class=\"stk--svg-wrapper\"><div class=\"stk--inner-svg\"><svg aria-hidden=\"true\" width=\"32\" height=\"32\"><use xlink:href=\"#stk-icon-list__icon-svg-def-db21fee\"\/><\/svg><\/div><\/span><span class=\"stk-block-icon-list-item__text\">Masaje relajante con aceites esenciales,<\/span><\/div><\/li>\n\n\n\n<li class=\"wp-block-stackable-icon-list-item stk-block-icon-list-item stk-block stk-d0d2270\" data-block-id=\"d0d2270\"><div class=\"stk-block-icon-list-item__content\"><span class=\"stk--svg-wrapper\"><div class=\"stk--inner-svg\"><svg aria-hidden=\"true\" width=\"32\" height=\"32\"><use xlink:href=\"#stk-icon-list__icon-svg-def-db21fee\"\/><\/svg><\/div><\/span><span class=\"stk-block-icon-list-item__text\">Masaje<\/span><\/div><\/li>\n<\/ul><\/div>\n\n\n\n<p class=\"has-base-color has-text-color has-link-color has-small-font-size wp-elements-7f8603ed629ff96268bd404a2f74b590\" data-block-type=\"core\"><strong>C\u00e9line<\/strong>, reflex\u00f3loga podal, le atender\u00e1 con toda su delicadeza y profesionalidad.<br\/>Tel\u00e9fono: 06 92 95 24 92<\/p>\n\n\n\n<p class=\"has-base-color has-text-color has-link-color has-small-font-size wp-elements-bbb11654c5caa565f652988e81b0cf56\" data-block-type=\"core\"><strong>Patrick<\/strong>, litoterapeuta que imparte clases desde 2011, te acerca todos sus conocimientos sobre las piedras, sus beneficios, sus significados&#8230;.<br\/>Tel\u00e9fono: 06 95 86 58 89<\/p>\n<\/div>\n<\/div><\/div><\/div>\n\n\n\n<div class=\"wp-block-stackable-column stk-block-column stk-column stk-block stk-d89a6ee\" data-v=\"4\" data-block-id=\"d89a6ee\"><style>.stk-d89a6ee{align-self:center !important}<\/style><div class=\"stk-column-wrapper stk-block-column__content stk-container stk-d89a6ee-container stk--no-background stk--no-padding\"><div class=\"stk-block-content stk-inner-blocks stk-d89a6ee-inner-blocks\">\n<div class=\"wp-block-stackable-image stk-block-image stk-block stk-9eb626f\" data-block-id=\"9eb626f\"><style>.stk-9eb626f .stk-img-wrapper{width:100% !important;height:818px !important;filter:drop-shadow(0px 0px 26px rgba(83,84,70,0.5)) !important;--stk-gradient-overlay:0.3 !important}.stk-9eb626f .stk-img-wrapper img{object-position:30% 62% !important}.stk-9eb626f .stk-img-wrapper img,.stk-9eb626f .stk-img-wrapper::after,.stk-9eb626f .stk-img-wrapper::before{mask-image:url('data:image\/svg+xml;base64,PHN2ZyB4bWxucz0iaHR0cDovL3d3dy53My5vcmcvMjAwMC9zdmciIHZpZXdCb3g9IjAgMCA2MDAgNjAwIiBwcmVzZXJ2ZUFzcGVjdFJhdGlvPSJub25lIj48cGF0aCBkPSJNNTU1IDY5LjZjNTcuNiA3MC40IDU2LjIgMjA4LjMgMTYuOSAyOTkuOC0zOS4zIDkxLjYtMTE2LjIgMTM2LjgtMTczLjggMTY3LjItNTcuNCAzMC42LTk1LjYgNDYuMy0xNDIuMiA1Ni4yLTQ2LjUgOS45LTEwMS4zIDE0LTEzNS42LTE2LjYtMzQuMi0zMC42LTQ3LjgtOTUuMy03NC41LTE5MkMxOC45IDI4Ny42LTIxIDE1OS4xIDEzLjIgODkgNDcuNCAxOC42IDE1NS45IDYuMyAyNjguMyAxLjZjMTEyLjUtNSAyMjktMi40IDI4Ni43IDY4eiI+PC9wYXRoPjwvc3ZnPg==') !important;-webkit-mask-image:url('data:image\/svg+xml;base64,PHN2ZyB4bWxucz0iaHR0cDovL3d3dy53My5vcmcvMjAwMC9zdmciIHZpZXdCb3g9IjAgMCA2MDAgNjAwIiBwcmVzZXJ2ZUFzcGVjdFJhdGlvPSJub25lIj48cGF0aCBkPSJNNTU1IDY5LjZjNTcuNiA3MC40IDU2LjIgMjA4LjMgMTYuOSAyOTkuOC0zOS4zIDkxLjYtMTE2LjIgMTM2LjgtMTczLjggMTY3LjItNTcuNCAzMC42LTk1LjYgNDYuMy0xNDIuMiA1Ni4yLTQ2LjUgOS45LTEwMS4zIDE0LTEzNS42LTE2LjYtMzQuMi0zMC42LTQ3LjgtOTUuMy03NC41LTE5MkMxOC45IDI4Ny42LTIxIDE1OS4xIDEzLjIgODkgNDcuNCAxOC42IDE1NS45IDYuMyAyNjguMyAxLjZjMTEyLjUtNSAyMjktMi40IDI4Ni43IDY4eiI+PC9wYXRoPjwvc3ZnPg==') !important}<\/style><figure><span class=\"stk-img-wrapper stk-img--shape stk-image--shape-stretch\"><img loading=\"lazy\" decoding=\"async\" class=\"stk-img wp-image-1756\" src=\"https:\/\/vdtarn.fr\/wp-content\/uploads\/2024\/02\/cab.jpeg\" width=\"283\" height=\"378\" alt=\"masajes en el camping\" srcset=\"https:\/\/vdtarn.fr\/wp-content\/uploads\/2024\/02\/cab.jpeg 283w, https:\/\/vdtarn.fr\/wp-content\/uploads\/2024\/02\/cab-225x300.jpeg 225w\" sizes=\"auto, (max-width: 283px) 100vw, 283px\" \/><\/span><\/figure><\/div>\n<\/div><\/div><\/div>\n<\/div><\/div><\/div>\n<\/div>\n\n<div class=\"wp-block-stackable-image aligncenter stk-block-image has-text-align-center stk-block stk-3212770\" data-block-id=\"3212770\"><style>.stk-3212770{align-items:center !important;max-width:150px !important;margin-top:30px !important;margin-right:auto !important;margin-bottom:30px !important;margin-left:auto !important;display:flex !important}<\/style><figure><span class=\"stk-img-wrapper stk-image--shape-stretch\"><img loading=\"lazy\" decoding=\"async\" class=\"stk-img wp-image-311\" src=\"https:\/\/vdtarn.fr\/wp-content\/uploads\/2024\/01\/lavender.png\" width=\"200\" height=\"83\"\/><\/span><\/figure><\/div>\n","protected":false},"excerpt":{"rendered":"<p>En el Domaine de la Vall\u00e9e du Tarn, nuestro centro \u00abTerre d&#8217;Ela\u00efa \u00bb ofrece una gama de masajes de bienestar y tratamientos energ\u00e9ticos para prolongar su relajaci\u00f3n y mimar su cuerpo y su mente. Nuestro centro \u00abTerre d&#8217;Ela\u00efa \u00bb se encuentra a la entrada de la finca, junto a la casa del viticultor y la [&hellip;]<\/p>\n","protected":false},"author":1,"featured_media":1989,"parent":0,"menu_order":0,"comment_status":"closed","ping_status":"closed","template":"","meta":{"_acf_changed":false,"_seopress_robots_primary_cat":"","_seopress_titles_title":"Servicios de cuidados y masajes | Domaine Vall\u00e9e du Tarn**** (Francia)","_seopress_titles_desc":"El Domaine de la Vall\u00e9e du Tarn ofrece tratamientos para el cuerpo y la mente. Conozca a nuestros terapeutas y disfrute de una amplia gama de tratamientos de bienestar.","_seopress_robots_index":"","_vp_format_video_url":"","_vp_image_focal_point":[],"footnotes":""},"class_list":["post-2004","page","type-page","status-publish","has-post-thumbnail","hentry"],"acf":[],"_links":{"self":[{"href":"https:\/\/vdtarn.fr\/es\/wp-json\/wp\/v2\/pages\/2004","targetHints":{"allow":["GET"]}}],"collection":[{"href":"https:\/\/vdtarn.fr\/es\/wp-json\/wp\/v2\/pages"}],"about":[{"href":"https:\/\/vdtarn.fr\/es\/wp-json\/wp\/v2\/types\/page"}],"author":[{"embeddable":true,"href":"https:\/\/vdtarn.fr\/es\/wp-json\/wp\/v2\/users\/1"}],"replies":[{"embeddable":true,"href":"https:\/\/vdtarn.fr\/es\/wp-json\/wp\/v2\/comments?post=2004"}],"version-history":[{"count":2,"href":"https:\/\/vdtarn.fr\/es\/wp-json\/wp\/v2\/pages\/2004\/revisions"}],"predecessor-version":[{"id":2015,"href":"https:\/\/vdtarn.fr\/es\/wp-json\/wp\/v2\/pages\/2004\/revisions\/2015"}],"wp:featuredmedia":[{"embeddable":true,"href":"https:\/\/vdtarn.fr\/es\/wp-json\/wp\/v2\/media\/1989"}],"wp:attachment":[{"href":"https:\/\/vdtarn.fr\/es\/wp-json\/wp\/v2\/media?parent=2004"}],"curies":[{"name":"wp","href":"https:\/\/api.w.org\/{rel}","templated":true}]}}