{"id":1985,"date":"2024-01-12T15:46:55","date_gmt":"2024-01-12T15:46:55","guid":{"rendered":"https:\/\/dev.vdtarn.fr\/nature\/"},"modified":"2024-03-05T13:48:32","modified_gmt":"2024-03-05T13:48:32","slug":"nature","status":"publish","type":"page","link":"https:\/\/vdtarn.fr\/en\/nature\/","title":{"rendered":"Nature"},"content":{"rendered":"\n<div class=\"wp-block-group alignfull has-secondary-background-color has-background has-global-padding is-content-justification-center is-layout-constrained wp-block-group-is-layout-constrained\" data-block-type=\"core\">\n<div class=\"wp-block-stackable-feature alignwide stk-block-feature stk-block stk-4285a84 stk-block-background alignfull is-style-default\" data-v=\"2\" data-block-id=\"4285a84\"><style>.stk-4285a84{background-color:#535446 !important;border-top-left-radius:0px !important;border-top-right-radius:0px !important;border-bottom-right-radius:0px !important;border-bottom-left-radius:0px !important;overflow:hidden !important;box-shadow:none !important;max-width:1250px !important;padding-top:30px !important;padding-bottom:30px !important;margin-right:auto !important;margin-left:auto !important}.stk-4285a84:before{background-color:#535446 !important}<\/style><div class=\"stk-content-align stk-4285a84-column alignwide stk-container stk-4285a84-container stk--no-background stk--no-padding\"><div class=\"stk-inner-blocks has-text-align-left stk-block-content stk-row\">\n<div class=\"wp-block-stackable-column stk-block-column stk-column stk-block stk-70b2d7d\" data-v=\"4\" data-block-id=\"70b2d7d\"><style>.stk-70b2d7d{align-self:center !important}<\/style><div class=\"stk-column-wrapper stk-block-column__content stk-container stk-70b2d7d-container stk--no-background stk--no-padding\"><div class=\"stk-block-content stk-inner-blocks stk-70b2d7d-inner-blocks\">\n<div class=\"wp-block-stackable-image stk-block-image stk-block stk-c731c45\" data-block-id=\"c731c45\"><style>.stk-c731c45 .stk-img-wrapper{width:100% !important;height:700px !important;filter:drop-shadow(0px 0px 26px rgba(83,84,70,0.5)) !important;--stk-gradient-overlay:0.3 !important}.stk-c731c45 .stk-img-wrapper img{object-position:30% 62% !important}.stk-c731c45 .stk-img-wrapper img,.stk-c731c45 .stk-img-wrapper::after,.stk-c731c45 .stk-img-wrapper::before{mask-image:url('data:image\/svg+xml;base64,PHN2ZyB4bWxucz0iaHR0cDovL3d3dy53My5vcmcvMjAwMC9zdmciIHZpZXdCb3g9IjAgMCA2MDAgNjAwIiBwcmVzZXJ2ZUFzcGVjdFJhdGlvPSJub25lIj48cGF0aCBkPSJNNTU1IDY5LjZjNTcuNiA3MC40IDU2LjIgMjA4LjMgMTYuOSAyOTkuOC0zOS4zIDkxLjYtMTE2LjIgMTM2LjgtMTczLjggMTY3LjItNTcuNCAzMC42LTk1LjYgNDYuMy0xNDIuMiA1Ni4yLTQ2LjUgOS45LTEwMS4zIDE0LTEzNS42LTE2LjYtMzQuMi0zMC42LTQ3LjgtOTUuMy03NC41LTE5MkMxOC45IDI4Ny42LTIxIDE1OS4xIDEzLjIgODkgNDcuNCAxOC42IDE1NS45IDYuMyAyNjguMyAxLjZjMTEyLjUtNSAyMjktMi40IDI4Ni43IDY4eiI+PC9wYXRoPjwvc3ZnPg==') !important;-webkit-mask-image:url('data:image\/svg+xml;base64,PHN2ZyB4bWxucz0iaHR0cDovL3d3dy53My5vcmcvMjAwMC9zdmciIHZpZXdCb3g9IjAgMCA2MDAgNjAwIiBwcmVzZXJ2ZUFzcGVjdFJhdGlvPSJub25lIj48cGF0aCBkPSJNNTU1IDY5LjZjNTcuNiA3MC40IDU2LjIgMjA4LjMgMTYuOSAyOTkuOC0zOS4zIDkxLjYtMTE2LjIgMTM2LjgtMTczLjggMTY3LjItNTcuNCAzMC42LTk1LjYgNDYuMy0xNDIuMiA1Ni4yLTQ2LjUgOS45LTEwMS4zIDE0LTEzNS42LTE2LjYtMzQuMi0zMC42LTQ3LjgtOTUuMy03NC41LTE5MkMxOC45IDI4Ny42LTIxIDE1OS4xIDEzLjIgODkgNDcuNCAxOC42IDE1NS45IDYuMyAyNjguMyAxLjZjMTEyLjUtNSAyMjktMi40IDI4Ni43IDY4eiI+PC9wYXRoPjwvc3ZnPg==') !important}<\/style><figure><span class=\"stk-img-wrapper stk-img--shape stk-image--shape-stretch\"><img loading=\"lazy\" decoding=\"async\" class=\"stk-img wp-image-784\" src=\"https:\/\/vdtarn.fr\/wp-content\/uploads\/2024\/01\/Journee_canoe_a_Ambialet-CASSIAU_Gregory-1279.jpg\" width=\"1200\" height=\"800\" alt=\"canoeing in ambialet\" srcset=\"https:\/\/vdtarn.fr\/wp-content\/uploads\/2024\/01\/Journee_canoe_a_Ambialet-CASSIAU_Gregory-1279.jpg 1200w, https:\/\/vdtarn.fr\/wp-content\/uploads\/2024\/01\/Journee_canoe_a_Ambialet-CASSIAU_Gregory-1279-300x200.jpg 300w, https:\/\/vdtarn.fr\/wp-content\/uploads\/2024\/01\/Journee_canoe_a_Ambialet-CASSIAU_Gregory-1279-1024x683.jpg 1024w, https:\/\/vdtarn.fr\/wp-content\/uploads\/2024\/01\/Journee_canoe_a_Ambialet-CASSIAU_Gregory-1279-768x512.jpg 768w, https:\/\/vdtarn.fr\/wp-content\/uploads\/2024\/01\/Journee_canoe_a_Ambialet-CASSIAU_Gregory-1279-500x333.jpg 500w, https:\/\/vdtarn.fr\/wp-content\/uploads\/2024\/01\/Journee_canoe_a_Ambialet-CASSIAU_Gregory-1279-800x533.jpg 800w\" sizes=\"auto, (max-width: 1200px) 100vw, 1200px\" \/><\/span><\/figure><\/div>\n<\/div><\/div><\/div>\n\n\n\n<div class=\"wp-block-stackable-column stk-block-column stk-column stk-block stk-30dfb59\" data-v=\"4\" data-block-id=\"30dfb59\"><style>.stk-30dfb59{align-self:center !important}<\/style><div class=\"stk-column-wrapper stk-block-column__content stk-container stk-30dfb59-container stk--no-background stk--no-padding\"><div class=\"stk-block-content stk-inner-blocks stk-30dfb59-inner-blocks\">\n<div class=\"wp-block-group has-global-padding is-content-justification-left is-layout-constrained wp-container-core-group-is-layout-1ad27c61 wp-block-group-is-layout-constrained\" style=\"padding-right:0;padding-left:0\" data-block-type=\"core\">\n<p class=\"has-base-color has-text-color has-link-color has-small-font-size wp-elements-4400b6a6c8e20e0bedebaa250a673685\" data-block-type=\"core\">The Domaine de la Vall\u00e9e du Tarn is located in <strong>the heart of nature<\/strong>, perched at an altitude of 400 meters and bordered by a forest in which you can venture.<\/p>\n\n\n\n<p class=\"has-base-color has-text-color has-link-color has-small-font-size wp-elements-438cd3a371329795529dd0f7172a276f\" data-block-type=\"core\">A <strong>hiking trail<\/strong> starting at the foot of the estate leads down to the river TARN, which runs alongside the beautiful village of Ambialet.<\/p>\n\n\n\n<p class=\"has-base-color has-text-color has-link-color has-small-font-size wp-elements-3d5d5317331819edc295d4a64697a74e\" data-block-type=\"core\">Here you&#8217;ll find an abundance of plant life, including oak, chestnut, hazelnut, heather and holly&#8230;<br\/><br\/>There&#8217;s everything you need to <strong>reconnect with nature<\/strong>, listening to birdsong, bees buzzing, butterflies dancing and owls hooting in the woods in the evening.<\/p>\n\n\n\n<p class=\"has-base-color has-text-color has-link-color has-small-font-size wp-elements-bcc035239704f4781e457ca3b392b952\" data-block-type=\"core\">You&#8217;ll discover our domestic animals such as the cats, the two goats, the goat and the curious donkey, but also&#8230; the wild animals that are harder to approach, such as bats, foxes, birds of prey and many others.<\/p>\n\n\n\n<p class=\"has-base-color has-text-color has-link-color has-small-font-size wp-elements-faf0dd004e713994f9ac0317b00a6bd4\" data-block-type=\"core\">Whatever the season, you&#8217;ll be able to enjoy nature at its best: from spring flowers and winter snow to the marvellous colors of autumn leaves, the <a href=\"\/\">estate<\/a> has <strong>its most beautiful landscapes<\/strong> in store for you.<\/p>\n<\/div>\n<\/div><\/div><\/div>\n<\/div><\/div><\/div>\n<\/div>\n\n<div class=\"wp-block-columns alignwide is-layout-flex wp-container-core-columns-is-layout-c617dbaa wp-block-columns-is-layout-flex\" style=\"padding-top:var(--wp--preset--spacing--40);padding-bottom:var(--wp--preset--spacing--40)\" data-block-type=\"core\">\n<div class=\"wp-block-column is-vertically-aligned-center is-layout-flow wp-block-column-is-layout-flow\" style=\"flex-basis:33.38%\" data-block-type=\"core\">\n<div class=\"wp-block-group is-vertical is-layout-flex wp-container-core-group-is-layout-1025f461 wp-block-group-is-layout-flex\" style=\"padding-bottom:0\" data-block-type=\"core\">\n<div class=\"wp-block-stackable-heading stk-block-heading stk-block-heading--v2 stk-block stk-de82204\" id=\"centre-equestre-au-galop\" data-block-id=\"de82204\"><h2 class=\"stk-block-heading__text\">Center \u00e9questre au Galop<\/h2><\/div>\n<\/div>\n\n\n\n<p class=\"has-small-font-size\" data-block-type=\"core\">the Centre Equestre Au Galop welcomes you to<strong> practice your passion for horses <\/strong>.  <\/p>\n\n\n\n<p data-block-type=\"core\"><a href=\"https:\/\/www.tourisme-tarn.com\/equipement\/centre-equestre-au-galop\/\" target=\"_blank\" rel=\"noreferrer noopener\">Read more<\/a><\/p>\n<\/div>\n\n\n\n<div class=\"wp-block-column is-layout-flow wp-block-column-is-layout-flow\" style=\"flex-basis:33%\" data-block-type=\"core\">\n<div style=\"height:2vw\" aria-hidden=\"true\" class=\"wp-block-spacer\" data-block-type=\"core\"><\/div>\n\n\n\n<div class=\"wp-block-stackable-image stk-block-image has-text-align-left stk-block stk-b55591f\" data-block-id=\"b55591f\"><style>.stk-b55591f{border-top-left-radius:0px !important;border-top-right-radius:0px !important;border-bottom-right-radius:0px !important;border-bottom-left-radius:0px !important;overflow:hidden !important;box-shadow:15px 25px 58px 0px rgba(0,0,0,0.5) !important}.stk-b55591f .stk-img-wrapper{width:100% !important;height:500px !important}.stk-b55591f .stk-img-wrapper img{border-radius:0px !important}<\/style><figure><span class=\"stk-img-wrapper stk-image--shape-stretch\"><img loading=\"lazy\" decoding=\"async\" class=\"stk-img wp-image-779\" src=\"https:\/\/vdtarn.fr\/wp-content\/uploads\/2024\/01\/bakero-3-1024x682-1.jpg\" width=\"1024\" height=\"682\" alt=\"horseback riding near the campsite\" srcset=\"https:\/\/vdtarn.fr\/wp-content\/uploads\/2024\/01\/bakero-3-1024x682-1.jpg 1024w, https:\/\/vdtarn.fr\/wp-content\/uploads\/2024\/01\/bakero-3-1024x682-1-300x200.jpg 300w, https:\/\/vdtarn.fr\/wp-content\/uploads\/2024\/01\/bakero-3-1024x682-1-768x512.jpg 768w, https:\/\/vdtarn.fr\/wp-content\/uploads\/2024\/01\/bakero-3-1024x682-1-500x333.jpg 500w, https:\/\/vdtarn.fr\/wp-content\/uploads\/2024\/01\/bakero-3-1024x682-1-800x533.jpg 800w\" sizes=\"auto, (max-width: 1024px) 100vw, 1024px\" \/><\/span><\/figure><\/div>\n<\/div>\n\n\n\n<div class=\"wp-block-column is-layout-flow wp-block-column-is-layout-flow\" style=\"flex-basis:33.62%\" data-block-type=\"core\">\n<div class=\"wp-block-stackable-image stk-block-image stk-block stk-b7a6d0b\" data-block-id=\"b7a6d0b\"><style>.stk-b7a6d0b{box-shadow:15px 25px 58px 0px rgba(0,0,0,0.5) !important}.stk-b7a6d0b .stk-img-wrapper{width:100% !important;height:480px !important}<\/style><figure><span class=\"stk-img-wrapper stk-image--shape-stretch\"><img loading=\"lazy\" decoding=\"async\" class=\"stk-img wp-image-781\" src=\"https:\/\/vdtarn.fr\/wp-content\/uploads\/2024\/01\/bakero-7-1024x720-1.jpg\" width=\"1024\" height=\"720\" alt=\"equestrian center near the campsite\" srcset=\"https:\/\/vdtarn.fr\/wp-content\/uploads\/2024\/01\/bakero-7-1024x720-1.jpg 1024w, https:\/\/vdtarn.fr\/wp-content\/uploads\/2024\/01\/bakero-7-1024x720-1-300x211.jpg 300w, https:\/\/vdtarn.fr\/wp-content\/uploads\/2024\/01\/bakero-7-1024x720-1-768x540.jpg 768w, https:\/\/vdtarn.fr\/wp-content\/uploads\/2024\/01\/bakero-7-1024x720-1-500x352.jpg 500w, https:\/\/vdtarn.fr\/wp-content\/uploads\/2024\/01\/bakero-7-1024x720-1-800x563.jpg 800w\" sizes=\"auto, (max-width: 1024px) 100vw, 1024px\" \/><\/span><\/figure><\/div>\n<\/div>\n<\/div>\n\n<div class=\"wp-block-group alignfull has-secondary-background-color has-background has-global-padding is-content-justification-center is-layout-constrained wp-block-group-is-layout-constrained\" data-block-type=\"core\">\n<div class=\"wp-block-stackable-feature alignwide stk-block-feature stk-block stk-0e40e19 stk-block-background alignfull is-style-default\" data-v=\"2\" data-block-id=\"0e40e19\"><style>.stk-0e40e19{background-color:#535446 !important;border-top-left-radius:0px !important;border-top-right-radius:0px !important;border-bottom-right-radius:0px !important;border-bottom-left-radius:0px !important;overflow:hidden !important;box-shadow:none !important;max-width:1250px !important;padding-top:30px !important;padding-bottom:30px !important;margin-right:auto !important;margin-left:auto !important}.stk-0e40e19:before{background-color:#535446 !important}<\/style><div class=\"stk-content-align stk-0e40e19-column alignwide stk-container stk-0e40e19-container stk--no-background stk--no-padding\"><div class=\"stk-inner-blocks has-text-align-left stk-block-content stk-row\">\n<div class=\"wp-block-stackable-column stk-block-column stk-column stk-block stk-d89a6ee\" data-v=\"4\" data-block-id=\"d89a6ee\"><style>.stk-d89a6ee{align-self:center !important}<\/style><div class=\"stk-column-wrapper stk-block-column__content stk-container stk-d89a6ee-container stk--no-background stk--no-padding\"><div class=\"stk-block-content stk-inner-blocks stk-d89a6ee-inner-blocks\">\n<div class=\"wp-block-stackable-image stk-block-image stk-block stk-9eb626f\" data-block-id=\"9eb626f\"><style>.stk-9eb626f .stk-img-wrapper{width:100% !important;height:450px !important;filter:drop-shadow(0px 0px 26px rgba(83,84,70,0.5)) !important;--stk-gradient-overlay:0.3 !important}.stk-9eb626f .stk-img-wrapper img{object-position:30% 62% !important}.stk-9eb626f .stk-img-wrapper img,.stk-9eb626f .stk-img-wrapper::after,.stk-9eb626f .stk-img-wrapper::before{mask-image:url('data:image\/svg+xml;base64,PHN2ZyB4bWxucz0iaHR0cDovL3d3dy53My5vcmcvMjAwMC9zdmciIHZpZXdCb3g9IjAgMCA2MDAgNjAwIiBwcmVzZXJ2ZUFzcGVjdFJhdGlvPSJub25lIj48cGF0aCBkPSJNNTU1IDY5LjZjNTcuNiA3MC40IDU2LjIgMjA4LjMgMTYuOSAyOTkuOC0zOS4zIDkxLjYtMTE2LjIgMTM2LjgtMTczLjggMTY3LjItNTcuNCAzMC42LTk1LjYgNDYuMy0xNDIuMiA1Ni4yLTQ2LjUgOS45LTEwMS4zIDE0LTEzNS42LTE2LjYtMzQuMi0zMC42LTQ3LjgtOTUuMy03NC41LTE5MkMxOC45IDI4Ny42LTIxIDE1OS4xIDEzLjIgODkgNDcuNCAxOC42IDE1NS45IDYuMyAyNjguMyAxLjZjMTEyLjUtNSAyMjktMi40IDI4Ni43IDY4eiI+PC9wYXRoPjwvc3ZnPg==') !important;-webkit-mask-image:url('data:image\/svg+xml;base64,PHN2ZyB4bWxucz0iaHR0cDovL3d3dy53My5vcmcvMjAwMC9zdmciIHZpZXdCb3g9IjAgMCA2MDAgNjAwIiBwcmVzZXJ2ZUFzcGVjdFJhdGlvPSJub25lIj48cGF0aCBkPSJNNTU1IDY5LjZjNTcuNiA3MC40IDU2LjIgMjA4LjMgMTYuOSAyOTkuOC0zOS4zIDkxLjYtMTE2LjIgMTM2LjgtMTczLjggMTY3LjItNTcuNCAzMC42LTk1LjYgNDYuMy0xNDIuMiA1Ni4yLTQ2LjUgOS45LTEwMS4zIDE0LTEzNS42LTE2LjYtMzQuMi0zMC42LTQ3LjgtOTUuMy03NC41LTE5MkMxOC45IDI4Ny42LTIxIDE1OS4xIDEzLjIgODkgNDcuNCAxOC42IDE1NS45IDYuMyAyNjguMyAxLjZjMTEyLjUtNSAyMjktMi40IDI4Ni43IDY4eiI+PC9wYXRoPjwvc3ZnPg==') !important}<\/style><figure><span class=\"stk-img-wrapper stk-img--shape stk-image--shape-stretch\"><img loading=\"lazy\" decoding=\"async\" class=\"stk-img wp-image-784\" src=\"https:\/\/vdtarn.fr\/wp-content\/uploads\/2024\/01\/Journee_canoe_a_Ambialet-CASSIAU_Gregory-1279.jpg\" width=\"1200\" height=\"800\" alt=\"canoeing in ambialet\" srcset=\"https:\/\/vdtarn.fr\/wp-content\/uploads\/2024\/01\/Journee_canoe_a_Ambialet-CASSIAU_Gregory-1279.jpg 1200w, https:\/\/vdtarn.fr\/wp-content\/uploads\/2024\/01\/Journee_canoe_a_Ambialet-CASSIAU_Gregory-1279-300x200.jpg 300w, https:\/\/vdtarn.fr\/wp-content\/uploads\/2024\/01\/Journee_canoe_a_Ambialet-CASSIAU_Gregory-1279-1024x683.jpg 1024w, https:\/\/vdtarn.fr\/wp-content\/uploads\/2024\/01\/Journee_canoe_a_Ambialet-CASSIAU_Gregory-1279-768x512.jpg 768w, https:\/\/vdtarn.fr\/wp-content\/uploads\/2024\/01\/Journee_canoe_a_Ambialet-CASSIAU_Gregory-1279-500x333.jpg 500w, https:\/\/vdtarn.fr\/wp-content\/uploads\/2024\/01\/Journee_canoe_a_Ambialet-CASSIAU_Gregory-1279-800x533.jpg 800w\" sizes=\"auto, (max-width: 1200px) 100vw, 1200px\" \/><\/span><\/figure><\/div>\n<\/div><\/div><\/div>\n\n\n\n<div class=\"wp-block-stackable-column stk-block-column stk-column stk-block stk-ad3b1e6\" data-v=\"4\" data-block-id=\"ad3b1e6\"><style>.stk-ad3b1e6{align-self:center !important}<\/style><div class=\"stk-column-wrapper stk-block-column__content stk-container stk-ad3b1e6-container stk--no-background stk--no-padding\"><div class=\"stk-block-content stk-inner-blocks stk-ad3b1e6-inner-blocks\">\n<div class=\"wp-block-group has-global-padding is-content-justification-left is-layout-constrained wp-container-core-group-is-layout-1ad27c61 wp-block-group-is-layout-constrained\" style=\"padding-right:0;padding-left:0\" data-block-type=\"core\">\n<div class=\"wp-block-stackable-heading stk-block-heading stk-block-heading--v2 stk-block stk-d1bd27f\" id=\"base-de-canoe-kayak-a-ambialet-a-3-kms-du-camping\" data-block-id=\"d1bd27f\"><style>.stk-d1bd27f .stk-block-heading__text{color:#e5e6d8 !important}<\/style><h2 class=\"stk-block-heading__text has-text-color\">Canoe kayak base in Ambialet 3kms from the campsite<\/h2><\/div>\n\n\n\n<p class=\"has-primary-color has-text-color has-link-color has-small-font-size wp-elements-efdc33b56ce2d0feeaadd345a4c9ccae\" data-block-type=\"core\">For a moment of escape and tranquillity, come with your family, friends or group to sail along the river Tarn.<\/p>\n\n\n\n<p class=\"has-primary-color has-text-color has-link-color has-small-font-size wp-elements-10310707fa153b082f5ead69e65e047f\" data-block-type=\"core\">It&#8217;s a way of contemplating landscapes from a different angle, discovering and spotting animals at the turn of a bend &#8211; dragonflies, herons, mallards, moorhens &#8211; or simply paddling among the fish.<\/p>\n<\/div>\n<\/div><\/div><\/div>\n<\/div><\/div><\/div>\n<\/div>\n\n<div class=\"wp-block-columns alignwide is-layout-flex wp-container-core-columns-is-layout-c617dbaa wp-block-columns-is-layout-flex\" style=\"padding-top:var(--wp--preset--spacing--40);padding-bottom:var(--wp--preset--spacing--40)\" data-block-type=\"core\">\n<div class=\"wp-block-column is-vertically-aligned-center is-layout-flow wp-block-column-is-layout-flow\" style=\"flex-basis:33.38%\" data-block-type=\"core\">\n<div class=\"wp-block-stackable-heading stk-block-heading stk-block-heading--v2 stk-block stk-2fa5e45\" id=\"randonnee-gr-mise-a-disposition-de-sentiers\" data-block-id=\"2fa5e45\"><h2 class=\"stk-block-heading__text\">GR hiking (provision of trails)<\/h2><\/div>\n\n\n\n<p class=\"has-small-font-size\" data-block-type=\"core\">Path from the estate down to Ambialet. And many more trails to discover.<\/p>\n\n\n\n<p data-block-type=\"core\"><a href=\"https:\/\/www.tourisme-tarn.com\/\" target=\"_blank\" rel=\"noreferrer noopener\">Read more<\/a><\/p>\n<\/div>\n\n\n\n<div class=\"wp-block-column is-layout-flow wp-block-column-is-layout-flow\" style=\"flex-basis:33%\" data-block-type=\"core\">\n<div style=\"height:2vw\" aria-hidden=\"true\" class=\"wp-block-spacer\" data-block-type=\"core\"><\/div>\n\n\n\n<div class=\"wp-block-stackable-image stk-block-image has-text-align-left stk-block stk-cc5471a\" data-block-id=\"cc5471a\"><style>.stk-cc5471a{border-top-left-radius:0px !important;border-top-right-radius:0px !important;border-bottom-right-radius:0px !important;border-bottom-left-radius:0px !important;overflow:hidden !important;box-shadow:15px 25px 58px 0px rgba(0,0,0,0.5) !important}.stk-cc5471a .stk-img-wrapper{width:100% !important;height:500px !important}.stk-cc5471a .stk-img-wrapper img{border-radius:0px !important}<\/style><figure><span class=\"stk-img-wrapper stk-image--shape-stretch\"><img loading=\"lazy\" decoding=\"async\" class=\"stk-img wp-image-786\" src=\"https:\/\/vdtarn.fr\/wp-content\/uploads\/2024\/01\/Randonnee_en_famille_dans_le_vignoble-BOUTHE_Christophe-768.jpg\" width=\"1200\" height=\"800\" alt=\"family outing near the campsite\" srcset=\"https:\/\/vdtarn.fr\/wp-content\/uploads\/2024\/01\/Randonnee_en_famille_dans_le_vignoble-BOUTHE_Christophe-768.jpg 1200w, https:\/\/vdtarn.fr\/wp-content\/uploads\/2024\/01\/Randonnee_en_famille_dans_le_vignoble-BOUTHE_Christophe-768-300x200.jpg 300w, https:\/\/vdtarn.fr\/wp-content\/uploads\/2024\/01\/Randonnee_en_famille_dans_le_vignoble-BOUTHE_Christophe-768-1024x683.jpg 1024w, https:\/\/vdtarn.fr\/wp-content\/uploads\/2024\/01\/Randonnee_en_famille_dans_le_vignoble-BOUTHE_Christophe-768-768x512.jpg 768w, https:\/\/vdtarn.fr\/wp-content\/uploads\/2024\/01\/Randonnee_en_famille_dans_le_vignoble-BOUTHE_Christophe-768-500x333.jpg 500w, https:\/\/vdtarn.fr\/wp-content\/uploads\/2024\/01\/Randonnee_en_famille_dans_le_vignoble-BOUTHE_Christophe-768-800x533.jpg 800w\" sizes=\"auto, (max-width: 1200px) 100vw, 1200px\" \/><\/span><\/figure><\/div>\n<\/div>\n\n\n\n<div class=\"wp-block-column is-layout-flow wp-block-column-is-layout-flow\" style=\"flex-basis:33.62%\" data-block-type=\"core\">\n<div class=\"wp-block-stackable-image stk-block-image stk-block stk-a333a09\" data-block-id=\"a333a09\"><style>.stk-a333a09{box-shadow:15px 25px 58px 0px rgba(0,0,0,0.5) !important}.stk-a333a09 .stk-img-wrapper{width:100% !important;height:480px !important}<\/style><figure><span class=\"stk-img-wrapper stk-image--shape-stretch\"><img loading=\"lazy\" decoding=\"async\" class=\"stk-img wp-image-788\" src=\"https:\/\/vdtarn.fr\/wp-content\/uploads\/2024\/01\/St_Amans_Soult_Velo_voie_verte-Olivier_Octobre-33451.jpg\" width=\"1200\" height=\"800\" alt=\"bike ride near the campsite\" srcset=\"https:\/\/vdtarn.fr\/wp-content\/uploads\/2024\/01\/St_Amans_Soult_Velo_voie_verte-Olivier_Octobre-33451.jpg 1200w, https:\/\/vdtarn.fr\/wp-content\/uploads\/2024\/01\/St_Amans_Soult_Velo_voie_verte-Olivier_Octobre-33451-300x200.jpg 300w, https:\/\/vdtarn.fr\/wp-content\/uploads\/2024\/01\/St_Amans_Soult_Velo_voie_verte-Olivier_Octobre-33451-1024x683.jpg 1024w, https:\/\/vdtarn.fr\/wp-content\/uploads\/2024\/01\/St_Amans_Soult_Velo_voie_verte-Olivier_Octobre-33451-768x512.jpg 768w, https:\/\/vdtarn.fr\/wp-content\/uploads\/2024\/01\/St_Amans_Soult_Velo_voie_verte-Olivier_Octobre-33451-500x333.jpg 500w, https:\/\/vdtarn.fr\/wp-content\/uploads\/2024\/01\/St_Amans_Soult_Velo_voie_verte-Olivier_Octobre-33451-800x533.jpg 800w\" sizes=\"auto, (max-width: 1200px) 100vw, 1200px\" \/><\/span><\/figure><\/div>\n<\/div>\n<\/div>\n\n<div class=\"wp-block-stackable-image aligncenter stk-block-image has-text-align-center stk-block stk-3212770\" data-block-id=\"3212770\"><style>.stk-3212770{align-items:center !important;max-width:150px !important;margin-top:30px !important;margin-right:auto !important;margin-bottom:30px !important;margin-left:auto !important;display:flex !important}<\/style><figure><span class=\"stk-img-wrapper stk-image--shape-stretch\"><img loading=\"lazy\" decoding=\"async\" class=\"stk-img wp-image-311\" src=\"https:\/\/vdtarn.fr\/wp-content\/uploads\/2024\/01\/lavender.png\" width=\"200\" height=\"83\"\/><\/span><\/figure><\/div>\n","protected":false},"excerpt":{"rendered":"<p>The Domaine de la Vall\u00e9e du Tarn is located in the heart of nature, perched at an altitude of 400 meters and bordered by a forest in which you can venture. A hiking trail starting at the foot of the estate leads down to the river TARN, which runs alongside the beautiful village of Ambialet. [&hellip;]<\/p>\n","protected":false},"author":1,"featured_media":794,"parent":0,"menu_order":0,"comment_status":"closed","ping_status":"closed","template":"","meta":{"_acf_changed":false,"_seopress_robots_primary_cat":"","_seopress_titles_title":"C\u00f4t\u00e9 nature - Visit Tarn's natural heritage","_seopress_titles_desc":"During your vacation at Domaine de la Vall\u00e9e du Tarn, take the opportunity to explore the surrounding area. Hiking and sightseeing on the program.  ","_seopress_robots_index":"","_vp_format_video_url":"","_vp_image_focal_point":[],"footnotes":""},"class_list":["post-1985","page","type-page","status-publish","has-post-thumbnail","hentry"],"acf":[],"_links":{"self":[{"href":"https:\/\/vdtarn.fr\/en\/wp-json\/wp\/v2\/pages\/1985","targetHints":{"allow":["GET"]}}],"collection":[{"href":"https:\/\/vdtarn.fr\/en\/wp-json\/wp\/v2\/pages"}],"about":[{"href":"https:\/\/vdtarn.fr\/en\/wp-json\/wp\/v2\/types\/page"}],"author":[{"embeddable":true,"href":"https:\/\/vdtarn.fr\/en\/wp-json\/wp\/v2\/users\/1"}],"replies":[{"embeddable":true,"href":"https:\/\/vdtarn.fr\/en\/wp-json\/wp\/v2\/comments?post=1985"}],"version-history":[{"count":3,"href":"https:\/\/vdtarn.fr\/en\/wp-json\/wp\/v2\/pages\/1985\/revisions"}],"predecessor-version":[{"id":2134,"href":"https:\/\/vdtarn.fr\/en\/wp-json\/wp\/v2\/pages\/1985\/revisions\/2134"}],"wp:featuredmedia":[{"embeddable":true,"href":"https:\/\/vdtarn.fr\/en\/wp-json\/wp\/v2\/media\/794"}],"wp:attachment":[{"href":"https:\/\/vdtarn.fr\/en\/wp-json\/wp\/v2\/media?parent=1985"}],"curies":[{"name":"wp","href":"https:\/\/api.w.org\/{rel}","templated":true}]}}